{"id":1450,"date":"2015-04-02T09:27:02","date_gmt":"2015-04-02T07:27:02","guid":{"rendered":"http:\/\/christusnews.de\/site\/?page_id=1450"},"modified":"2015-04-02T13:13:31","modified_gmt":"2015-04-02T11:13:31","slug":"bautagebuch","status":"publish","type":"page","link":"https:\/\/christusnews.de\/site\/kirche\/geschichte\/bautagebuch\/","title":{"rendered":"Bautagebuch"},"content":{"rendered":"<div class=\"wpb-content-wrapper\"><p>[vc_row][vc_column width=&#8221;1\/1&#8243;][vc_single_image image=&#8221;1454&#8243; alignment=&#8221;center&#8221; border_color=&#8221;grey&#8221; img_link_large=&#8221;&#8221; img_link_target=&#8221;_self&#8221; img_size=&#8221;800&#8243;][\/vc_column][\/vc_row][vc_row][vc_column width=&#8221;1\/1&#8243;][vc_progress_bar values=&#8221;100 | Bauarbeiten abgeschlossen am 11. Dezember 2011&#8243; bgcolor=&#8221;bar_green&#8221; options=&#8221;&#8221; units=&#8221;%&#8221;][\/vc_column][\/vc_row][vc_row][vc_column width=&#8221;1\/1&#8243;][vc_custom_heading text=&#8221;Unser Bautagebuch&#8221; font_container=&#8221;tag:h2|text_align:left&#8221; google_fonts=&#8221;font_family:Abril%20Fatface%3Aregular|font_style:400%20regular%3A400%3Anormal&#8221;][\/vc_column][\/vc_row][vc_row][vc_column width=&#8221;1\/1&#8243;][vc_accordion collapsible=&#8221;&#8221; disable_keyboard=&#8221;&#8221;][vc_accordion_tab title=&#8221;20. Dezember: Verschlossen&#8221;][vc_column_text]Gestern hat der Mitarbeiter der Firma Wandscher nun die Zeitkapseln verschlossen. F\u00fcr alle Ewigkeit oder zumindest bis zur n\u00e4chsten Sanierung.<br \/>\n;-)))<br \/>\nDie Zeitkapseln waren bei der Sanierung im Altarraum versenkt worden.<\/p>\n<p>&nbsp;<\/p>\n<p><a href=\"http:\/\/christusnews.de\/site\/wp-content\/uploads\/Innen201211.jpg\"><img loading=\"lazy\" decoding=\"async\" class=\" size-medium wp-image-1457 aligncenter\" src=\"http:\/\/christusnews.de\/site\/wp-content\/uploads\/Innen201211-300x243.jpg\" alt=\"Innen201211\" width=\"300\" height=\"243\" srcset=\"https:\/\/christusnews.de\/site\/wp-content\/uploads\/Innen201211-300x243.jpg 300w, https:\/\/christusnews.de\/site\/wp-content\/uploads\/Innen201211.jpg 340w\" sizes=\"auto, (max-width: 300px) 100vw, 300px\" \/><\/a>[\/vc_column_text][\/vc_accordion_tab][vc_accordion_tab title=&#8221;9. Dezember: Endspurt f\u00fcr ALLE&#8221;][vc_column_text]Noch einmal Endspurt f\u00fcr alle. Die letzten Arbeiten werden gemacht. Und unsere K\u00fcster Heike B\u00f6ncker und Andreas Ansorge transportieren die letzten Kisten aus dem Gemeindehaus in die Kirche zur\u00fcck.<\/p>\n<p>&nbsp;<\/p>\n<p><a href=\"http:\/\/christusnews.de\/site\/wp-content\/uploads\/Innen091211.jpg\"><img loading=\"lazy\" decoding=\"async\" class=\" size-full wp-image-1459 aligncenter\" src=\"http:\/\/christusnews.de\/site\/wp-content\/uploads\/Innen091211.jpg\" alt=\"Innen091211\" width=\"200\" height=\"200\" srcset=\"https:\/\/christusnews.de\/site\/wp-content\/uploads\/Innen091211.jpg 200w, https:\/\/christusnews.de\/site\/wp-content\/uploads\/Innen091211-150x150.jpg 150w, https:\/\/christusnews.de\/site\/wp-content\/uploads\/Innen091211-70x70.jpg 70w, https:\/\/christusnews.de\/site\/wp-content\/uploads\/Innen091211-180x180.jpg 180w, https:\/\/christusnews.de\/site\/wp-content\/uploads\/Innen091211-50x50.jpg 50w\" sizes=\"auto, (max-width: 200px) 100vw, 200px\" \/><\/a>[\/vc_column_text][\/vc_accordion_tab][vc_accordion_tab title=&#8221;8. Dezember: Hartmut Wiesner stellt im S\u00fcdschiff aus&#8221;][vc_column_text]Hartmut Wiesner hat die Sanierung der Kirche im letzten Jahr durch die Erstellung dreier Drucke unterst\u00fctzt. Jetzt ist er der erste K\u00fcnstler, der im neugeschaffenen S\u00fcdschiff ausstellt.<\/p>\n<p>&nbsp;<\/p>\n<p><a href=\"http:\/\/christusnews.de\/site\/wp-content\/uploads\/Innen081211.jpg\"><img loading=\"lazy\" decoding=\"async\" class=\" size-full wp-image-1460 aligncenter\" src=\"http:\/\/christusnews.de\/site\/wp-content\/uploads\/Innen081211.jpg\" alt=\"Innen081211\" width=\"200\" height=\"200\" srcset=\"https:\/\/christusnews.de\/site\/wp-content\/uploads\/Innen081211.jpg 200w, https:\/\/christusnews.de\/site\/wp-content\/uploads\/Innen081211-150x150.jpg 150w, https:\/\/christusnews.de\/site\/wp-content\/uploads\/Innen081211-70x70.jpg 70w, https:\/\/christusnews.de\/site\/wp-content\/uploads\/Innen081211-180x180.jpg 180w, https:\/\/christusnews.de\/site\/wp-content\/uploads\/Innen081211-50x50.jpg 50w\" sizes=\"auto, (max-width: 200px) 100vw, 200px\" \/><\/a>[\/vc_column_text][\/vc_accordion_tab][vc_accordion_tab title=&#8221;6. Dezember: Barbara Derix stellte Glasvarianten vor&#8221;][vc_column_text]Von der Firma Derix wurden gestern noch einmal Alternativen zum Thema &#8220;Tr\u00e4gerfl\u00e4che&#8221; f\u00fcr das Altarbild vorgestellt. Die Entscheidung ist gefallen. Die Wand wird allerdings nicht zum Er\u00f6ffnungstermin der Kirche fertig gestellt.<\/p>\n<p>&nbsp;<\/p>\n<p><a href=\"http:\/\/christusnews.de\/site\/wp-content\/uploads\/Innen061211a.jpg\"><img loading=\"lazy\" decoding=\"async\" class=\" size-medium wp-image-1461 aligncenter\" src=\"http:\/\/christusnews.de\/site\/wp-content\/uploads\/Innen061211a-300x225.jpg\" alt=\"Innen061211a\" width=\"300\" height=\"225\" \/><\/a>[\/vc_column_text][\/vc_accordion_tab][vc_accordion_tab title=&#8221;6. Dezember: Herbert, der Nikolaus war da.&#8221;][vc_column_text]Unser Nikolaus hei\u00dft Herbert Langlotz und kommt von der BeKA. Er ist mit seinen Mitarbeiteren zust\u00e4ndig f\u00fcr die Kerzenhalter an den B\u00e4nken. Zwei Prototypen hat er erstellt. Die Mitarbeiter meinten: Das sieht schon mal gut aus und wird die Kirche bei besonderen Aktionen in Kerzenklicht tunken.<\/p>\n<p>&nbsp;<\/p>\n<p><a href=\"http:\/\/christusnews.de\/site\/wp-content\/uploads\/Innen061211.jpg\"><img loading=\"lazy\" decoding=\"async\" class=\" size-medium wp-image-1462 aligncenter\" src=\"http:\/\/christusnews.de\/site\/wp-content\/uploads\/Innen061211-300x252.jpg\" alt=\"Innen061211\" width=\"300\" height=\"252\" \/><\/a>[\/vc_column_text][\/vc_accordion_tab][vc_accordion_tab title=&#8221;5. Dezember: Endreinigung: gib dem Staub keine Chance&#8221;][vc_column_text]Heute bekommt die Kirche eine letzte Grundreinigung. W\u00e4hrend Lampen angeschraubt und Linoleum eingepasst wird, findet gerade schon die Endreinigung statt. Firma Auwera putzt sich durch den Raum.<\/p>\n<p>&nbsp;<\/p>\n<p><a href=\"http:\/\/christusnews.de\/site\/wp-content\/uploads\/Innen051211.jpg\"><img loading=\"lazy\" decoding=\"async\" class=\" size-medium wp-image-1463 aligncenter\" src=\"http:\/\/christusnews.de\/site\/wp-content\/uploads\/Innen051211-300x202.jpg\" alt=\"Innen051211\" width=\"300\" height=\"202\" srcset=\"https:\/\/christusnews.de\/site\/wp-content\/uploads\/Innen051211-300x202.jpg 300w, https:\/\/christusnews.de\/site\/wp-content\/uploads\/Innen051211-263x177.jpg 263w, https:\/\/christusnews.de\/site\/wp-content\/uploads\/Innen051211.jpg 320w\" sizes=\"auto, (max-width: 300px) 100vw, 300px\" \/><\/a>[\/vc_column_text][\/vc_accordion_tab][vc_accordion_tab title=&#8221;3. Dezember: Neue Liedertafel&#8221;][vc_column_text]Ob das mit der neuen Liedertagfel klappen wird?? K\u00fcster Andreas Ansorge besch\u00e4ftigt sich mit der neuen Liedertafel, die elektronisch angesteuert werden kann.<\/p>\n<p><a href=\"http:\/\/christusnews.de\/site\/wp-content\/uploads\/Innen011211_a.jpg\"><img loading=\"lazy\" decoding=\"async\" class=\" size-medium wp-image-1466 aligncenter\" src=\"http:\/\/christusnews.de\/site\/wp-content\/uploads\/Innen011211_a-300x279.jpg\" alt=\"Innen011211_a\" width=\"300\" height=\"279\" \/><\/a>[\/vc_column_text][\/vc_accordion_tab][vc_accordion_tab title=&#8221;2. Dezember: Malerische Kleinigkeiten&#8221;][vc_column_text]Wenn es dem Ende einer Sanierung entgegengeht, dann wimmelt es an vielen Kleinigkeiten, die jetzt gemacht werden m\u00fcssen. Die Malerin von Firma Bratzke hat eine Liste von fast zwei Seiten abzuarbeiten, was alles noch gemacht werden muss. Hier noch eine Treppe streichen, hier noch eine Leiste streichen, &#8230;&#8230;<\/p>\n<p>&nbsp;<\/p>\n<p><a href=\"http:\/\/christusnews.de\/site\/wp-content\/uploads\/Inneen021211.jpg\"><img loading=\"lazy\" decoding=\"async\" class=\" size-medium wp-image-1467 aligncenter\" src=\"http:\/\/christusnews.de\/site\/wp-content\/uploads\/Inneen021211-300x241.jpg\" alt=\"Inneen021211\" width=\"300\" height=\"241\" \/><\/a>[\/vc_column_text][\/vc_accordion_tab][vc_accordion_tab title=&#8221;1. Dezember: Erste Tonkontakte&#8221;][vc_column_text]Bernhard Busemann l\u00e4\u00dft sich die erste Schritte der neuen Anlage erkl\u00e4ren. Seis Akustik baut heute die Anlage komplett auf.<\/p>\n<p>&nbsp;<\/p>\n<p><a href=\"http:\/\/christusnews.de\/site\/wp-content\/uploads\/Innen011211.jpg\"><img loading=\"lazy\" decoding=\"async\" class=\" size-medium wp-image-1468 aligncenter\" src=\"http:\/\/christusnews.de\/site\/wp-content\/uploads\/Innen011211-300x223.jpg\" alt=\"Innen011211\" width=\"300\" height=\"223\" \/><\/a>[\/vc_column_text][\/vc_accordion_tab][vc_accordion_tab title=&#8221;30. November: Der Orgelboden wird gegl\u00e4ttet&#8221;][vc_column_text]Auf dem Orgelboden wird jetzt ein Linoleumboden verlegt. Damit wird der Nachhall der Kirche f\u00fcr die Orgel in einem guten Bereich gehalten<\/p>\n<p>&nbsp;<\/p>\n<p><a href=\"http:\/\/christusnews.de\/site\/wp-content\/uploads\/Innen301111.jpg\"><img loading=\"lazy\" decoding=\"async\" class=\" size-medium wp-image-1469 aligncenter\" src=\"http:\/\/christusnews.de\/site\/wp-content\/uploads\/Innen301111-300x241.jpg\" alt=\"Innen301111\" width=\"300\" height=\"241\" \/><\/a>[\/vc_column_text][\/vc_accordion_tab][vc_accordion_tab title=&#8221;29. November: Erste Strahler im Altarraum&#8221;][vc_column_text]Die ersten Strahler im Altarraum werden anmontiert. Die Lampen f\u00fcr das Hauptschiff sind noch nicht da, aber auch sie werden vor der Er\u00f6ffnung noci angebaut.<\/p>\n<p>&nbsp;<\/p>\n<p><a href=\"http:\/\/christusnews.de\/site\/wp-content\/uploads\/1-Innen_291111.jpg\"><img loading=\"lazy\" decoding=\"async\" class=\" size-medium wp-image-1470 aligncenter\" src=\"http:\/\/christusnews.de\/site\/wp-content\/uploads\/1-Innen_291111-161x300.jpg\" alt=\"1-Innen_291111\" width=\"161\" height=\"300\" srcset=\"https:\/\/christusnews.de\/site\/wp-content\/uploads\/1-Innen_291111-161x300.jpg 161w, https:\/\/christusnews.de\/site\/wp-content\/uploads\/1-Innen_291111.jpg 200w\" sizes=\"auto, (max-width: 161px) 100vw, 161px\" \/><\/a>[\/vc_column_text][\/vc_accordion_tab][vc_accordion_tab title=&#8221;28. November: Letzte Arbeiten im Altarraum&#8221;][vc_column_text]Letzte Arbeiten im Altarraum f\u00fchrt die Firma Wandscher gerade aus. Hier werden am 11.12. die Zeitkapseln direkt hinter dem Altar versenkt.<\/p>\n<p>&nbsp;<\/p>\n<p><a href=\"http:\/\/christusnews.de\/site\/wp-content\/uploads\/Innen281111.jpg\"><img loading=\"lazy\" decoding=\"async\" class=\" size-medium wp-image-1471 aligncenter\" src=\"http:\/\/christusnews.de\/site\/wp-content\/uploads\/Innen281111-300x197.jpg\" alt=\"Innen281111\" width=\"300\" height=\"197\" srcset=\"https:\/\/christusnews.de\/site\/wp-content\/uploads\/Innen281111-300x197.jpg 300w, https:\/\/christusnews.de\/site\/wp-content\/uploads\/Innen281111.jpg 350w\" sizes=\"auto, (max-width: 300px) 100vw, 300px\" \/><\/a>[\/vc_column_text][\/vc_accordion_tab][vc_accordion_tab title=&#8221;26. November: Letzter Tag Basar&#8221;][vc_column_text]W\u00e4hrend die Kirche noch in den letzten Z\u00fcgen der Sanierung liegt, findet im Gemeindehaus der Basar der Flotten Nadeln statt. Diese Mal noch beengt und begrenzt. Im n\u00e4chsten Jahr wieder mit mehr Platz, da dann die Kirche f\u00fcr den Gottesdienst wieder bereit ist<\/p>\n<p>&nbsp;<\/p>\n<p><a href=\"http:\/\/christusnews.de\/site\/wp-content\/uploads\/Innen261111.jpg\"><img loading=\"lazy\" decoding=\"async\" class=\" size-medium wp-image-1472 aligncenter\" src=\"http:\/\/christusnews.de\/site\/wp-content\/uploads\/Innen261111-300x132.jpg\" alt=\"Innen261111\" width=\"300\" height=\"132\" srcset=\"https:\/\/christusnews.de\/site\/wp-content\/uploads\/Innen261111-300x132.jpg 300w, https:\/\/christusnews.de\/site\/wp-content\/uploads\/Innen261111.jpg 350w\" sizes=\"auto, (max-width: 300px) 100vw, 300px\" \/><\/a>[\/vc_column_text][\/vc_accordion_tab][vc_accordion_tab title=&#8221;25. November: altes Altarbild kehrt zur\u00fcck!!&#8221;][vc_column_text]Das alte Altarbild kehrt zur\u00fcck in die Kirche. Die Restauratorin Popken bringt es wieder in die Kirche. Der alte Rahmen, der auch wieder aufgebaut worden ist, wandert durch die Decken\u00f6ffnung auf die S\u00fcdempore.<\/p>\n<p>&nbsp;<\/p>\n<p><a href=\"http:\/\/christusnews.de\/site\/wp-content\/uploads\/Innen251111.jpg\"><img loading=\"lazy\" decoding=\"async\" class=\" size-medium wp-image-1473 aligncenter\" src=\"http:\/\/christusnews.de\/site\/wp-content\/uploads\/Innen251111-300x201.jpg\" alt=\"Innen251111\" width=\"300\" height=\"201\" srcset=\"https:\/\/christusnews.de\/site\/wp-content\/uploads\/Innen251111-300x201.jpg 300w, https:\/\/christusnews.de\/site\/wp-content\/uploads\/Innen251111-263x177.jpg 263w, https:\/\/christusnews.de\/site\/wp-content\/uploads\/Innen251111.jpg 350w\" sizes=\"auto, (max-width: 300px) 100vw, 300px\" \/><\/a>[\/vc_column_text][\/vc_accordion_tab][vc_accordion_tab title=&#8221;24. November: Niobe Denkmal wird wieder entstaubt&#8221;][vc_column_text]Das Niobe Denkmal ist wieder zur\u00fcck. Die Jugendlichen haben es aus dem Keller in den Saal geschaffen. Jetzt wird es von der K\u00fcsterin entstaubt und dann wandert es wieder in die Kirche. Firma Pageler &amp; Hillers wird es wieder anmontieren.<\/p>\n<p>&nbsp;<\/p>\n<p><a href=\"http:\/\/christusnews.de\/site\/wp-content\/uploads\/Innen241111.jpg\"><img loading=\"lazy\" decoding=\"async\" class=\" size-medium wp-image-1474 aligncenter\" src=\"http:\/\/christusnews.de\/site\/wp-content\/uploads\/Innen241111-300x220.jpg\" alt=\"Innen241111\" width=\"300\" height=\"220\" \/><\/a>[\/vc_column_text][\/vc_accordion_tab][vc_accordion_tab title=&#8221;23. November: Auge in Auge mit Ihm!&#8221;][vc_column_text]Die Au\u00dfenbeleuchtung vor der T\u00fcr wird gerade von Herrn Eilers angebracht. Auge in Auge mit IHM.<\/p>\n<p>&nbsp;<\/p>\n<p><a href=\"http:\/\/christusnews.de\/site\/wp-content\/uploads\/Innen231111.jpg\"><img loading=\"lazy\" decoding=\"async\" class=\" size-medium wp-image-1475 aligncenter\" src=\"http:\/\/christusnews.de\/site\/wp-content\/uploads\/Innen231111-300x188.jpg\" alt=\"Innen231111\" width=\"300\" height=\"188\" \/><\/a>[\/vc_column_text][\/vc_accordion_tab][vc_accordion_tab title=&#8221;22. November: Altarraum mit gleichm\u00e4\u00dfiger Farbe&#8221;][vc_column_text]Der Altarraum wird im Bereich der neuen Steine jetzt farblich angepasst.<\/p>\n<p>&nbsp;<\/p>\n<p><a href=\"http:\/\/christusnews.de\/site\/wp-content\/uploads\/Innen221111.jpg\"><img loading=\"lazy\" decoding=\"async\" class=\" size-full wp-image-1476 aligncenter\" src=\"http:\/\/christusnews.de\/site\/wp-content\/uploads\/Innen221111.jpg\" alt=\"Innen221111\" width=\"290\" height=\"236\" \/><\/a>[\/vc_column_text][\/vc_accordion_tab][vc_accordion_tab title=&#8221;21. November: Leuchter mit Generalprobe&#8221;][vc_column_text]Der Kerzenbaum ist neu bearbeitet worden. Neue Kerzenhalter, neue Farbe, tropfsicher und immer noch eindr\u00fccklich. Am Sonntag wurde er am Ewigkeitsgottesdienst eingeweiht.<\/p>\n<p>&nbsp;<\/p>\n<p><a href=\"http:\/\/christusnews.de\/site\/wp-content\/uploads\/Innen2111.jpg\"><img loading=\"lazy\" decoding=\"async\" class=\" size-medium wp-image-1477 aligncenter\" src=\"http:\/\/christusnews.de\/site\/wp-content\/uploads\/Innen2111-300x214.jpg\" alt=\"Innen2111\" width=\"300\" height=\"214\" \/><\/a>[\/vc_column_text][\/vc_accordion_tab][vc_accordion_tab title=&#8221;20. November: Helden der Arbeit&#8221;][vc_column_text]Tischler und Maler wandern gerade von Ort zu Ort und kl\u00e4ren gemeinsam, wo noch etwas Hand in Hand verbessert werden muss. Es sieht gut aus.<\/p>\n<p>&nbsp;<\/p>\n<p><a href=\"http:\/\/christusnews.de\/site\/wp-content\/uploads\/Innen201111.jpg\"><img loading=\"lazy\" decoding=\"async\" class=\" size-medium wp-image-1478 aligncenter\" src=\"http:\/\/christusnews.de\/site\/wp-content\/uploads\/Innen201111-300x198.jpg\" alt=\"Innen201111\" width=\"300\" height=\"198\" \/><\/a>[\/vc_column_text][\/vc_accordion_tab][vc_accordion_tab title=&#8221;19. November: Orgelzustand: viel besser als erwartet&#8221;][vc_column_text]Die Schutzh\u00fclle hat auf den ersten Blick perfekt gehalten. Wir entdecken nirgendwo Anzeichen von massiver Verschmutzung. Super. Derzeitig pr\u00fcft die Organistin, ob eine Stimmung jetzt gerade \u00fcberhaupt n\u00f6tig ist.<\/p>\n<p>&nbsp;<\/p>\n<p><a href=\"http:\/\/christusnews.de\/site\/wp-content\/uploads\/Innen191111.jpg\"><img loading=\"lazy\" decoding=\"async\" class=\" size-medium wp-image-1479 aligncenter\" src=\"http:\/\/christusnews.de\/site\/wp-content\/uploads\/Innen191111-300x236.jpg\" alt=\"Innen191111\" width=\"300\" height=\"236\" \/><\/a>[\/vc_column_text][\/vc_accordion_tab][vc_accordion_tab title=&#8221;18. November: Aktion: Orgelbefreiung&#8221;][vc_column_text]Die Orgel wird von der Schutzh\u00fclle befreit. Hoffentlich ist die H\u00fclle gut gewesen, d.h. hoffentlich hat sie vor dem Staub gesch\u00fctzt.<\/p>\n<p>&nbsp;<\/p>\n<p><a href=\"http:\/\/christusnews.de\/site\/wp-content\/uploads\/Innen181111.jpg\"><img loading=\"lazy\" decoding=\"async\" class=\" size-medium wp-image-1480 aligncenter\" src=\"http:\/\/christusnews.de\/site\/wp-content\/uploads\/Innen181111-300x199.jpg\" alt=\"Innen181111\" width=\"300\" height=\"199\" \/><\/a>[\/vc_column_text][\/vc_accordion_tab][vc_accordion_tab title=&#8221;17. November: Maler&#8221;][vc_column_text]Viele kleine Malereiarbeiten stehen derzeitig an, insbesondere an den B\u00e4nken und Schr\u00e4nken.<\/p>\n<p>&nbsp;<\/p>\n<p><a href=\"http:\/\/christusnews.de\/site\/wp-content\/uploads\/Innen171111.jpg\"><img loading=\"lazy\" decoding=\"async\" class=\" size-medium wp-image-1481 aligncenter\" src=\"http:\/\/christusnews.de\/site\/wp-content\/uploads\/Innen171111-300x206.jpg\" alt=\"Innen171111\" width=\"300\" height=\"206\" \/><\/a>[\/vc_column_text][\/vc_accordion_tab][vc_accordion_tab title=&#8221;16. November: Altarbild&#8221;][vc_column_text]Die Glaskonstruktion f\u00fcr das Altarbild ist aufwendiger als gedacht. So langsam wird es zeitlich eng werden. Wir brauchen evtl. l\u00e4ngeren Atem bei dem besonderen Projekt Altarbild.<\/p>\n<p>&nbsp;<\/p>\n<p><a href=\"http:\/\/christusnews.de\/site\/wp-content\/uploads\/Atem.jpg\"><img loading=\"lazy\" decoding=\"async\" class=\" size-medium wp-image-1482 aligncenter\" src=\"http:\/\/christusnews.de\/site\/wp-content\/uploads\/Atem-300x185.jpg\" alt=\"Atem\" width=\"300\" height=\"185\" srcset=\"https:\/\/christusnews.de\/site\/wp-content\/uploads\/Atem-300x185.jpg 300w, https:\/\/christusnews.de\/site\/wp-content\/uploads\/Atem.jpg 960w\" sizes=\"auto, (max-width: 300px) 100vw, 300px\" \/><\/a>[\/vc_column_text][\/vc_accordion_tab][vc_accordion_tab title=&#8221;15. November: Orgelboden&#8221;][vc_column_text]Der alte Belag auf dem Orgelboden wird entsorgt. In den kommenden Tagen wird ein neuer Belag verlegt. Dann erstrahlt auch der Orgelboden in neuer Frische.<\/p>\n<p>&nbsp;<\/p>\n<p><a href=\"http:\/\/christusnews.de\/site\/wp-content\/uploads\/Orgelboden.jpg\"><img loading=\"lazy\" decoding=\"async\" class=\" size-medium wp-image-1483 aligncenter\" src=\"http:\/\/christusnews.de\/site\/wp-content\/uploads\/Orgelboden-300x200.jpg\" alt=\"Orgelboden\" width=\"300\" height=\"200\" srcset=\"https:\/\/christusnews.de\/site\/wp-content\/uploads\/Orgelboden-300x200.jpg 300w, https:\/\/christusnews.de\/site\/wp-content\/uploads\/Orgelboden.jpg 448w\" sizes=\"auto, (max-width: 300px) 100vw, 300px\" \/><\/a>[\/vc_column_text][\/vc_accordion_tab][vc_accordion_tab title=&#8221;12. November: Empore mit neuem Belag&#8221;][vc_column_text]Der Belag auf der Empore ist abgelaufen. Jertzt kommt hier ein neuer Belag drauf. Die Holzvariante ist nicht m\u00f6glich, da der Untergrund aus Beton ist und damit die Anschl\u00fcsse und Verbindungen zur Orgel nicht m\u00f6glich w\u00e4ren.<\/p>\n<p>&nbsp;<\/p>\n<p><a href=\"http:\/\/christusnews.de\/site\/wp-content\/uploads\/Innen121111.jpg\"><img loading=\"lazy\" decoding=\"async\" class=\" size-medium wp-image-1485 aligncenter\" src=\"http:\/\/christusnews.de\/site\/wp-content\/uploads\/Innen121111-300x189.jpg\" alt=\"Innen121111\" width=\"300\" height=\"189\" srcset=\"https:\/\/christusnews.de\/site\/wp-content\/uploads\/Innen121111-300x189.jpg 300w, https:\/\/christusnews.de\/site\/wp-content\/uploads\/Innen121111.jpg 350w\" sizes=\"auto, (max-width: 300px) 100vw, 300px\" \/><\/a>[\/vc_column_text][\/vc_accordion_tab][vc_accordion_tab title=&#8221;11. November: Das k\u00f6nnte passen!&#8221;][vc_column_text]Auf der gestrigen Bauausschussitzung zum Thema Altarbild wurde die Glasvarinate fast festgelegt. Noch ein letztes Mal gibt es eine weitere Variante, die Mitte n\u00e4chster Woche ausprobiert wird. Dann wird es zeitlich noch bis zur Einweihung reichen.<\/p>\n<p>&nbsp;<\/p>\n<p><a href=\"http:\/\/christusnews.de\/site\/wp-content\/uploads\/Innen111111.jpg\"><img loading=\"lazy\" decoding=\"async\" class=\" size-medium wp-image-1486 aligncenter\" src=\"http:\/\/christusnews.de\/site\/wp-content\/uploads\/Innen111111-300x171.jpg\" alt=\"Innen111111\" width=\"300\" height=\"171\" \/><\/a>[\/vc_column_text][\/vc_accordion_tab][vc_accordion_tab title=&#8221;10. November: Heizung halb in Gang&#8221;][vc_column_text]Die Heizung ist seit gestern halb in Gang. Da noch nicht alle Bankstrahler angeschlossen sind, wurde erst einmal die Luftheizung in Gang gebracht. Die l\u00e4uft.<\/p>\n<p>&nbsp;<\/p>\n<p><a href=\"http:\/\/christusnews.de\/site\/wp-content\/uploads\/Innen101111.jpg\"><img loading=\"lazy\" decoding=\"async\" class=\" size-medium wp-image-1487 aligncenter\" src=\"http:\/\/christusnews.de\/site\/wp-content\/uploads\/Innen101111-300x221.jpg\" alt=\"Innen101111\" width=\"300\" height=\"221\" \/><\/a>[\/vc_column_text][\/vc_accordion_tab][vc_accordion_tab title=&#8221;9. November: und wieder: Altarbildrahmen&#8221;][vc_column_text]Der Rahmen des Altarbildes bleibt weiterhin Thema. Am Donnerstag wird entschieden, welche Umfassung das Bild bekommt. Architekt Tonndorf pr\u00e4sentiert die m\u00f6glichen Varianten.<\/p>\n<p>&nbsp;<\/p>\n<p><a href=\"http:\/\/christusnews.de\/site\/wp-content\/uploads\/Innen091111.jpg\"><img loading=\"lazy\" decoding=\"async\" class=\" size-medium wp-image-1488 aligncenter\" src=\"http:\/\/christusnews.de\/site\/wp-content\/uploads\/Innen091111-300x213.jpg\" alt=\"Innen091111\" width=\"300\" height=\"213\" \/><\/a>[\/vc_column_text][\/vc_accordion_tab][vc_accordion_tab title=&#8221;8. November: Bodenbelag auf der S\u00fcdschiff Empore&#8221;][vc_column_text]Auf der Empore hat der Boden einen neue Farbe bekommen. Hier wird die Ausstellung entstehen.<\/p>\n<p>&nbsp;<\/p>\n<p><a href=\"http:\/\/christusnews.de\/site\/wp-content\/uploads\/Innen081111.jpg\"><img loading=\"lazy\" decoding=\"async\" class=\" size-medium wp-image-1489 aligncenter\" src=\"http:\/\/christusnews.de\/site\/wp-content\/uploads\/Innen081111-300x251.jpg\" alt=\"Innen081111\" width=\"300\" height=\"251\" \/><\/a>[\/vc_column_text][\/vc_accordion_tab][vc_accordion_tab title=&#8221;7. November: Keine Heizungsopfer!&#8221;][vc_column_text]Und immer noch liegen die Heizungsmonteure in der Kirche zwischen den B\u00e4nken. Die Heizk\u00f6rper werden weiterhin anmontiert. W\u00e4hrend die Fenster und die Decke im S\u00fcdschiff schon best\u00fcckt sind, m\u00fcssen einige Bankheizungen noch angeschaltet werden. Die Moteure kriegen das diese Woche hin. Aber besonders sieht die Arbeitslage schon aus<\/p>\n<p>&nbsp;<\/p>\n<p><a href=\"http:\/\/christusnews.de\/site\/wp-content\/uploads\/Innen071111a.jpg\"><img loading=\"lazy\" decoding=\"async\" class=\" size-medium wp-image-1490 aligncenter\" src=\"http:\/\/christusnews.de\/site\/wp-content\/uploads\/Innen071111a-300x282.jpg\" alt=\"Innen071111a\" width=\"300\" height=\"282\" \/><\/a>[\/vc_column_text][\/vc_accordion_tab][vc_accordion_tab title=&#8221;3. November: Decke und Deckenstrahler im S\u00fcdschiff&#8221;][vc_column_text]Die Decke im S\u00fcdschiff ist ein Relikt aus der Gr\u00fcnderzeit. Die kaputten Bretter sind ausgewechselt worden. Die Farbe wird so fragmentarisch bleiben, wie sie bisher gewesen ist. Neu sind die Deckenstrahler, die es erlauben, dass der Raum getrennt beheizt werden kann.<\/p>\n<p>&nbsp;<\/p>\n<p><a href=\"http:\/\/christusnews.de\/site\/wp-content\/uploads\/Innen031111.jpg\"><img loading=\"lazy\" decoding=\"async\" class=\" size-medium wp-image-1491 aligncenter\" src=\"http:\/\/christusnews.de\/site\/wp-content\/uploads\/Innen031111-300x201.jpg\" alt=\"Innen031111\" width=\"300\" height=\"201\" srcset=\"https:\/\/christusnews.de\/site\/wp-content\/uploads\/Innen031111-300x201.jpg 300w, https:\/\/christusnews.de\/site\/wp-content\/uploads\/Innen031111-263x177.jpg 263w, https:\/\/christusnews.de\/site\/wp-content\/uploads\/Innen031111.jpg 350w\" sizes=\"auto, (max-width: 300px) 100vw, 300px\" \/><\/a>[\/vc_column_text][\/vc_accordion_tab][vc_accordion_tab title=&#8221;2. November: Das ist es nicht!!!!!!!!&#8221;][vc_column_text]So wird es nicht aussehen und das sieht nicht aus!! Da waren sich gestern alle einig, als sie den Versuch der braunen Wand sahen. Der Versuch ist beendet. Es hat aber eine gute neue L\u00f6sung gegeben, die wird jetzt kurzfristig ausprobiert. Freuen Sie sich auf neue, spannende Ideen.<\/p>\n<p>&nbsp;<\/p>\n<p><a href=\"http:\/\/christusnews.de\/site\/wp-content\/uploads\/Innen021111.jpg\"><img loading=\"lazy\" decoding=\"async\" class=\" size-medium wp-image-1492 aligncenter\" src=\"http:\/\/christusnews.de\/site\/wp-content\/uploads\/Innen021111-300x222.jpg\" alt=\"Innen021111\" width=\"300\" height=\"222\" srcset=\"https:\/\/christusnews.de\/site\/wp-content\/uploads\/Innen021111-300x222.jpg 300w, https:\/\/christusnews.de\/site\/wp-content\/uploads\/Innen021111.jpg 350w\" sizes=\"auto, (max-width: 300px) 100vw, 300px\" \/><\/a>[\/vc_column_text][\/vc_accordion_tab][vc_accordion_tab title=&#8221;1. November: Heizungen&#8221;][vc_column_text]Unter jeden Bank kommen zwei Heizungen. Obwohl \u00fcberall die Anschl\u00fcsse schon liegen, ist das ziemliche Geduldsarbeit. Jeder Heizk\u00f6rper muss genau angepasst werden. Die Mitarbeiter der Firma Hoppe sind dabei, das gut zu machen.<\/p>\n<p>&nbsp;<\/p>\n<p><a href=\"http:\/\/christusnews.de\/site\/wp-content\/uploads\/Innen011111.jpg\"><img loading=\"lazy\" decoding=\"async\" class=\" size-medium wp-image-1493 aligncenter\" src=\"http:\/\/christusnews.de\/site\/wp-content\/uploads\/Innen011111-300x198.jpg\" alt=\"Innen011111\" width=\"300\" height=\"198\" srcset=\"https:\/\/christusnews.de\/site\/wp-content\/uploads\/Innen011111-300x198.jpg 300w, https:\/\/christusnews.de\/site\/wp-content\/uploads\/Innen011111.jpg 350w\" sizes=\"auto, (max-width: 300px) 100vw, 300px\" \/><\/a>[\/vc_column_text][\/vc_accordion_tab][vc_accordion_tab title=&#8221;31. Oktober: Altarbildproben&#8221;][vc_column_text]as Altarbild bekommt einen etwas ver\u00e4nderten Ort auf einer Wandfl\u00e4che im Altarraum. So soll es sich von den farbigen Fensterbildern etwas klarer absetzen und besser zur Geltung kommen. Damit alles passt und die Farben stimmen trifft sich am Reformationstag eine Gruppe von Experten und Gemeindemitgliedern vor Ort, um den weiteren Weg der Gestaltung festzulegen. Wir sind ziemlich sicher: Das besondere Altarbild wird nach dem Umbau noch deutlicher im Kirchraum wirken.<\/p>\n<p>&nbsp;<\/p>\n<p><a href=\"http:\/\/christusnews.de\/site\/wp-content\/uploads\/Altarbildprobe.jpg\"><img loading=\"lazy\" decoding=\"async\" class=\" size-medium wp-image-1494 aligncenter\" src=\"http:\/\/christusnews.de\/site\/wp-content\/uploads\/Altarbildprobe-300x200.jpg\" alt=\"Altarbildprobe\" width=\"300\" height=\"200\" srcset=\"https:\/\/christusnews.de\/site\/wp-content\/uploads\/Altarbildprobe-300x200.jpg 300w, https:\/\/christusnews.de\/site\/wp-content\/uploads\/Altarbildprobe.jpg 448w\" sizes=\"auto, (max-width: 300px) 100vw, 300px\" \/><\/a>[\/vc_column_text][\/vc_accordion_tab][vc_accordion_tab title=&#8221;30. Oktober: Der Altar steht wieder&#8221;][vc_column_text]Der Altar hat wieder seinen festen Platz bekommen. Er steht nun wieder im Zentrum des Altarraumes und wartet darauf, mit Kerzen und Blumen geschm\u00fcckt zu werden und als Abendmahlstisch zu dienen.<\/p>\n<p>&nbsp;<\/p>\n<p><a href=\"http:\/\/christusnews.de\/site\/wp-content\/uploads\/Altarblick.jpg\"><img loading=\"lazy\" decoding=\"async\" class=\" size-medium wp-image-1495 aligncenter\" src=\"http:\/\/christusnews.de\/site\/wp-content\/uploads\/Altarblick-300x275.jpg\" alt=\"Altarblick\" width=\"300\" height=\"275\" srcset=\"https:\/\/christusnews.de\/site\/wp-content\/uploads\/Altarblick-300x275.jpg 300w, https:\/\/christusnews.de\/site\/wp-content\/uploads\/Altarblick.jpg 366w\" sizes=\"auto, (max-width: 300px) 100vw, 300px\" \/><\/a>[\/vc_column_text][\/vc_accordion_tab][vc_accordion_tab title=&#8221;29. Oktober: Suchbild II&#8221;][vc_column_text]Wer findet den Ort in der Kirche, an dem dies Bild gemacht worden ist??<\/p>\n<p>&nbsp;<\/p>\n<p><a href=\"http:\/\/christusnews.de\/site\/wp-content\/uploads\/Innen291011.jpg\"><img loading=\"lazy\" decoding=\"async\" class=\" size-medium wp-image-1496 aligncenter\" src=\"http:\/\/christusnews.de\/site\/wp-content\/uploads\/Innen291011-300x245.jpg\" alt=\"Innen291011\" width=\"300\" height=\"245\" \/><\/a>[\/vc_column_text][\/vc_accordion_tab][vc_accordion_tab title=&#8221;28. Oktober: Bankgeheimnis&#8221;][vc_column_text]An anderen Orten werden Rettungsschirme \u00fcber den Banken ausgespannt. Wir haben ein besseres Bankgeheimnis: Heizk\u00f6rper unter den B\u00e4nken! Kaum sichtbar aber wohlf\u00fchlbar werden in den kommenden Tagen knapp einhundert kleine Heizk\u00f6rper unter den B\u00e4nken installiert. Wenn die an den Warmwasserkreislauf angeschlossen sind, wird es angenehm warm auf den B\u00e4nken. Damit w\u00e4re unser Bankgeheimnis entl\u00fcftet.<\/p>\n<p>&nbsp;<\/p>\n<p><a href=\"http:\/\/christusnews.de\/site\/wp-content\/uploads\/Bankheizung2.jpg\"><img loading=\"lazy\" decoding=\"async\" class=\" size-medium wp-image-1497 aligncenter\" src=\"http:\/\/christusnews.de\/site\/wp-content\/uploads\/Bankheizung2-291x300.jpg\" alt=\"Bankheizung2\" width=\"291\" height=\"300\" srcset=\"https:\/\/christusnews.de\/site\/wp-content\/uploads\/Bankheizung2-291x300.jpg 291w, https:\/\/christusnews.de\/site\/wp-content\/uploads\/Bankheizung2.jpg 336w\" sizes=\"auto, (max-width: 291px) 100vw, 291px\" \/><\/a>[\/vc_column_text][\/vc_accordion_tab][vc_accordion_tab title=&#8221;28. Oktober: Lichterspiel&#8221;][vc_column_text]Hannah Bohrer hat bei einer Baubesichtigung das Lichterspiel auf der S\u00fcdempore eingefangen. Hier entsteht die Museumsecke.<\/p>\n<p>&nbsp;<\/p>\n<p><a href=\"http:\/\/christusnews.de\/site\/wp-content\/uploads\/Innen281011.jpg\"><img loading=\"lazy\" decoding=\"async\" class=\" size-medium wp-image-1498 aligncenter\" src=\"http:\/\/christusnews.de\/site\/wp-content\/uploads\/Innen281011-220x300.jpg\" alt=\"Innen281011\" width=\"220\" height=\"300\" srcset=\"https:\/\/christusnews.de\/site\/wp-content\/uploads\/Innen281011-220x300.jpg 220w, https:\/\/christusnews.de\/site\/wp-content\/uploads\/Innen281011.jpg 300w\" sizes=\"auto, (max-width: 220px) 100vw, 220px\" \/><\/a>[\/vc_column_text][\/vc_accordion_tab][vc_accordion_tab title=&#8221;27. Oktober: Die B\u00e4nke sind wieder da&#8221;][vc_column_text]Die B\u00e4nke stehen wieder und sind fest montiert. Dadurch sieht der Innenraum auf einmal wieder mehr aus wie ein Kirchenschiff und weniger wie eine Baustelle. Es geht sichtbar mit gro\u00dfen Schritten voran mit dem Umbau.<\/p>\n<p><a href=\"http:\/\/christusnews.de\/site\/wp-content\/uploads\/B_nkemontiert.jpg\"><img loading=\"lazy\" decoding=\"async\" class=\" size-medium wp-image-1499 aligncenter\" src=\"http:\/\/christusnews.de\/site\/wp-content\/uploads\/B_nkemontiert-200x300.jpg\" alt=\"B_nkemontiert\" width=\"200\" height=\"300\" srcset=\"https:\/\/christusnews.de\/site\/wp-content\/uploads\/B_nkemontiert-200x300.jpg 200w, https:\/\/christusnews.de\/site\/wp-content\/uploads\/B_nkemontiert.jpg 299w\" sizes=\"auto, (max-width: 200px) 100vw, 200px\" \/><\/a>[\/vc_column_text][\/vc_accordion_tab][vc_accordion_tab title=&#8221;27. Oktober: Schilderaussagen&#8221;][vc_column_text]Die schwarzen Schilder auf den Bauz\u00e4unen reden noch vom Juli als Er\u00f6ffnung. Die gelben Schilder korrigieren: es geht am 11. Dezember wieder in die Kirche<\/p>\n<p>&nbsp;<\/p>\n<p><a href=\"http:\/\/christusnews.de\/site\/wp-content\/uploads\/Innen271011.jpg\"><img loading=\"lazy\" decoding=\"async\" class=\" size-medium wp-image-1500 aligncenter\" src=\"http:\/\/christusnews.de\/site\/wp-content\/uploads\/Innen271011-300x207.jpg\" alt=\"Innen271011\" width=\"300\" height=\"207\" srcset=\"https:\/\/christusnews.de\/site\/wp-content\/uploads\/Innen271011-300x207.jpg 300w, https:\/\/christusnews.de\/site\/wp-content\/uploads\/Innen271011.jpg 350w\" sizes=\"auto, (max-width: 300px) 100vw, 300px\" \/><\/a>[\/vc_column_text][\/vc_accordion_tab][vc_accordion_tab title=&#8221;26. Oktober: Fuger auf dem Dach&#8221;][vc_column_text]Der Fuger hat sich auf der Nordempore nach oben vorgearbeitet.<\/p>\n<p>&nbsp;<\/p>\n<p><a href=\"http:\/\/christusnews.de\/site\/wp-content\/uploads\/Innen261011.jpg\"><img loading=\"lazy\" decoding=\"async\" class=\" size-medium wp-image-1501 aligncenter\" src=\"http:\/\/christusnews.de\/site\/wp-content\/uploads\/Innen261011-224x300.jpg\" alt=\"Innen261011\" width=\"224\" height=\"300\" srcset=\"https:\/\/christusnews.de\/site\/wp-content\/uploads\/Innen261011-224x300.jpg 224w, https:\/\/christusnews.de\/site\/wp-content\/uploads\/Innen261011.jpg 350w\" sizes=\"auto, (max-width: 224px) 100vw, 224px\" \/><\/a>[\/vc_column_text][\/vc_accordion_tab][vc_accordion_tab title=&#8221;25. Oktober: kein Kabelchaos&#8221;][vc_column_text]Was nach Kabelchaos aussieht, ist in Wahrheit klar geordnet. Der Elektroschrank beherbergt die Schaltzentrale f\u00fcr die Akustikanlage.<\/p>\n<p>&nbsp;<\/p>\n<p><a href=\"http:\/\/christusnews.de\/site\/wp-content\/uploads\/Innen251011.jpg\"><img loading=\"lazy\" decoding=\"async\" class=\" size-medium wp-image-1502 aligncenter\" src=\"http:\/\/christusnews.de\/site\/wp-content\/uploads\/Innen251011-300x211.jpg\" alt=\"Innen251011\" width=\"300\" height=\"211\" \/><\/a>[\/vc_column_text][\/vc_accordion_tab][vc_accordion_tab title=&#8221;24. Oktober: Lampenbestellung&#8221;][vc_column_text]Diese Form werden die neuen Lampen haben. Nur die Farbe wird anders werden.<\/p>\n<p>&nbsp;<\/p>\n<p><a href=\"http:\/\/christusnews.de\/site\/wp-content\/uploads\/Innen241011.jpg\"><img loading=\"lazy\" decoding=\"async\" class=\" size-medium wp-image-1503 aligncenter\" src=\"http:\/\/christusnews.de\/site\/wp-content\/uploads\/Innen241011-300x281.jpg\" alt=\"Innen241011\" width=\"300\" height=\"281\" \/><\/a>[\/vc_column_text][\/vc_accordion_tab][vc_accordion_tab title=&#8221;23. Oktober: Alte Luftsch\u00e4chte&#8221;][vc_column_text]Dioe Luftsch\u00e4chte an der S\u00fcdempore sind nun auch verkleidet worden. Das Brett wird in der passenden Holzfarbe gestrichen.<\/p>\n<p>&nbsp;<\/p>\n<p><a href=\"http:\/\/christusnews.de\/site\/wp-content\/uploads\/Innen231011.jpg\"><img loading=\"lazy\" decoding=\"async\" class=\" size-full wp-image-1504 aligncenter\" src=\"http:\/\/christusnews.de\/site\/wp-content\/uploads\/Innen231011.jpg\" alt=\"Innen231011\" width=\"200\" height=\"80\" \/><\/a>[\/vc_column_text][\/vc_accordion_tab][vc_accordion_tab title=&#8221;21. Oktober: Die EX Heizung&#8221;][vc_column_text]Fr\u00fcher war hier mal die Heizung. Jetzt sind hier die neuen Sandsteine verlegt. F\u00fcr Experten: Die Lampe unnterhalb der Decke und oberhalb der Kanzel wird nun nicht mehr schwanken. Fr\u00fcher brachte die aufsteigende Luft die Lampe zum rotieren. ;-))<\/p>\n<p>&nbsp;<\/p>\n<p><a href=\"http:\/\/christusnews.de\/site\/wp-content\/uploads\/Innen211011.jpg\"><img loading=\"lazy\" decoding=\"async\" class=\" size-medium wp-image-1505 aligncenter\" src=\"http:\/\/christusnews.de\/site\/wp-content\/uploads\/Innen211011-300x202.jpg\" alt=\"Innen211011\" width=\"300\" height=\"202\" srcset=\"https:\/\/christusnews.de\/site\/wp-content\/uploads\/Innen211011.jpg 300w, https:\/\/christusnews.de\/site\/wp-content\/uploads\/Innen211011-263x177.jpg 263w\" sizes=\"auto, (max-width: 300px) 100vw, 300px\" \/><\/a>[\/vc_column_text][\/vc_accordion_tab][vc_accordion_tab title=&#8221;20. Oktober: Fussboden in neuer Sch\u00f6nheit&#8221;][vc_column_text]Der Fussboden ist jetzt komplett gestrichen worden. Am Montag kommen die B\u00e4nke.<\/p>\n<p>&nbsp;<\/p>\n<p><a href=\"http:\/\/christusnews.de\/site\/wp-content\/uploads\/Innen201011.jpg\"><img loading=\"lazy\" decoding=\"async\" class=\" size-medium wp-image-1506 aligncenter\" src=\"http:\/\/christusnews.de\/site\/wp-content\/uploads\/Innen201011-300x209.jpg\" alt=\"Innen201011\" width=\"300\" height=\"209\" \/><\/a>[\/vc_column_text][\/vc_accordion_tab][vc_accordion_tab title=&#8221;18. Oktober: erneute abendliche Besprechung&#8221;][vc_column_text]Im Dunkel der Kirche fand eine erneute Besprechung zum Thema LICHT statt. Der Bauausschuss einigte sich auf eine gute Liochtquelle, die nun heute bestellt wird. das Bild zeigt die Lampe im extrem gedimmten Zustand.<\/p>\n<p>&nbsp;<\/p>\n<p><a href=\"http:\/\/christusnews.de\/site\/wp-content\/uploads\/Innen181011.jpg\"><img loading=\"lazy\" decoding=\"async\" class=\" size-medium wp-image-1507 aligncenter\" src=\"http:\/\/christusnews.de\/site\/wp-content\/uploads\/Innen181011-300x224.jpg\" alt=\"Innen181011\" width=\"300\" height=\"224\" \/><\/a>[\/vc_column_text][\/vc_accordion_tab][vc_accordion_tab title=&#8221;17. Oktober: Tag des Lichtes!&#8221;][vc_column_text]Die neue Lampe h\u00e4ngt und die Verantwortlichen m\u00fcssen heute entscheiden, ob die Beleuchtung so passend ist.<\/p>\n<p>&nbsp;<\/p>\n<p><a href=\"http:\/\/christusnews.de\/site\/wp-content\/uploads\/Innen171011.jpg\"><img loading=\"lazy\" decoding=\"async\" class=\" size-medium wp-image-1508 aligncenter\" src=\"http:\/\/christusnews.de\/site\/wp-content\/uploads\/Innen171011-195x300.jpg\" alt=\"Innen171011\" width=\"195\" height=\"300\" srcset=\"https:\/\/christusnews.de\/site\/wp-content\/uploads\/Innen171011-195x300.jpg 195w, https:\/\/christusnews.de\/site\/wp-content\/uploads\/Innen171011.jpg 250w\" sizes=\"auto, (max-width: 195px) 100vw, 195px\" \/><\/a>[\/vc_column_text][\/vc_accordion_tab][vc_accordion_tab title=&#8221;14. Oktober: Wo kommen die 1,7 Tonnen hin??&#8221;][vc_column_text]Im neu ausgelegten Altarraum besprechen Steinmetz und Architekt den Ort des Altars, der jetzt erheblich weiter vorne positioniert sein wird.<\/p>\n<p>&nbsp;<\/p>\n<p><a href=\"http:\/\/christusnews.de\/site\/wp-content\/uploads\/Innen141011.jpg\"><img loading=\"lazy\" decoding=\"async\" class=\" size-medium wp-image-1509 aligncenter\" src=\"http:\/\/christusnews.de\/site\/wp-content\/uploads\/Innen141011-300x295.jpg\" alt=\"Innen141011\" width=\"300\" height=\"295\" srcset=\"https:\/\/christusnews.de\/site\/wp-content\/uploads\/Innen141011.jpg 300w, https:\/\/christusnews.de\/site\/wp-content\/uploads\/Innen141011-70x70.jpg 70w, https:\/\/christusnews.de\/site\/wp-content\/uploads\/Innen141011-50x50.jpg 50w\" sizes=\"auto, (max-width: 300px) 100vw, 300px\" \/><\/a>[\/vc_column_text][\/vc_accordion_tab][vc_accordion_tab title=&#8221;13. Oktober: Architekt und Malermeister&#8221;][vc_column_text]Gestern ging es noch einmal um die Farbe des Bodens. Architekt Tonndorf und Malermeister Bratzke fanden die richtige Farbe(hier auf dem Tisch zwischen ihnen liegend). Am Freitag wird der Boden damit gestrichen.<\/p>\n<p>&nbsp;<\/p>\n<p><a href=\"http:\/\/christusnews.de\/site\/wp-content\/uploads\/Innen131011.jpg\"><img loading=\"lazy\" decoding=\"async\" class=\" size-medium wp-image-1510 aligncenter\" src=\"http:\/\/christusnews.de\/site\/wp-content\/uploads\/Innen131011-300x267.jpg\" alt=\"Innen131011\" width=\"300\" height=\"267\" \/><\/a>[\/vc_column_text][\/vc_accordion_tab][vc_accordion_tab title=&#8221;6. Oktober: Altartisch und Anschl\u00fcsse&#8221;][vc_column_text]Wo kommt der Altar hin und wo sind die Microanschl\u00fcsse. Das war gestern noch einmal Thema. Noch ist nichts zu sp\u00e4t. Absprachen k\u00f6nnen noch jetzt korrigiert werden.<\/p>\n<p>&nbsp;<\/p>\n<p><a href=\"http:\/\/christusnews.de\/site\/wp-content\/uploads\/Innen061011.jpg\"><img loading=\"lazy\" decoding=\"async\" class=\" size-medium wp-image-1511 aligncenter\" src=\"http:\/\/christusnews.de\/site\/wp-content\/uploads\/Innen061011-300x201.jpg\" alt=\"Innen061011\" width=\"300\" height=\"201\" srcset=\"https:\/\/christusnews.de\/site\/wp-content\/uploads\/Innen061011.jpg 300w, https:\/\/christusnews.de\/site\/wp-content\/uploads\/Innen061011-263x177.jpg 263w\" sizes=\"auto, (max-width: 300px) 100vw, 300px\" \/><\/a>[\/vc_column_text][\/vc_accordion_tab][vc_accordion_tab title=&#8221;5. Oktober: Architekt Tonndorf ist sich sicher: Das klappt alles!!&#8221;][vc_column_text]Architekt Tonndorf ist sich sicher, dass die Arbeiten bis zum 3. Advent fertig sind. &#8220;Wir sind gut im Zeitplan, der Er\u00f6ffnung wird klappen&#8221;. Das hofft die Kirchengemeinde auch und ist sich da auch (fast) sicher. Auch wenn das Bild so aussieht: Die Kirchengemeinde hat ihn nicht hinter Gitter gesetzt. Er ist nur hinter dem Bauzaun am Telefonieren.<\/p>\n<p>&nbsp;<\/p>\n<p><a href=\"http:\/\/christusnews.de\/site\/wp-content\/uploads\/Innen051011.jpg\"><img loading=\"lazy\" decoding=\"async\" class=\" size-medium wp-image-1512 aligncenter\" src=\"http:\/\/christusnews.de\/site\/wp-content\/uploads\/Innen051011-291x300.jpg\" alt=\"Innen051011\" width=\"291\" height=\"300\" srcset=\"https:\/\/christusnews.de\/site\/wp-content\/uploads\/Innen051011-291x300.jpg 291w, https:\/\/christusnews.de\/site\/wp-content\/uploads\/Innen051011.jpg 300w\" sizes=\"auto, (max-width: 291px) 100vw, 291px\" \/><\/a>[\/vc_column_text][\/vc_accordion_tab][vc_accordion_tab title=&#8221;3. Oktober: Noch liegt manches im Dunkeln&#8221;][vc_column_text]Vieles hat sich jetzt entschieden, aber einige Fragen sind noch offen. christusnews berichtet t\u00e4glich \u00fcber weitere Entscheidungen. Auch die kleinen Festlegungen machen etwas mit dem gro\u00dfen Bild, dies zeigt schon der Blick in die mittlerweile wieder entr\u00fcstete Kirche.<\/p>\n<p>&nbsp;<\/p>\n<p><a href=\"http:\/\/christusnews.de\/site\/wp-content\/uploads\/Innen031011.jpg\"><img loading=\"lazy\" decoding=\"async\" class=\" size-medium wp-image-1513 aligncenter\" src=\"http:\/\/christusnews.de\/site\/wp-content\/uploads\/Innen031011-300x215.jpg\" alt=\"Innen031011\" width=\"300\" height=\"215\" srcset=\"https:\/\/christusnews.de\/site\/wp-content\/uploads\/Innen031011-300x215.jpg 300w, https:\/\/christusnews.de\/site\/wp-content\/uploads\/Innen031011.jpg 400w\" sizes=\"auto, (max-width: 300px) 100vw, 300px\" \/><\/a>[\/vc_column_text][\/vc_accordion_tab][vc_accordion_tab title=&#8221;2. Oktober: Sockelfarbe und Bodenbelag&#8221;][vc_column_text]Sockelfarbe und Bodenfarbe werden ungef\u00e4hr so miteinander harmonieren. Der Ausschuss hat sich gegen eine dunkle Farbe entschieden.<\/p>\n<p>&nbsp;<\/p>\n<p><a href=\"http:\/\/christusnews.de\/site\/wp-content\/uploads\/Innen021011.jpg\"><img loading=\"lazy\" decoding=\"async\" class=\" size-medium wp-image-1514 aligncenter\" src=\"http:\/\/christusnews.de\/site\/wp-content\/uploads\/Innen021011-300x236.jpg\" alt=\"Innen021011\" width=\"300\" height=\"236\" \/><\/a>[\/vc_column_text][\/vc_accordion_tab][vc_accordion_tab title=&#8221;29. September: Endspurt der Maler&#8221;][vc_column_text]Das S\u00fcdschiff und die Empore sind die letzten gr\u00f6\u00dferen Bereiche, die die Maler noch streichen m\u00fcssen. Sie sind dabei und werden wahrscheinlich diese Woche dort fertig.<\/p>\n<p>&nbsp;<\/p>\n<p><a href=\"http:\/\/christusnews.de\/site\/wp-content\/uploads\/Innen290911.jpg\"><img loading=\"lazy\" decoding=\"async\" class=\" size-medium wp-image-1515 aligncenter\" src=\"http:\/\/christusnews.de\/site\/wp-content\/uploads\/Innen290911-300x259.jpg\" alt=\"Innen290911\" width=\"300\" height=\"259\" \/><\/a>[\/vc_column_text][\/vc_accordion_tab][vc_accordion_tab title=&#8221;28. September: Altes Kirchenbild im Bundeswehr Dienstleistungszentrum&#8221;][vc_column_text]Im Bundeswehr Dienstleistungszentrum ist derzeitig ein Bild eingelagert, das \u00fcber mehrere Jahre in der damaligen Garnisonkirche gehangen hat. Es hing urspr\u00fcnglich an der Orgelempore und war bekannt unter dem Titel &#8220;Ich hatte einen Kameraden&#8221;. Im Laufe des letzten Jahrhunderts verschwand es irgendwann und wurde an unterschiedlichen Orten bei der Bundeswehr und der Verwaltung pr\u00e4sentiert. Nun sucht es einen neuen Ort. Herr Zucher pr\u00e4sentiert hier das Bild im Archivraum. Es hat eine Gr\u00f6\u00dfe von 2,52 X 3,82 m.<\/p>\n<p>&nbsp;<\/p>\n<p><a href=\"http:\/\/christusnews.de\/site\/wp-content\/uploads\/Innen280911.jpg\"><img loading=\"lazy\" decoding=\"async\" class=\" size-medium wp-image-1516 aligncenter\" src=\"http:\/\/christusnews.de\/site\/wp-content\/uploads\/Innen280911-300x269.jpg\" alt=\"Innen280911\" width=\"300\" height=\"269\" \/><\/a>[\/vc_column_text][\/vc_accordion_tab][vc_accordion_tab title=&#8221;25. September: Baubesichtigung mit fast 50 Menschen&#8221;][vc_column_text]Eine gro\u00dfe Baubesichtigung gab es am heutigen Sonntag um 11.30 Uhr. Fast 50 Menschen waren gekommen, um sich einen Eindruck von den Baufortschritten zu machen. Fotograph J\u00f6rg Sieberns machte dabei den obigen Schnappschuss vom Ger\u00fcst auf der S\u00fcdempore. Schon am 16.10. gibt es die n\u00e4chste F\u00fchrung durch die Baustelle. Auch dann hat es die n\u00e4chsten gro\u00dfen Schritte gegeben. Versprochen!!!!!!!!<\/p>\n<p>&nbsp;<\/p>\n<p><a href=\"http:\/\/christusnews.de\/site\/wp-content\/uploads\/Innen250911.jpg\"><img loading=\"lazy\" decoding=\"async\" class=\" size-medium wp-image-1517 aligncenter\" src=\"http:\/\/christusnews.de\/site\/wp-content\/uploads\/Innen250911-300x192.jpg\" alt=\"Innen250911\" width=\"300\" height=\"192\" \/><\/a>[\/vc_column_text][\/vc_accordion_tab][vc_accordion_tab title=&#8221;23. September: Sockelfarbe!?&#8221;][vc_column_text]Von der Farbenfirma Keim war Herr Heidmann da, er machte zwei Vorschl\u00e4ge f\u00fcr die Sockelfarbe. Auf dem Bild ist kein Unterschied zu erkennen, aber in natura tendiert das eine mehr ins GR\u00dcN, das andere ins BRAUN.<\/p>\n<p>&nbsp;<\/p>\n<p><a href=\"http:\/\/christusnews.de\/site\/wp-content\/uploads\/Innen220911.jpg\"><img loading=\"lazy\" decoding=\"async\" class=\" size-full wp-image-1518 aligncenter\" src=\"http:\/\/christusnews.de\/site\/wp-content\/uploads\/Innen220911.jpg\" alt=\"Innen220911\" width=\"250\" height=\"232\" \/><\/a>[\/vc_column_text][\/vc_accordion_tab][vc_accordion_tab title=&#8221;21. September: Neuer Lichtversuch&#8221;][vc_column_text]Seit gestern Abend gibt es einen neuen Lichtversuch in der Kirche. Carsten Frank h\u00e4ngte eine neue Lampe auf. An ihr soll kontrolliert werden, wie die Schattenbildung an den W\u00e4nden ist. Sollte die positiv sein, dann wird ein passendes Lampenmodell mit diesen Leuchtmitteln bestellt.<\/p>\n<p>&nbsp;<\/p>\n<p><a href=\"http:\/\/christusnews.de\/site\/wp-content\/uploads\/Innen210911.jpg\"><img loading=\"lazy\" decoding=\"async\" class=\" size-medium wp-image-1519 aligncenter\" src=\"http:\/\/christusnews.de\/site\/wp-content\/uploads\/Innen210911-300x195.jpg\" alt=\"Innen210911\" width=\"300\" height=\"195\" \/><\/a>[\/vc_column_text][\/vc_accordion_tab][vc_accordion_tab title=&#8221;17. September: Technikschrank kommt h\u00f6her&#8221;][vc_column_text]Der Technikschrank hinter der letzten Bank bekam gestern die richtige H\u00f6he f\u00fcr das eingebaute Podest der B\u00e4nke.<\/p>\n<p>&nbsp;<\/p>\n<p><a href=\"http:\/\/christusnews.de\/site\/wp-content\/uploads\/Innen160911.jpg\"><img loading=\"lazy\" decoding=\"async\" class=\" size-full wp-image-1520 aligncenter\" src=\"http:\/\/christusnews.de\/site\/wp-content\/uploads\/Innen160911.jpg\" alt=\"Innen160911\" width=\"250\" height=\"193\" \/><\/a>[\/vc_column_text][\/vc_accordion_tab][vc_accordion_tab title=&#8221;15. September: Stellprobe mit K\u00fcster&#8221;][vc_column_text]Im einger\u00fcsteten Altarbereich stehen die K\u00fcster und betrachten Teile ihres neuen Arbeitsplatzes. Hier wird der Altar stehen. Oben an der Decke sird die Halterungen f\u00fcr Leinwand und Kranz gebohrt worden. Das wird schon richtig sen.<\/p>\n<p>&nbsp;<\/p>\n<p><a href=\"http:\/\/christusnews.de\/site\/wp-content\/uploads\/Innen150911.jpg\"><img loading=\"lazy\" decoding=\"async\" class=\" size-medium wp-image-1521 aligncenter\" src=\"http:\/\/christusnews.de\/site\/wp-content\/uploads\/Innen150911-300x184.jpg\" alt=\"Innen150911\" width=\"300\" height=\"184\" \/><\/a>[\/vc_column_text][\/vc_accordion_tab][vc_accordion_tab title=&#8221;12. September: Im Gewirr der Stangen den \u00dcberblick behalten&#8221;][vc_column_text]Carsten Frank beh\u00e4lt den \u00dcberblick. Im Gewirr der Ger\u00fcststangen und verdeckt von den Planken muss er die L\u00f6cher bohren, durch die die Stahlseile f\u00fcr Leinwand und Adventskranz gezogen werden. Er hat die richtigen Stellen gefunden.<\/p>\n<p>&nbsp;<\/p>\n<p><a href=\"http:\/\/christusnews.de\/site\/wp-content\/uploads\/Innen120911.jpg\"><img loading=\"lazy\" decoding=\"async\" class=\" size-medium wp-image-1522 aligncenter\" src=\"http:\/\/christusnews.de\/site\/wp-content\/uploads\/Innen120911-115x300.jpg\" alt=\"Innen120911\" width=\"115\" height=\"300\" srcset=\"https:\/\/christusnews.de\/site\/wp-content\/uploads\/Innen120911-115x300.jpg 115w, https:\/\/christusnews.de\/site\/wp-content\/uploads\/Innen120911.jpg 200w\" sizes=\"auto, (max-width: 115px) 100vw, 115px\" \/><\/a>[\/vc_column_text][\/vc_accordion_tab][vc_accordion_tab title=&#8221;10. September: Ger\u00fcst an der Westseite&#8221;][vc_column_text]Das Ger\u00fcst an der Westseite ist gestern (bis auf einen kleinen Rest) komplett abgebaut worden. Die Mitarbeiter der Firma Bratzke bauten die Teile teilweise dann wieder am Nordgiebel auf, wo die letzten Aussenarbeiten stattfinden.<\/p>\n<p>&nbsp;<\/p>\n<p><a href=\"http:\/\/christusnews.de\/site\/wp-content\/uploads\/Innen100911a.jpg\"><img loading=\"lazy\" decoding=\"async\" class=\" size-medium wp-image-1523 aligncenter\" src=\"http:\/\/christusnews.de\/site\/wp-content\/uploads\/Innen100911a-300x222.jpg\" alt=\"Innen100911a\" width=\"300\" height=\"222\" \/><\/a>[\/vc_column_text][\/vc_accordion_tab][vc_accordion_tab title=&#8221;9. September: Altarraum bekommt Farbe&#8221;][vc_column_text]Der Blitz der Kamera entstellt es etwas, aber schon jetzt ist zu sehen, dass die Wandfarbe fast komplett aufgetragen ist. Sie ist im Original aber nicht so wei\u00df wie hier zu sehen ist.<\/p>\n<p>&nbsp;<\/p>\n<p><a href=\"http:\/\/christusnews.de\/site\/wp-content\/uploads\/Innen090911.jpg\"><img loading=\"lazy\" decoding=\"async\" class=\" size-medium wp-image-1524 aligncenter\" src=\"http:\/\/christusnews.de\/site\/wp-content\/uploads\/Innen090911-300x199.jpg\" alt=\"Innen090911\" width=\"300\" height=\"199\" \/><\/a>[\/vc_column_text][\/vc_accordion_tab][vc_accordion_tab title=&#8221;7. September: Westseite wird befreit&#8221;][vc_column_text]Die Westseite wird vom Ger\u00fcst befreit. Ein letztes Mal wandert auf der Aussenseite das Ger\u00fcst. Nun von der Westseite (dem Eingangsbereich) zur Nordseite. Dann sind die Aussenw\u00e4nde fertig.<\/p>\n<p>&nbsp;<\/p>\n<p><a href=\"http:\/\/christusnews.de\/site\/wp-content\/uploads\/Innen070911.jpg\"><img loading=\"lazy\" decoding=\"async\" class=\" size-medium wp-image-1525 aligncenter\" src=\"http:\/\/christusnews.de\/site\/wp-content\/uploads\/Innen070911-206x300.jpg\" alt=\"Innen070911\" width=\"206\" height=\"300\" srcset=\"https:\/\/christusnews.de\/site\/wp-content\/uploads\/Innen070911-206x300.jpg 206w, https:\/\/christusnews.de\/site\/wp-content\/uploads\/Innen070911.jpg 350w\" sizes=\"auto, (max-width: 206px) 100vw, 206px\" \/><\/a>[\/vc_column_text][\/vc_accordion_tab][vc_accordion_tab title=&#8221;3. September: Neue Leuchtmittel&#8221;][vc_column_text]Nach der Leuchtprobe mit den Regenbogenschattierungen sind nun die neuen Leuchtmittel angekommen. Mal sehen wie in der dunklen Kirche die anderen Leuchtmittel wirken werden. Auf jeden Fall sind es ja keine 60 Watt Birnen. Das Thema war ja sowieso durch. ;-)))<\/p>\n<p>&nbsp;<\/p>\n<p><a href=\"http:\/\/christusnews.de\/site\/wp-content\/uploads\/Innen030911.jpg\"><img loading=\"lazy\" decoding=\"async\" class=\" size-medium wp-image-1526 aligncenter\" src=\"http:\/\/christusnews.de\/site\/wp-content\/uploads\/Innen030911-300x214.jpg\" alt=\"Innen030911\" width=\"300\" height=\"214\" srcset=\"https:\/\/christusnews.de\/site\/wp-content\/uploads\/Innen030911-300x214.jpg 300w, https:\/\/christusnews.de\/site\/wp-content\/uploads\/Innen030911.jpg 350w\" sizes=\"auto, (max-width: 300px) 100vw, 300px\" \/><\/a>[\/vc_column_text][\/vc_accordion_tab][vc_accordion_tab title=&#8221;31. August: Innenger\u00fcst wird heute komplett aufgebaut&#8221;][vc_column_text]Bis zum heutigen Abend wird der Rest des Innenger\u00fcsts in unserer Kirche aufgebaut. Dann werden auch die Emporenw\u00e4nde bearbeitet und zuerst abgebeizt und dann neu gestrichen. Bis zum 23. September wird das Ger\u00fcst dann in der Kirche stehen, bevor es endg\u00fcltig rausgeholt wird.<\/p>\n<p>&nbsp;<\/p>\n<p><a href=\"http:\/\/christusnews.de\/site\/wp-content\/uploads\/Innen3108.jpg\"><img loading=\"lazy\" decoding=\"async\" class=\" size-medium wp-image-1527 aligncenter\" src=\"http:\/\/christusnews.de\/site\/wp-content\/uploads\/Innen3108-300x94.jpg\" alt=\"Innen3108\" width=\"300\" height=\"94\" \/><\/a>[\/vc_column_text][\/vc_accordion_tab][vc_accordion_tab title=&#8221;27. August: Baustellenf\u00fchrung&#8221;][vc_column_text]Eine Baustellenf\u00fchrung war am heutigen Samstag. Fast 30 Menschen waren gekommen, um einen Blick in die Baustelle zu tun. Es lohnte sich. Vor allem, da zwei Stunden vor Beginn der Aktion der Elektriker eine neue Lampe aufgeh\u00e4ngt hatte. Am Motag wird der Bauausschuss dazu einen Entscheidung f\u00e4llen. Die n\u00e4chste Bauf\u00fchrung ist am 25. September um 12 Uhr.<\/p>\n<p>&nbsp;<\/p>\n<p><a href=\"http:\/\/christusnews.de\/site\/wp-content\/uploads\/Innen2708.jpg\"><img loading=\"lazy\" decoding=\"async\" class=\" size-medium wp-image-1528 aligncenter\" src=\"http:\/\/christusnews.de\/site\/wp-content\/uploads\/Innen2708-300x78.jpg\" alt=\"Innen2708\" width=\"300\" height=\"78\" \/><\/a>[\/vc_column_text][\/vc_accordion_tab][vc_accordion_tab title=&#8221;25. August: Bauausschuss begutachtet Wandfarbe&#8221;][vc_column_text]Nach langer Diskussion im Vorfeld um die neue Wandfarbe begutachtete der Bauausschuss jetzt die Wandfarbe im L\u00e4ngsschiff. Der Maler der Firma von Tim Bratzke pr\u00e4sentierte die Arbeit mit Stolz: Sieht gut aus, ich bin zufrieden &#8230; Der Bauauschus war auch zufrieden. :-))))<\/p>\n<p>Der Fleck an der Wand ist \u00fcbrigends kein Fleck, sondern die Halterung f\u00fcr das Niobe Denkmal.<\/p>\n<p>&nbsp;<\/p>\n<p><a href=\"http:\/\/christusnews.de\/site\/wp-content\/uploads\/Innen2508.jpg\"><img loading=\"lazy\" decoding=\"async\" class=\" size-medium wp-image-1529 aligncenter\" src=\"http:\/\/christusnews.de\/site\/wp-content\/uploads\/Innen2508-300x171.jpg\" alt=\"Innen2508\" width=\"300\" height=\"171\" \/><\/a>[\/vc_column_text][\/vc_accordion_tab][vc_accordion_tab title=&#8221;20. August: Zwei Beine und 10 Eimer Wasser&#8221;][vc_column_text]Im Hauptschiff werden die Fenster gerade gereinigt, bevor das Ger\u00fcst verschwindet. Am Dienstag wird es aus dem Langschiff entfernt sein. Der Maler ist dabei die Fenster zu putzen. Pro Fenster mindestens 10 Eimer Wasser brauche er f\u00fcr das Reinigen. sagt er, soviel Dreck und noch mehr habe sich abgelagert.<\/p>\n<p>&nbsp;<\/p>\n<p><a href=\"http:\/\/christusnews.de\/site\/wp-content\/uploads\/Innen2008.jpg\"><img loading=\"lazy\" decoding=\"async\" class=\" size-medium wp-image-1530 aligncenter\" src=\"http:\/\/christusnews.de\/site\/wp-content\/uploads\/Innen2008-300x183.jpg\" alt=\"Innen2008\" width=\"300\" height=\"183\" srcset=\"https:\/\/christusnews.de\/site\/wp-content\/uploads\/Innen2008-300x183.jpg 300w, https:\/\/christusnews.de\/site\/wp-content\/uploads\/Innen2008.jpg 350w\" sizes=\"auto, (max-width: 300px) 100vw, 300px\" \/><\/a>[\/vc_column_text][\/vc_accordion_tab][vc_accordion_tab title=&#8221;18. August: Altes Bild in neuem Glanz&#8221;][vc_column_text]Das alte Altarbild, das auf den S\u00fcdempore wieder h\u00e4ngen wird, ist neu restauriert. Es ist gut und erheblich heller geworden. Dank an die tolle Restauratorin!!<\/p>\n<p>&nbsp;<\/p>\n<p><a href=\"http:\/\/christusnews.de\/site\/wp-content\/uploads\/StankieNeu.jpg\"><img loading=\"lazy\" decoding=\"async\" class=\" size-medium wp-image-1531 aligncenter\" src=\"http:\/\/christusnews.de\/site\/wp-content\/uploads\/StankieNeu-212x300.jpg\" alt=\"StankieNeu\" width=\"212\" height=\"300\" srcset=\"https:\/\/christusnews.de\/site\/wp-content\/uploads\/StankieNeu-212x300.jpg 212w, https:\/\/christusnews.de\/site\/wp-content\/uploads\/StankieNeu.jpg 250w\" sizes=\"auto, (max-width: 212px) 100vw, 212px\" \/><\/a>[\/vc_column_text][\/vc_accordion_tab][vc_accordion_tab title=&#8221;13. August: Wandschaden&#8221;][vc_column_text]Im Hauptschiff ist an einigen Stellen die Feuchtigkeit durchgeschlagen. Dies liegt wahrscheinlich an den abmontierten Heizungskan\u00e4len. Das Problem ist erkannt und gebannt.<\/p>\n<p>&nbsp;<\/p>\n<p><a href=\"http:\/\/christusnews.de\/site\/wp-content\/uploads\/InnenWandschaeden.jpg\"><img loading=\"lazy\" decoding=\"async\" class=\" size-medium wp-image-1532 aligncenter\" src=\"http:\/\/christusnews.de\/site\/wp-content\/uploads\/InnenWandschaeden-300x198.jpg\" alt=\"InnenWandschaeden\" width=\"300\" height=\"198\" \/><\/a>[\/vc_column_text][\/vc_accordion_tab][vc_accordion_tab title=&#8221;11. August: Heizung und Ger\u00fcst &#8220;][vc_column_text]Das Ger\u00fcst in Vierung und Altarraum steht, die Heizung nimmt langsam Gestalt an und auch die S\u00e4ulen haben bereits ihren Anstrich erhalten<\/p>\n<p>&nbsp;<\/p>\n<p><a href=\"http:\/\/christusnews.de\/site\/wp-content\/uploads\/2011_08_11_geruest.jpg\"><img loading=\"lazy\" decoding=\"async\" class=\" size-medium wp-image-1533 aligncenter\" src=\"http:\/\/christusnews.de\/site\/wp-content\/uploads\/2011_08_11_geruest-300x199.jpg\" alt=\"2011_08_11_geruest\" width=\"300\" height=\"199\" srcset=\"https:\/\/christusnews.de\/site\/wp-content\/uploads\/2011_08_11_geruest-300x199.jpg 300w, https:\/\/christusnews.de\/site\/wp-content\/uploads\/2011_08_11_geruest.jpg 452w\" sizes=\"auto, (max-width: 300px) 100vw, 300px\" \/><\/a>[\/vc_column_text][\/vc_accordion_tab][vc_accordion_tab title=&#8221;7. August: Heizung&#8221;][vc_column_text]Die Sanit\u00e4rfirma hat die Regelanlagen eingebaut. Die neue Kirche wird eine Mischung von Luftheizung und station\u00e4ren W\u00e4rmespendern geben. Freuen Sie sich.<\/p>\n<p>&nbsp;<\/p>\n<p><a href=\"http:\/\/christusnews.de\/site\/wp-content\/uploads\/InnenHeizung.jpg\"><img loading=\"lazy\" decoding=\"async\" class=\" size-medium wp-image-1534 aligncenter\" src=\"http:\/\/christusnews.de\/site\/wp-content\/uploads\/InnenHeizung-300x239.jpg\" alt=\"InnenHeizung\" width=\"300\" height=\"239\" \/><\/a>[\/vc_column_text][\/vc_accordion_tab][vc_accordion_tab title=&#8221;3. August: Altarwand wird mit Absatz versehen&#8221;][vc_column_text]Im Altarraum wird ein Absatz an der Wand angebracht, der das Raumgef\u00fchl des Hauptschiffs auch in diesen Raum zieht.<\/p>\n<p>&nbsp;<\/p>\n<p><a href=\"http:\/\/christusnews.de\/site\/wp-content\/uploads\/InnenAltarwand.jpg\"><img loading=\"lazy\" decoding=\"async\" class=\" size-full wp-image-1535 aligncenter\" src=\"http:\/\/christusnews.de\/site\/wp-content\/uploads\/InnenAltarwand.jpg\" alt=\"InnenAltarwand\" width=\"200\" height=\"105\" \/><\/a>[\/vc_column_text][\/vc_accordion_tab][vc_accordion_tab title=&#8221;29. Juni: Keine Turmbesteigung&#8221;][vc_column_text]Jedes Jahr geh\u00f6rt die Turmbesteigung mit allen KIGA Kindern, die Lust auf viele Stufen haben, dazu. Kurz bevor die Schule als n\u00e4chste Etappe. Diese Jahr allerdings ist der Turmaufgang durch die Sanierung gesperrt . So gab es dieses Mal nur eine Baustellenbesichtigung.<\/p>\n<p>&nbsp;<\/p>\n<p><a href=\"http:\/\/christusnews.de\/site\/wp-content\/uploads\/Innen2906.jpg\"><img loading=\"lazy\" decoding=\"async\" class=\" size-medium wp-image-1536 aligncenter\" src=\"http:\/\/christusnews.de\/site\/wp-content\/uploads\/Innen2906-300x199.jpg\" alt=\"Innen2906\" width=\"300\" height=\"199\" srcset=\"https:\/\/christusnews.de\/site\/wp-content\/uploads\/Innen2906-300x199.jpg 300w, https:\/\/christusnews.de\/site\/wp-content\/uploads\/Innen2906.jpg 340w\" sizes=\"auto, (max-width: 300px) 100vw, 300px\" \/><\/a>[\/vc_column_text][\/vc_accordion_tab][vc_accordion_tab title=&#8221;28. Juni: Fertig!&#8221;][vc_column_text]Der Raum ist fertig, sagt der Maler und meint das S\u00fcdschiff. Dieser ist komplett von ihm abgebeizt worden.<\/p>\n<p>&nbsp;<\/p>\n<p><a href=\"http:\/\/christusnews.de\/site\/wp-content\/uploads\/Innen2806.jpg\"><img loading=\"lazy\" decoding=\"async\" class=\" size-medium wp-image-1537 aligncenter\" src=\"http:\/\/christusnews.de\/site\/wp-content\/uploads\/Innen2806-300x200.jpg\" alt=\"Innen2806\" width=\"300\" height=\"200\" \/><\/a>[\/vc_column_text][\/vc_accordion_tab][vc_accordion_tab title=&#8221;27. Juni: Ger\u00fcst im Langschiff&#8221;][vc_column_text]Das Ger\u00fcst im Langschiff steht. Nun ist es ganz aufgebaut. Die Fenster werden heute noch abgesichert, dann werden die W\u00e4nde neu verputzt.<\/p>\n<p>&nbsp;<\/p>\n<p><a href=\"http:\/\/christusnews.de\/site\/wp-content\/uploads\/Innen2706.jpg\"><img loading=\"lazy\" decoding=\"async\" class=\" size-medium wp-image-1538 aligncenter\" src=\"http:\/\/christusnews.de\/site\/wp-content\/uploads\/Innen2706-300x253.jpg\" alt=\"Innen2706\" width=\"300\" height=\"253\" \/><\/a>[\/vc_column_text][\/vc_accordion_tab][vc_accordion_tab title=&#8221;24. Juni: Papp Altar&#8221;][vc_column_text]Im Altar befindert sich zur Zeit eine Altar aus Pappe. Mit seiner Hilfe wird der neue Ort f\u00fcr den zuk\u00fcnftigen Altar bestimmt. Mit ihm zusammen soll dann auch der Ort f\u00fcr das Altarbild bestimmt werden.<\/p>\n<p>&nbsp;<\/p>\n<p><a href=\"http:\/\/christusnews.de\/site\/wp-content\/uploads\/Innen2406.jpg\"><img loading=\"lazy\" decoding=\"async\" class=\" size-medium wp-image-1540 aligncenter\" src=\"http:\/\/christusnews.de\/site\/wp-content\/uploads\/Innen2406-300x201.jpg\" alt=\"Innen2406\" width=\"300\" height=\"201\" srcset=\"https:\/\/christusnews.de\/site\/wp-content\/uploads\/Innen2406.jpg 300w, https:\/\/christusnews.de\/site\/wp-content\/uploads\/Innen2406-263x177.jpg 263w\" sizes=\"auto, (max-width: 300px) 100vw, 300px\" \/><\/a>[\/vc_column_text][\/vc_accordion_tab][vc_accordion_tab title=&#8221;22. Juni: Farbe&#8221;][vc_column_text]Mittlerweile wird die Farbe rundherum in der Kirche auf Leiternh\u00f6he abgebeizt. Dabei kommen teilweise neue Farbschichten zum Vorschein.<\/p>\n<p>&nbsp;<\/p>\n<p><a href=\"http:\/\/christusnews.de\/site\/wp-content\/uploads\/Innen2206.jpg\"><img loading=\"lazy\" decoding=\"async\" class=\" size-medium wp-image-1541 aligncenter\" src=\"http:\/\/christusnews.de\/site\/wp-content\/uploads\/Innen2206-300x199.jpg\" alt=\"Innen2206\" width=\"300\" height=\"199\" \/><\/a>[\/vc_column_text][\/vc_accordion_tab][vc_accordion_tab title=&#8221;10. Juni: Aussenfront wird bearbeitet.&#8221;][vc_column_text]m Aussenbereich wird derzeitig die Front bearbeitet. Die Maurer sind dabei, die kaputten Steine aus der Wand zu holen. Der S\u00fcdfl\u00fcgel ist schon als gutes Arbeitsbeispiel anzusehen.<\/p>\n<p>&nbsp;<\/p>\n<p><a href=\"http:\/\/christusnews.de\/site\/wp-content\/uploads\/Innen1006.jpg\"><img loading=\"lazy\" decoding=\"async\" class=\" size-medium wp-image-1542 aligncenter\" src=\"http:\/\/christusnews.de\/site\/wp-content\/uploads\/Innen1006-193x300.jpg\" alt=\"Innen1006\" width=\"193\" height=\"300\" srcset=\"https:\/\/christusnews.de\/site\/wp-content\/uploads\/Innen1006-193x300.jpg 193w, https:\/\/christusnews.de\/site\/wp-content\/uploads\/Innen1006.jpg 300w\" sizes=\"auto, (max-width: 193px) 100vw, 193px\" \/><\/a>[\/vc_column_text][\/vc_accordion_tab][vc_accordion_tab title=&#8221;8. Juni: Glasmalerei Peters fast fertig&#8221;][vc_column_text]Die drei S\u00fcdfenster sind fast fertig eingesetzt. Die Glasmalereifirma hat gute Arbeit geleistet. Nun werden nachtr\u00e4glich noch einige kleinere Fenster wieder hergestellt. Im Turm, im Hauptschiff zieren derzeitig Bretter einige Fensterleibungen.<\/p>\n<p>&nbsp;<\/p>\n<p><a href=\"http:\/\/christusnews.de\/site\/wp-content\/uploads\/Innen0806.jpg\"><img loading=\"lazy\" decoding=\"async\" class=\" size-medium wp-image-1543 aligncenter\" src=\"http:\/\/christusnews.de\/site\/wp-content\/uploads\/Innen0806-234x300.jpg\" alt=\"Innen0806\" width=\"234\" height=\"300\" srcset=\"https:\/\/christusnews.de\/site\/wp-content\/uploads\/Innen0806-234x300.jpg 234w, https:\/\/christusnews.de\/site\/wp-content\/uploads\/Innen0806.jpg 300w\" sizes=\"auto, (max-width: 234px) 100vw, 234px\" \/><\/a>[\/vc_column_text][\/vc_accordion_tab][vc_accordion_tab title=&#8221;7. Juni: Ger\u00fcste in der Kirche&#8221;][vc_column_text]Im Inneren der Kirche werden die Ger\u00fcste aufgebaut. An der S\u00fcdseite ist es fast fertig. Ab morgen werden hier die Vorarbeiten f\u00fcr dioe malerarbeiten beginnen.<\/p>\n<p>&nbsp;<\/p>\n<p><a href=\"http:\/\/christusnews.de\/site\/wp-content\/uploads\/Innen0706.jpg\"><img loading=\"lazy\" decoding=\"async\" class=\" size-medium wp-image-1544 aligncenter\" src=\"http:\/\/christusnews.de\/site\/wp-content\/uploads\/Innen0706-190x300.jpg\" alt=\"Innen0706\" width=\"190\" height=\"300\" srcset=\"https:\/\/christusnews.de\/site\/wp-content\/uploads\/Innen0706-190x300.jpg 190w, https:\/\/christusnews.de\/site\/wp-content\/uploads\/Innen0706.jpg 350w\" sizes=\"auto, (max-width: 190px) 100vw, 190px\" \/><\/a>[\/vc_column_text][\/vc_accordion_tab][vc_accordion_tab title=&#8221;31. Mai: Podeste fertig&#8221;][vc_column_text]Heute sollen die Podeste f\u00fcr die B\u00e4nke fertig sein, dann k\u00f6nnen jetzt die Ger\u00fcste aufgebaut werden. Die Mitarbeiter der Firma Pageler &amp; Hillers haben gute Arbeit abgeliefert.<\/p>\n<p>&nbsp;<\/p>\n<p><a href=\"http:\/\/christusnews.de\/site\/wp-content\/uploads\/Innen3005.jpg\"><img loading=\"lazy\" decoding=\"async\" class=\" size-medium wp-image-1545 aligncenter\" src=\"http:\/\/christusnews.de\/site\/wp-content\/uploads\/Innen3005-300x199.jpg\" alt=\"Innen3005\" width=\"300\" height=\"199\" srcset=\"https:\/\/christusnews.de\/site\/wp-content\/uploads\/Innen3005-300x199.jpg 300w, https:\/\/christusnews.de\/site\/wp-content\/uploads\/Innen3005.jpg 350w\" sizes=\"auto, (max-width: 300px) 100vw, 300px\" \/><\/a>[\/vc_column_text][\/vc_accordion_tab][vc_accordion_tab title=&#8221;30. Mai: Alles im Griff.&#8221;][vc_column_text]Die Mitarbeiter von Elektro Frank haben die neuen Kabel alle im Griff. Speziell da, wo sp\u00e4ter der neue Schaltkasten f\u00fcr unsere Anlage stehen wird, ist derzeitig ein ziemliches Gewirr zu sehen.<\/p>\n<p>&nbsp;<\/p>\n<p><a href=\"http:\/\/christusnews.de\/site\/wp-content\/uploads\/Innen3105.jpg\"><img loading=\"lazy\" decoding=\"async\" class=\" size-medium wp-image-1546 aligncenter\" src=\"http:\/\/christusnews.de\/site\/wp-content\/uploads\/Innen3105-300x182.jpg\" alt=\"Innen3105\" width=\"300\" height=\"182\" \/><\/a>[\/vc_column_text][\/vc_accordion_tab][vc_accordion_tab title=&#8221;26. Mai: Christus: vergittert!&#8221;][vc_column_text]Die Ger\u00fcste auf der Stirnseite erm\u00f6glichen ganz neue Blickwinkel. Nun ist unserer Christus \u00fcber dem Eingang eingegittert. Wir freuen uns auf die Freiheit am 3. Advent.<\/p>\n<p>&nbsp;<\/p>\n<p><a href=\"http:\/\/christusnews.de\/site\/wp-content\/uploads\/Innen2605.jpg\"><img loading=\"lazy\" decoding=\"async\" class=\" size-medium wp-image-1547 aligncenter\" src=\"http:\/\/christusnews.de\/site\/wp-content\/uploads\/Innen2605-300x200.jpg\" alt=\"Innen2605\" width=\"300\" height=\"200\" srcset=\"https:\/\/christusnews.de\/site\/wp-content\/uploads\/Innen2605-300x200.jpg 300w, https:\/\/christusnews.de\/site\/wp-content\/uploads\/Innen2605.jpg 350w\" sizes=\"auto, (max-width: 300px) 100vw, 300px\" \/><\/a>[\/vc_column_text][\/vc_accordion_tab][vc_accordion_tab title=&#8221;23. Mai: Ger\u00fcste wandern&#8221;][vc_column_text]Die Ger\u00fcste stehen jetzt auch im Eingangsbereich der Kirche. Hier wird jetzt die Front der &#8220;wachsenden&#8221; Gemeinde bearbeitet. Gr\u00fcn kommt es in vielen Fugen raus.<\/p>\n<p>&nbsp;<\/p>\n<p><a href=\"http:\/\/christusnews.de\/site\/wp-content\/uploads\/Innen2105.jpg\"><img loading=\"lazy\" decoding=\"async\" class=\" size-medium wp-image-1548 aligncenter\" src=\"http:\/\/christusnews.de\/site\/wp-content\/uploads\/Innen2105-191x300.jpg\" alt=\"Innen2105\" width=\"191\" height=\"300\" srcset=\"https:\/\/christusnews.de\/site\/wp-content\/uploads\/Innen2105-191x300.jpg 191w, https:\/\/christusnews.de\/site\/wp-content\/uploads\/Innen2105.jpg 300w\" sizes=\"auto, (max-width: 191px) 100vw, 191px\" \/><\/a>[\/vc_column_text][\/vc_accordion_tab][vc_accordion_tab title=&#8221;13. Mai: Alle drei Fenster sind auf der S\u00fcdseite ausgebaut.&#8221;][vc_column_text]Tiark Reese von der OLB Wilhelhelmshaven \u00fcberreichte f\u00fcr die OLB Stiftung einen Betrag von 2500 Euro f\u00fcr die Sanierung der Christus- und Garnisonkirche. Mit dem Geld soll die neu anzuschaffende Akustikanlage mitfinanziert werden. Tiark Reese informierte sich bei der \u00dcbergabe des Geldes in der Baustelle \u00fcber den derzeitigen Stand der Arbeiten.<\/p>\n<p>&nbsp;<\/p>\n<p><a href=\"http:\/\/christusnews.de\/site\/wp-content\/uploads\/Innen1805.jpg\"><img loading=\"lazy\" decoding=\"async\" class=\" size-full wp-image-1549 aligncenter\" src=\"http:\/\/christusnews.de\/site\/wp-content\/uploads\/Innen1805.jpg\" alt=\"Innen1805\" width=\"200\" height=\"200\" srcset=\"https:\/\/christusnews.de\/site\/wp-content\/uploads\/Innen1805.jpg 200w, https:\/\/christusnews.de\/site\/wp-content\/uploads\/Innen1805-150x150.jpg 150w, https:\/\/christusnews.de\/site\/wp-content\/uploads\/Innen1805-70x70.jpg 70w, https:\/\/christusnews.de\/site\/wp-content\/uploads\/Innen1805-180x180.jpg 180w, https:\/\/christusnews.de\/site\/wp-content\/uploads\/Innen1805-50x50.jpg 50w\" sizes=\"auto, (max-width: 200px) 100vw, 200px\" \/><\/a>[\/vc_column_text][\/vc_accordion_tab][vc_accordion_tab title=&#8221;12. Mai: Alles Blau macht der Mai.&#8221;][vc_column_text]Der herausgenommenen Fenster werden mit Folie abgeklebt. Im Juni kommen sie wieder.<\/p>\n<p>&nbsp;<\/p>\n<p><a href=\"http:\/\/christusnews.de\/site\/wp-content\/uploads\/Innen1205.jpg\"><img loading=\"lazy\" decoding=\"async\" class=\" size-medium wp-image-1550 aligncenter\" src=\"http:\/\/christusnews.de\/site\/wp-content\/uploads\/Innen1205-188x300.jpg\" alt=\"Innen1205\" width=\"188\" height=\"300\" srcset=\"https:\/\/christusnews.de\/site\/wp-content\/uploads\/Innen1205-188x300.jpg 188w, https:\/\/christusnews.de\/site\/wp-content\/uploads\/Innen1205.jpg 200w\" sizes=\"auto, (max-width: 188px) 100vw, 188px\" \/><\/a>[\/vc_column_text][\/vc_accordion_tab][vc_accordion_tab title=&#8221;11. Mai: Horch, was kommt von drau\u00dfen rein!&#8221;][vc_column_text]Die Mitarbeiter der Firma Peters nehmen die Fenster aus der S\u00fcdseite des Kirchenschiffs. Von au\u00dfen wird jetzt aufgebohrt.<\/p>\n<p>&nbsp;<\/p>\n<p><a href=\"http:\/\/christusnews.de\/site\/wp-content\/uploads\/Innen1105.jpg\"><img loading=\"lazy\" decoding=\"async\" class=\" size-medium wp-image-1551 aligncenter\" src=\"http:\/\/christusnews.de\/site\/wp-content\/uploads\/Innen1105-300x222.jpg\" alt=\"Innen1105\" width=\"300\" height=\"222\" \/><\/a>[\/vc_column_text][\/vc_accordion_tab][vc_accordion_tab title=&#8221;9. Mai: Grundlage&#8221;][vc_column_text]Pageler und Hillers erstellen gerade auf der rechten Seite die Holzb\u00f6den, auf die die B\u00e4nke montiert werden. Es nimmt alles Form an.<\/p>\n<p>&nbsp;<\/p>\n<p style=\"text-align: center;\"><a href=\"http:\/\/christusnews.de\/site\/wp-content\/uploads\/Innen0805.jpg\"><img loading=\"lazy\" decoding=\"async\" class=\"alignnone size-medium wp-image-1552\" src=\"http:\/\/christusnews.de\/site\/wp-content\/uploads\/Innen0805-300x181.jpg\" alt=\"Innen0805\" width=\"300\" height=\"181\" \/><\/a><\/p>\n<p>[\/vc_column_text][\/vc_accordion_tab][vc_accordion_tab title=&#8221;6. Mai: Heizungsrohre und cm-Arbeit&#8221;][vc_column_text]Die Heizungsrohre unter den Kirchenb\u00e4nken werden derzeit verlegt. Da es um cm und mm geht, damit die Rohre auch passen, mu\u00dften die B\u00e4nke teilweise wieder in die Kirche geholt werden, damit es auch nachher genau passt.<\/p>\n<p>&nbsp;<\/p>\n<p><a href=\"http:\/\/christusnews.de\/site\/wp-content\/uploads\/Innen605.jpg\"><img loading=\"lazy\" decoding=\"async\" class=\" size-full wp-image-1553 aligncenter\" src=\"http:\/\/christusnews.de\/site\/wp-content\/uploads\/Innen605.jpg\" alt=\"Innen605\" width=\"250\" height=\"187\" \/><\/a>[\/vc_column_text][\/vc_accordion_tab][vc_accordion_tab title=&#8221;5. Mai: Annie Soulshine in leerer Kirche??&#8221;][vc_column_text]Das Musikduo Annie Soulshine war jetzt auf unserer Baustelle. Gerne w\u00fcrden sie in der Kirche spielen. Aber das geht aus den bekannten Gr\u00fcnden nicht. So haben wir sie f\u00fcr den Gottesdienst am Samstag, den 14. Mai gewinnen k\u00f6nnen. Dann hei\u00dft es um 18 Uhr im Gottesdienst zum Gorch Fock Marathon: Lauf des Lebens. Da werden sie Musik manchen. Wir freuen uns.<\/p>\n<p>&nbsp;<\/p>\n<p><a href=\"http:\/\/christusnews.de\/site\/wp-content\/uploads\/Innen505.jpg\"><img loading=\"lazy\" decoding=\"async\" class=\" size-full wp-image-1554 aligncenter\" src=\"http:\/\/christusnews.de\/site\/wp-content\/uploads\/Innen505.jpg\" alt=\"Innen505\" width=\"200\" height=\"200\" srcset=\"https:\/\/christusnews.de\/site\/wp-content\/uploads\/Innen505.jpg 200w, https:\/\/christusnews.de\/site\/wp-content\/uploads\/Innen505-150x150.jpg 150w, https:\/\/christusnews.de\/site\/wp-content\/uploads\/Innen505-70x70.jpg 70w, https:\/\/christusnews.de\/site\/wp-content\/uploads\/Innen505-180x180.jpg 180w, https:\/\/christusnews.de\/site\/wp-content\/uploads\/Innen505-50x50.jpg 50w\" sizes=\"auto, (max-width: 200px) 100vw, 200px\" \/><\/a>[\/vc_column_text][\/vc_accordion_tab][vc_accordion_tab title=&#8221;21. April: Fugen um die Uhr&#8221;][vc_column_text]Der Fuger an der Kirche zeigt die Uhr, die er derzeitig neu verfugt. Ein Baum war aus den Fugen gewachsen. Der ist nun entfernt und alles muss neu verfugt werden.<\/p>\n<p>&nbsp;<\/p>\n<p><a href=\"http:\/\/christusnews.de\/site\/wp-content\/uploads\/Innen2104.jpg\"><img loading=\"lazy\" decoding=\"async\" class=\" size-medium wp-image-1555 aligncenter\" src=\"http:\/\/christusnews.de\/site\/wp-content\/uploads\/Innen2104-300x285.jpg\" alt=\"Innen2104\" width=\"300\" height=\"285\" \/><\/a>[\/vc_column_text][\/vc_accordion_tab][vc_accordion_tab title=&#8221;17. April: Sonnenschein&#8221;][vc_column_text]In der letzten Woche herrschter eitler Sonnenschein \u00fcber unserrer Baustelle. Die ersten Knospen an den B\u00e4umen treiben aus und in der Kirche ist im \u00fcbertragenen Sinne auch immer mehr zu sehen.<\/p>\n<p>&nbsp;<\/p>\n<p><a href=\"http:\/\/christusnews.de\/site\/wp-content\/uploads\/Innen1704.jpg\"><img loading=\"lazy\" decoding=\"async\" class=\" size-medium wp-image-1556 aligncenter\" src=\"http:\/\/christusnews.de\/site\/wp-content\/uploads\/Innen1704-300x200.jpg\" alt=\"Innen1704\" width=\"300\" height=\"200\" srcset=\"https:\/\/christusnews.de\/site\/wp-content\/uploads\/Innen1704-300x200.jpg 300w, https:\/\/christusnews.de\/site\/wp-content\/uploads\/Innen1704.jpg 350w\" sizes=\"auto, (max-width: 300px) 100vw, 300px\" \/><\/a>[\/vc_column_text][\/vc_accordion_tab][vc_accordion_tab title=&#8221;14. April: H\u00fclse und kein Weihnachtsbaum&#8221;][vc_column_text]Das ist die H\u00fclse, die im Dezember den Weihnachtsbaum beherbergt. Nun wird sie 1 Meter nach vorne versetzt.<\/p>\n<p>&nbsp;<\/p>\n<p><a href=\"http:\/\/christusnews.de\/site\/wp-content\/uploads\/Innen13041.jpg\"><img loading=\"lazy\" decoding=\"async\" class=\" size-full wp-image-1557 aligncenter\" src=\"http:\/\/christusnews.de\/site\/wp-content\/uploads\/Innen13041.jpg\" alt=\"Innen13041\" width=\"250\" height=\"209\" \/><\/a>[\/vc_column_text][\/vc_accordion_tab][vc_accordion_tab title=&#8221;12. April: Sponsorenschild fertig &#8230;&#8230;&#8230;&#8221;][vc_column_text]Vielleicht ist das Sponsorenschild ja doch noch nicht ganz fertig. Vielleicht m\u00fcssen ja doch noch Namen drunter gesetzt werden. Wer wei\u00df &#8230;&#8230;..?<\/p>\n<p>&nbsp;<\/p>\n<p><a href=\"http:\/\/christusnews.de\/site\/wp-content\/uploads\/Innen1204.jpg\"><img loading=\"lazy\" decoding=\"async\" class=\" size-medium wp-image-1558 aligncenter\" src=\"http:\/\/christusnews.de\/site\/wp-content\/uploads\/Innen1204-300x203.jpg\" alt=\"Innen1204\" width=\"300\" height=\"203\" srcset=\"https:\/\/christusnews.de\/site\/wp-content\/uploads\/Innen1204-300x203.jpg 300w, https:\/\/christusnews.de\/site\/wp-content\/uploads\/Innen1204-263x177.jpg 263w, https:\/\/christusnews.de\/site\/wp-content\/uploads\/Innen1204.jpg 350w\" sizes=\"auto, (max-width: 300px) 100vw, 300px\" \/><\/a>[\/vc_column_text][\/vc_accordion_tab][vc_accordion_tab title=&#8221;9. April: Neue T\u00fcr und neuer Raum&#8221;][vc_column_text]Wenn man in den Eingangsbereich der Kirche kam, dann war auf der rechten Seite bisher ein Pseudot\u00fcr und ein Kellerraum zu finden. Seit heute ist die T\u00fcr ge\u00f6ffnet. Eine Decke ist eingezogen worden und nun k\u00f6nnen Podeste der Kirche unsd Materialeien abgestellt werden.<\/p>\n<p>&nbsp;<\/p>\n<p><a href=\"http:\/\/christusnews.de\/site\/wp-content\/uploads\/Innen0904.jpg\"><img loading=\"lazy\" decoding=\"async\" class=\" size-medium wp-image-1559 aligncenter\" src=\"http:\/\/christusnews.de\/site\/wp-content\/uploads\/Innen0904-180x300.jpg\" alt=\"Innen0904\" width=\"180\" height=\"300\" srcset=\"https:\/\/christusnews.de\/site\/wp-content\/uploads\/Innen0904-180x300.jpg 180w, https:\/\/christusnews.de\/site\/wp-content\/uploads\/Innen0904.jpg 300w\" sizes=\"auto, (max-width: 180px) 100vw, 180px\" \/><\/a>[\/vc_column_text][\/vc_accordion_tab][vc_accordion_tab title=&#8221;6. April: Beton f\u00fcr die Heizungsl\u00f6cher&#8221;][vc_column_text]Seit heute morgen wird der Beton f\u00fcr das Verf\u00fcllen der Heizungsstationen gebracht. Also nicht in die Heizung, sondern daneben. ;-))<\/p>\n<p>&nbsp;<\/p>\n<p><a href=\"http:\/\/christusnews.de\/site\/wp-content\/uploads\/Innen0604.jpg\"><img loading=\"lazy\" decoding=\"async\" class=\" size-medium wp-image-1560 aligncenter\" src=\"http:\/\/christusnews.de\/site\/wp-content\/uploads\/Innen0604-300x166.jpg\" alt=\"Innen0604\" width=\"300\" height=\"166\" \/><\/a>[\/vc_column_text][\/vc_accordion_tab][vc_accordion_tab title=&#8221;31. M\u00e4rz: Starkstrom im Altarraum&#8221;][vc_column_text]Im \u00fcbertragenen Sinne m\u00fc\u00dfte eigentlich st\u00e4ndig Starkstrom im Altarraum herrschen. Nun ist er auch tats\u00e4chlich in den Leitungen. Pascal Eilert zeigt hier die Orte, von denen aus k\u00fcnftig bei Konzerten die Anlagen der Musiker versorgt werden. Also ab jetzt: Immer Starkstrom im Altarraum &#8211; sowieso!!!!!!<\/p>\n<p>&nbsp;<\/p>\n<p><a href=\"http:\/\/christusnews.de\/site\/wp-content\/uploads\/Innen3103.jpg\"><img loading=\"lazy\" decoding=\"async\" class=\" size-medium wp-image-1561 aligncenter\" src=\"http:\/\/christusnews.de\/site\/wp-content\/uploads\/Innen3103-300x261.jpg\" alt=\"Innen3103\" width=\"300\" height=\"261\" srcset=\"https:\/\/christusnews.de\/site\/wp-content\/uploads\/Innen3103-300x261.jpg 300w, https:\/\/christusnews.de\/site\/wp-content\/uploads\/Innen3103.jpg 350w\" sizes=\"auto, (max-width: 300px) 100vw, 300px\" \/><\/a>[\/vc_column_text][\/vc_accordion_tab][vc_accordion_tab title=&#8221;29. M\u00e4rz: Ab in den Untergrund&#8221;][vc_column_text]Die Rohre f\u00fcr die Elektroleitungen werden gerade im Untergrund verlegt. Die Mitarbeiter der Firma Frank bringen sie aus dem Heizungskeller (oder aus dem ehemaligen Heizungsschacht am Altarraum) unter die Erde. Die Mitarbeiter werden noch drei rtage damit und dem Schlitzen und Stemmen f\u00fcr die leitungen t\u00e4tig sein.<\/p>\n<p>&nbsp;<\/p>\n<p><a href=\"http:\/\/christusnews.de\/site\/wp-content\/uploads\/Innen2903.jpg\"><img loading=\"lazy\" decoding=\"async\" class=\" size-medium wp-image-1562 aligncenter\" src=\"http:\/\/christusnews.de\/site\/wp-content\/uploads\/Innen2903-300x200.jpg\" alt=\"Innen2903\" width=\"300\" height=\"200\" \/><\/a>[\/vc_column_text][\/vc_accordion_tab][vc_accordion_tab title=&#8221;22. M\u00e4rz: Warmluftstationen werden eingesetzt&#8221;][vc_column_text]Die Firma Mahr hat begonnen, die Warmluftstationen einzusetzen. Hier wird gerade im Altarraum die Station eingebaut. Die 300 Kilo schweren Stationen werden per Kran in die aufgebrochenen L\u00f6\u00e4cher gesetzt. Der leitende Ingenieur Heimsch war anwesend.<\/p>\n<p>&nbsp;<\/p>\n<p><a href=\"http:\/\/christusnews.de\/site\/wp-content\/uploads\/Innen2201.jpg\"><img loading=\"lazy\" decoding=\"async\" class=\" size-medium wp-image-1563 aligncenter\" src=\"http:\/\/christusnews.de\/site\/wp-content\/uploads\/Innen2201-300x237.jpg\" alt=\"Innen2201\" width=\"300\" height=\"237\" srcset=\"https:\/\/christusnews.de\/site\/wp-content\/uploads\/Innen2201-300x237.jpg 300w, https:\/\/christusnews.de\/site\/wp-content\/uploads\/Innen2201.jpg 350w\" sizes=\"auto, (max-width: 300px) 100vw, 300px\" \/><\/a>[\/vc_column_text][\/vc_accordion_tab][vc_accordion_tab title=&#8221;17. M\u00e4rz: Rechnen f\u00fcr die Leitungen&#8221;][vc_column_text]Carsten Frank ist mit den Elektroarbeiten in der Kirche beauftragt. Derzeitig rechnet er, wieviel km Kabel brauchen wir? Oberhalb des Kirchenschiffs? In der Erde? In den W\u00e4nden? In den Emporen?<\/p>\n<p>&nbsp;<\/p>\n<p><a href=\"http:\/\/christusnews.de\/site\/wp-content\/uploads\/Innen1703.jpg\"><img loading=\"lazy\" decoding=\"async\" class=\" size-medium wp-image-1564 aligncenter\" src=\"http:\/\/christusnews.de\/site\/wp-content\/uploads\/Innen1703-300x194.jpg\" alt=\"Innen1703\" width=\"300\" height=\"194\" \/><\/a>[\/vc_column_text][\/vc_accordion_tab][vc_accordion_tab title=&#8221;12. M\u00e4rz: vier Warmluftstationen&#8221;][vc_column_text]Vor dem S\u00fcdschif, dem Nordschiff, im Altarraum und vor der letzten Bank. Das sind die Orte der Bodenl\u00f6cher, in denen die Warmluftstationen eingearbeitet werden sollen.<\/p>\n<p>&nbsp;<\/p>\n<p><a href=\"http:\/\/christusnews.de\/site\/wp-content\/uploads\/Innen1103.jpg\"><img loading=\"lazy\" decoding=\"async\" class=\" size-medium wp-image-1565 aligncenter\" src=\"http:\/\/christusnews.de\/site\/wp-content\/uploads\/Innen1103-300x222.jpg\" alt=\"Innen1103\" width=\"300\" height=\"222\" \/><\/a>[\/vc_column_text][\/vc_accordion_tab][vc_accordion_tab title=&#8221;6. M\u00e4rz: Neuer Termin f\u00fcr die Er\u00f6ffnung!!&#8221;][vc_column_text]Die l\u00e4ngeren Planungen haben nun doch eine Verz\u00f6gerung mit sich gebracht. Die Er\u00f6ffnung wird nun am 4. Advent stattfinden. Damit ist die Kirchengemeinde in der Weihnachtszeit wieder in der Kirche. Geplant war der Herbst vor den Ferien. &#8220;Wir sind froh, wenn wir es in diesem Jahr schaffen. Und dazu sind jetzt erstmal alle Grundkonstanten gekl\u00e4rt. Da kommt jetzt nichts mehr dazwischen,&#8221; verlautete es aus dem Bauausschuss der Gemeinde.<\/p>\n<p>&nbsp;<\/p>\n<p><a href=\"http:\/\/christusnews.de\/site\/wp-content\/uploads\/Christuskirche.jpg\"><img loading=\"lazy\" decoding=\"async\" class=\" size-full wp-image-1566 aligncenter\" src=\"http:\/\/christusnews.de\/site\/wp-content\/uploads\/Christuskirche.jpg\" alt=\"Christuskirche\" width=\"200\" height=\"200\" \/><\/a>[\/vc_column_text][\/vc_accordion_tab][vc_accordion_tab title=&#8221;1. M\u00e4rz: Neues Licht in altem Altarbild&#8221;][vc_column_text]Das alte Altarbild von der Empore wird derzeitig bearbeitet. Von einem Zwischenstand berichtet die Restauratorin und schreibt: &#8221; &#8230;handelt es sich hier um einen Zwischenzustand, da eine Gem\u00e4ldeoberfl\u00e4che nach einer Firnisabnahme eine andere Lichtwirkung hat und nach Abnahme des gesamten Firnis noch einmal eine abschlie\u00dfende Reinigung erfolgt. Die Reinigungsachse habe ich den Formen angepasst, um eventuelle Abs\u00e4tze zu vermeiden. Das Detailphoto veranschaulicht den Alterungsprozess der Malschicht. Die unruhigen Stellen werden durch Retusche optisch beruhigt. Schon jetzt ist erkennbar, wie stark die urspr\u00fcngliche Farbigkeit durch den \u201e Zahn der Zeit \u201c verf\u00e4lscht wurde.&#8221;<\/p>\n<p>&nbsp;<\/p>\n<p><a href=\"http:\/\/christusnews.de\/site\/wp-content\/uploads\/Altesaltarbild1.jpg\"><img loading=\"lazy\" decoding=\"async\" class=\" size-medium wp-image-1567 aligncenter\" src=\"http:\/\/christusnews.de\/site\/wp-content\/uploads\/Altesaltarbild1-189x300.jpg\" alt=\"Altesaltarbild1\" width=\"189\" height=\"300\" srcset=\"https:\/\/christusnews.de\/site\/wp-content\/uploads\/Altesaltarbild1-189x300.jpg 189w, https:\/\/christusnews.de\/site\/wp-content\/uploads\/Altesaltarbild1.jpg 250w\" sizes=\"auto, (max-width: 189px) 100vw, 189px\" \/><\/a>[\/vc_column_text][\/vc_accordion_tab][vc_accordion_tab title=&#8221;25. Februar: Was ist hier los?? Ist hier nichts los??&#8221;][vc_column_text]Drau\u00dfen ist immer noch der Hund verfroren. Soll hei\u00dfen, es ist zu kalt um die Fugen weiter zu bearbeiten und neue Steine einzusetzen. In der Kirche liegen seit einigen Tagen die Arbeiten brach. Ursache ist die Diskussion um die Heizung. Unklarheit besteht \u00fcber das ben\u00f6tigte Ausma\u00df der Arbeiten. Am Dienstag wird das gekl\u00e4rt, dann wieder mehr hier im Tagebuch.[\/vc_column_text][\/vc_accordion_tab][vc_accordion_tab title=&#8221;17. Februar: Schlicktown-Singers und Einsatzflottille 2 unterst\u00fctzen die Sanierung der Christus- und Garnisonkirche&#8221;][vc_column_text]Mit einem vorweihnachtlichen Benefizkonzert an Bord des Einsatzgruppenversorgers Berlin war die Kirchensanierung der Christus- und Garnisonkirche unterst\u00fctzt worden. Jetzt wurde der Erl\u00f6s der Kirchengemeinde \u00fcbergeben. Kapit\u00e4n zur See J\u00fcrgen Looft, Kommandeur des Tro\u00dfgeschwaders, und Willi Hehl, Leiter der Schlicktown-Singers, \u00fcbergaben den Reinerl\u00f6s von 500 Euro an K\u00fcsterin Heike B\u00f6ncker und Pastor Morgenstern. Im Hintergrund ist das sanierte Fenster im S\u00fcdschiff zusehen, das gerade eingesetzt worden ist. Es erz\u00e4hlt schon von der voranschreitenden Sanierung.<\/p>\n<p>&nbsp;<\/p>\n<p><a href=\"http:\/\/christusnews.de\/site\/wp-content\/uploads\/Innen1702.jpg\"><img loading=\"lazy\" decoding=\"async\" class=\" size-medium wp-image-1568 aligncenter\" src=\"http:\/\/christusnews.de\/site\/wp-content\/uploads\/Innen1702-300x208.jpg\" alt=\"Innen1702\" width=\"300\" height=\"208\" srcset=\"https:\/\/christusnews.de\/site\/wp-content\/uploads\/Innen1702-300x208.jpg 300w, https:\/\/christusnews.de\/site\/wp-content\/uploads\/Innen1702.jpg 350w\" sizes=\"auto, (max-width: 300px) 100vw, 300px\" \/><\/a>[\/vc_column_text][\/vc_accordion_tab][vc_accordion_tab title=&#8221;16. Februar: Nicht alle B\u00e4nke haben die Kirche verlassen &#8230;.&#8221;][vc_column_text]&#8230;. vier B\u00e4nke sind noch da. W\u00e4hrend alle B\u00e4nke aus dem Hauptschiff gerade sicher eingelagert sind, warten vier B\u00e4nke noch auf ihre K\u00e4ufer. Sie stammen aus dem S\u00fcdschiff und dort von der Empore. Sie sind 7 bzw. 8 m lang. Seit Anfang der Woche werden sie auf Ebay angeboten. Surfen Sie doch einfach mal. Vielleicht wollen Sie ja mitbieten. (Eine 8 m lange Kirchenbank, die passt doch in Ihr Wohnzimmer !! Oder??) Die B\u00e4nke werden \u00fcbrigens auf der Empore nicht mehr gebraucht, weil diese umgestaltet wird.<\/p>\n<p>&nbsp;<\/p>\n<p><a href=\"http:\/\/christusnews.de\/site\/wp-content\/uploads\/aussen2908.jpg\"><img loading=\"lazy\" decoding=\"async\" class=\" size-full wp-image-1569 aligncenter\" src=\"http:\/\/christusnews.de\/site\/wp-content\/uploads\/aussen2908.jpg\" alt=\"aussen2908\" width=\"200\" height=\"200\" srcset=\"https:\/\/christusnews.de\/site\/wp-content\/uploads\/aussen2908.jpg 200w, https:\/\/christusnews.de\/site\/wp-content\/uploads\/aussen2908-150x150.jpg 150w, https:\/\/christusnews.de\/site\/wp-content\/uploads\/aussen2908-70x70.jpg 70w, https:\/\/christusnews.de\/site\/wp-content\/uploads\/aussen2908-180x180.jpg 180w, https:\/\/christusnews.de\/site\/wp-content\/uploads\/aussen2908-50x50.jpg 50w\" sizes=\"auto, (max-width: 200px) 100vw, 200px\" \/><\/a>[\/vc_column_text][\/vc_accordion_tab][vc_accordion_tab title=&#8221;10. Februar: Kirchbaustiftung unterst\u00fctzt Sanierung der Christus- und Garnisonkirche&#8221;][vc_column_text]Kirchbaustiftung unterst\u00fctzt Sanierung der Christus- und Garnisonkirche<\/p>\n<p>Gerd Katmann von der Kirchbaustiftung der Ev. \u2013luth. Kirche in Oldenburg \u00fcbergab jetzt der Kirchengemeinde 30 000 Euro f\u00fcr die Sanierung. Die Kirchbaustiftung unterst\u00fctzt die Altarraumsanierung. Damit hat die Kirchengemeinde allein mit Stiftungen 100 000 Euro eingeworben. Die Mitglieder des Gemeindekirchenrats zeigten sich dar\u00fcber gl\u00fccklich. Gemeinsam mit Pastor Bernhard Busemann \u00fcbernahmen sie den Spendenbrief. Weitere Spenden k\u00f6nnen nun direkt f\u00fcr die Umgestaltung des S\u00fcdschiffs eingesetzt werden. In diesem Bereich der Kirche sollen auf der Empore kirchliche Marine Exponate pr\u00e4sentiert werden, die im Moment noch nicht und nicht mehr zu sehen sind.<\/p>\n<p>&nbsp;<\/p>\n<p><a href=\"http:\/\/christusnews.de\/site\/wp-content\/uploads\/Spenden_bergabe_Kirchbaustiftung.jpg\"><img loading=\"lazy\" decoding=\"async\" class=\" size-full wp-image-1570 aligncenter\" src=\"http:\/\/christusnews.de\/site\/wp-content\/uploads\/Spenden_bergabe_Kirchbaustiftung.jpg\" alt=\"Spenden_bergabe_Kirchbaustiftung\" width=\"200\" height=\"200\" srcset=\"https:\/\/christusnews.de\/site\/wp-content\/uploads\/Spenden_bergabe_Kirchbaustiftung.jpg 200w, https:\/\/christusnews.de\/site\/wp-content\/uploads\/Spenden_bergabe_Kirchbaustiftung-150x150.jpg 150w, https:\/\/christusnews.de\/site\/wp-content\/uploads\/Spenden_bergabe_Kirchbaustiftung-70x70.jpg 70w, https:\/\/christusnews.de\/site\/wp-content\/uploads\/Spenden_bergabe_Kirchbaustiftung-180x180.jpg 180w, https:\/\/christusnews.de\/site\/wp-content\/uploads\/Spenden_bergabe_Kirchbaustiftung-50x50.jpg 50w\" sizes=\"auto, (max-width: 200px) 100vw, 200px\" \/><\/a>[\/vc_column_text][\/vc_accordion_tab][vc_accordion_tab title=&#8221;8. Februar: Sch\u00f6nes Wetter = Au\u00dfenarbeiten&#8221;][vc_column_text]Die Sonne erstrahlt \u00fcber Wilhelmshaven und gleich gehen die Au\u00dfenarbeiten weiter, Firma Lubitz wechselt weiter Steine aus und f\u00fcgt neue Formsteine ein.<\/p>\n<p>&nbsp;<\/p>\n<p><a href=\"http:\/\/christusnews.de\/site\/wp-content\/uploads\/Innen0802.jpg\"><img loading=\"lazy\" decoding=\"async\" class=\" size-full wp-image-1571 aligncenter\" src=\"http:\/\/christusnews.de\/site\/wp-content\/uploads\/Innen0802.jpg\" alt=\"Innen0802\" width=\"200\" height=\"200\" srcset=\"https:\/\/christusnews.de\/site\/wp-content\/uploads\/Innen0802.jpg 200w, https:\/\/christusnews.de\/site\/wp-content\/uploads\/Innen0802-150x150.jpg 150w, https:\/\/christusnews.de\/site\/wp-content\/uploads\/Innen0802-70x70.jpg 70w, https:\/\/christusnews.de\/site\/wp-content\/uploads\/Innen0802-180x180.jpg 180w, https:\/\/christusnews.de\/site\/wp-content\/uploads\/Innen0802-50x50.jpg 50w\" sizes=\"auto, (max-width: 200px) 100vw, 200px\" \/><\/a>[\/vc_column_text][\/vc_accordion_tab][vc_accordion_tab title=&#8221;6. Februar: Originale werden von G\u00fcnther und Christel Aufermann gekauft&#8221;][vc_column_text]Die Originale der Kunstdrucke von Hartmut Wiesner gehen in den Besitz von Familie Aufermann \u00fcber. Damit wird ein weiterer sch\u00f6ner Betrag auf dem HALTkonto gutgeschrieben. Herzlichen Dank dem K\u00fcnstler und den K\u00e4ufern.<\/p>\n<p>&nbsp;<\/p>\n<p><a href=\"http:\/\/christusnews.de\/site\/wp-content\/uploads\/Innen0602.jpg\"><img loading=\"lazy\" decoding=\"async\" class=\" size-medium wp-image-1572 aligncenter\" src=\"http:\/\/christusnews.de\/site\/wp-content\/uploads\/Innen0602-300x203.jpg\" alt=\"Innen0602\" width=\"300\" height=\"203\" srcset=\"https:\/\/christusnews.de\/site\/wp-content\/uploads\/Innen0602-300x203.jpg 300w, https:\/\/christusnews.de\/site\/wp-content\/uploads\/Innen0602-263x177.jpg 263w, https:\/\/christusnews.de\/site\/wp-content\/uploads\/Innen0602.jpg 350w\" sizes=\"auto, (max-width: 300px) 100vw, 300px\" \/><\/a>[\/vc_column_text][\/vc_accordion_tab][vc_accordion_tab title=&#8221;1. Februar: Es werde Licht!&#8221;][vc_column_text]Kerstin Schr\u00f6der und Monika Lohmann besichtigten am Dienstag die Kirche. Beide geh\u00f6ren zur Firma Dinnebier. Als Innenarchitektinnen besch\u00e4ftigen sie sich mit der Be- und Ausleuchtung von Kirchen. Innerhalb der n\u00e4chsten Wochen werden wir einen Vorschlag f\u00fcr unsere Kirche bekommen. Wir sind gespannt.<\/p>\n<p>&nbsp;<\/p>\n<p><a href=\"http:\/\/christusnews.de\/site\/wp-content\/uploads\/Innen0102.jpg\"><img loading=\"lazy\" decoding=\"async\" class=\" size-medium wp-image-1573 aligncenter\" src=\"http:\/\/christusnews.de\/site\/wp-content\/uploads\/Innen0102-300x175.jpg\" alt=\"Innen0102\" width=\"300\" height=\"175\" srcset=\"https:\/\/christusnews.de\/site\/wp-content\/uploads\/Innen0102-300x175.jpg 300w, https:\/\/christusnews.de\/site\/wp-content\/uploads\/Innen0102.jpg 350w\" sizes=\"auto, (max-width: 300px) 100vw, 300px\" \/><\/a>[\/vc_column_text][\/vc_accordion_tab][vc_accordion_tab title=&#8221;29. Januar: \u00dcber den D\u00e4chern &#8230;..&#8221;][vc_column_text]\u00dcber den D\u00e4chern ist in den letzten Tagen das Ger\u00fcst gr\u00f6\u00dfer geworden, das den Zugang zum Turm erleichtert. Von hier aus wird ein Balken ausgewechselt, der in der Vierung durchfeuchtet ist.<\/p>\n<p>&nbsp;<\/p>\n<p><a href=\"http:\/\/christusnews.de\/site\/wp-content\/uploads\/Innen2901.jpg\"><img loading=\"lazy\" decoding=\"async\" class=\" size-medium wp-image-1574 aligncenter\" src=\"http:\/\/christusnews.de\/site\/wp-content\/uploads\/Innen2901-300x194.jpg\" alt=\"Innen2901\" width=\"300\" height=\"194\" \/><\/a>[\/vc_column_text][\/vc_accordion_tab][vc_accordion_tab title=&#8221;28. Januar: Blick in den Untergrund&#8221;][vc_column_text]Der Blick in den Untergrund ist nicht toll. Architekt Tonndorf stellt fest, dass auch hier eine Spezialfirma die W\u00e4nde entsorgen muss. In der n\u00e4chsten Woche wird das passieren.<\/p>\n<p>&nbsp;<\/p>\n<p><a href=\"http:\/\/christusnews.de\/site\/wp-content\/uploads\/Inne2801.jpg\"><img loading=\"lazy\" decoding=\"async\" class=\" size-medium wp-image-1575 aligncenter\" src=\"http:\/\/christusnews.de\/site\/wp-content\/uploads\/Inne2801-300x198.jpg\" alt=\"Inne2801\" width=\"300\" height=\"198\" \/><\/a>[\/vc_column_text][\/vc_accordion_tab][vc_accordion_tab title=&#8221;25. Januar: \u00dcberraschender Fund im Altarraum&#8221;][vc_column_text]In diesem Schacht wurden beim Aufstemmen im Altarraum verschwei\u00dfte Kupferrohre (vermutlich vom Umbau 1956) gefunden. Vermutlich befinden sich darin Zeitdokumte und Umbaupl\u00e4ne von damals.<\/p>\n<p>&nbsp;<\/p>\n<p><a href=\"http:\/\/christusnews.de\/site\/wp-content\/uploads\/201101252.jpg\"><img loading=\"lazy\" decoding=\"async\" class=\" size-full wp-image-1576 aligncenter\" src=\"http:\/\/christusnews.de\/site\/wp-content\/uploads\/201101252.jpg\" alt=\"201101252\" width=\"200\" height=\"174\" \/><\/a>[\/vc_column_text][\/vc_accordion_tab][vc_accordion_tab title=&#8221;25. Januar: Teersteine werden aufgerissen&#8221;][vc_column_text]Unter den B\u00e4nken war Teppich, unter dem Teppich war Holz und unter dem Holz war Teerstein. Der wird gerade rausgeholt und aufgebrochen.<\/p>\n<p>&nbsp;<\/p>\n<p><a href=\"http:\/\/christusnews.de\/site\/wp-content\/uploads\/Innen2501.jpg\"><img loading=\"lazy\" decoding=\"async\" class=\" size-medium wp-image-1577 aligncenter\" src=\"http:\/\/christusnews.de\/site\/wp-content\/uploads\/Innen2501-300x193.jpg\" alt=\"Innen2501\" width=\"300\" height=\"193\" \/><\/a>[\/vc_column_text][\/vc_accordion_tab][vc_accordion_tab title=&#8221;24. Januar: \u00d6ffnung des Heizungsschachts&#8221;][vc_column_text]Der Heizungsschacht wird ge\u00f6ffnet und an andere Stelle verlegt. Daf\u00fcr muss die neu eingesetzte Mauer abgetragen werden. Im Nachhinein wird dann der alte Pfeiler wieder deutlicher zu sehen sein.<\/p>\n<p>&nbsp;<\/p>\n<p><a href=\"http:\/\/christusnews.de\/site\/wp-content\/uploads\/Innen2401.jpg\"><img loading=\"lazy\" decoding=\"async\" class=\" size-medium wp-image-1578 aligncenter\" src=\"http:\/\/christusnews.de\/site\/wp-content\/uploads\/Innen2401-300x242.jpg\" alt=\"Innen2401\" width=\"300\" height=\"242\" \/><\/a>[\/vc_column_text][\/vc_accordion_tab][vc_accordion_tab title=&#8221;19. Januar: Marine sammelt auf Empfang&#8221;][vc_column_text]Auf dem morgigen Neujahrsempfang wird die Marine f\u00fcr die Sanierung der Kirche sammeln. Soldaten holten HALT Dosen und das Plakat.<\/p>\n<p>&nbsp;<\/p>\n<p><a href=\"http:\/\/christusnews.de\/site\/wp-content\/uploads\/Innen1901.jpg\"><img loading=\"lazy\" decoding=\"async\" class=\" size-medium wp-image-1580 aligncenter\" src=\"http:\/\/christusnews.de\/site\/wp-content\/uploads\/Innen1901-245x300.jpg\" alt=\"Innen1901\" width=\"245\" height=\"300\" srcset=\"https:\/\/christusnews.de\/site\/wp-content\/uploads\/Innen1901-245x300.jpg 245w, https:\/\/christusnews.de\/site\/wp-content\/uploads\/Innen1901.jpg 400w\" sizes=\"auto, (max-width: 245px) 100vw, 245px\" \/><\/a>[\/vc_column_text][\/vc_accordion_tab][vc_accordion_tab title=&#8221;18. Januar: Das Fenster im S\u00fcdschiff wird ausgebaut!!&#8221;][vc_column_text]Mitarbeiter der Firma Peters bauen das Fenster im S\u00fcdschiff aus. Die Bleiverglasung wird \u00fcberarbeitet und die Betonverstrebungen neu erstellt. Eine Arbeit mit Grenzerfahrungen. Der Beton ist schwer und die Bleiverglasungen schnell kaputt. Vorsicht ist die Mutter der Porzellankiste.<\/p>\n<p>&nbsp;<\/p>\n<p><a href=\"http:\/\/christusnews.de\/site\/wp-content\/uploads\/Innen1801.jpg\"><img loading=\"lazy\" decoding=\"async\" class=\" size-medium wp-image-1581 aligncenter\" src=\"http:\/\/christusnews.de\/site\/wp-content\/uploads\/Innen1801-193x300.jpg\" alt=\"Innen1801\" width=\"193\" height=\"300\" srcset=\"https:\/\/christusnews.de\/site\/wp-content\/uploads\/Innen1801-193x300.jpg 193w, https:\/\/christusnews.de\/site\/wp-content\/uploads\/Innen1801.jpg 400w\" sizes=\"auto, (max-width: 193px) 100vw, 193px\" \/><\/a>[\/vc_column_text][\/vc_accordion_tab][vc_accordion_tab title=&#8221;15. Januar: Altarraum ohne Fliesen&#8221;][vc_column_text]Gestern sind auch im Altarraum die Steine abgehoben worden. Jetzt ist der nackte M\u00f6rtel und Beton zu sehen. W\u00fcste Gobi!<\/p>\n<p>&nbsp;<\/p>\n<p><a href=\"http:\/\/christusnews.de\/site\/wp-content\/uploads\/Innen1501.jpg\"><img loading=\"lazy\" decoding=\"async\" class=\" size-medium wp-image-1582 aligncenter\" src=\"http:\/\/christusnews.de\/site\/wp-content\/uploads\/Innen1501-300x203.jpg\" alt=\"Innen1501\" width=\"300\" height=\"203\" srcset=\"https:\/\/christusnews.de\/site\/wp-content\/uploads\/Innen1501-300x203.jpg 300w, https:\/\/christusnews.de\/site\/wp-content\/uploads\/Innen1501-263x177.jpg 263w, https:\/\/christusnews.de\/site\/wp-content\/uploads\/Innen1501.jpg 400w\" sizes=\"auto, (max-width: 300px) 100vw, 300px\" \/><\/a>[\/vc_column_text][\/vc_accordion_tab][vc_accordion_tab title=&#8221;13. Januar: Alles abkleben!&#8221;][vc_column_text]Derzeitig wird alles abgeklebt, was es zu abzukleben gibt. Nachdem die Orgel eingepackt worden ist, ist nun der Eingangsbereich dran. Die Schautafeln und der Boden werden sicher abgedeckt. Auf meine Frage, ob die Orgel denn jetzt richtig dicht sei, gab es die Antwort der Mitarbeiter der Firma K\u00f6ne: &#8220;99.9 %. Flies und mehrfach \u00fcberlappende Folie werden wohl gen\u00fcgen&#8221;. Das glauben wir auch.<\/p>\n<p>&nbsp;<\/p>\n<p><a href=\"http:\/\/christusnews.de\/site\/wp-content\/uploads\/Innen1301.jpg\"><img loading=\"lazy\" decoding=\"async\" class=\" size-medium wp-image-1583 aligncenter\" src=\"http:\/\/christusnews.de\/site\/wp-content\/uploads\/Innen1301-300x201.jpg\" alt=\"Innen1301\" width=\"300\" height=\"201\" srcset=\"https:\/\/christusnews.de\/site\/wp-content\/uploads\/Innen1301-300x201.jpg 300w, https:\/\/christusnews.de\/site\/wp-content\/uploads\/Innen1301-263x177.jpg 263w, https:\/\/christusnews.de\/site\/wp-content\/uploads\/Innen1301.jpg 400w\" sizes=\"auto, (max-width: 300px) 100vw, 300px\" \/><\/a>[\/vc_column_text][\/vc_accordion_tab][vc_accordion_tab title=&#8221;6. Januar: Keine Kanzel mehr&#8221;][vc_column_text]Seit gestern ist auch die Kanzel abgebaut. Die Mitarbeiter von Pageler und Hillers bauten die Kanzel ab und lagerten sie f\u00fcr die Zeit der Renovierung ein.<\/p>\n<p>&nbsp;<\/p>\n<p><a href=\"http:\/\/christusnews.de\/site\/wp-content\/uploads\/Innen0501.jpg\"><img loading=\"lazy\" decoding=\"async\" class=\" size-medium wp-image-1584 aligncenter\" src=\"http:\/\/christusnews.de\/site\/wp-content\/uploads\/Innen0501-300x211.jpg\" alt=\"Innen0501\" width=\"300\" height=\"211\" srcset=\"https:\/\/christusnews.de\/site\/wp-content\/uploads\/Innen0501-300x211.jpg 300w, https:\/\/christusnews.de\/site\/wp-content\/uploads\/Innen0501.jpg 400w\" sizes=\"auto, (max-width: 300px) 100vw, 300px\" \/><\/a>[\/vc_column_text][\/vc_accordion_tab][vc_accordion_tab title=&#8221;23. Dezember: Wow: vier M\u00e4nner und ein Altar und 1700 kg&#8221;][vc_column_text]Einen halben Tag brauchten die Leute von der Firma Wandscher aus Oldenburg um den mehr als 2 t schweren Altar aus dem Altarraum zu holen. Allein die Platte wog 1700 kg. Kompliment!! Die Vier stehe an der Stelle, an der sonst der Altar steht.<\/p>\n<p>&nbsp;<\/p>\n<p><a href=\"http:\/\/christusnews.de\/site\/wp-content\/uploads\/Innen2312.jpg\"><img loading=\"lazy\" decoding=\"async\" class=\" size-medium wp-image-1585 aligncenter\" src=\"http:\/\/christusnews.de\/site\/wp-content\/uploads\/Innen2312-300x216.jpg\" alt=\"Innen2312\" width=\"300\" height=\"216\" \/><\/a>[\/vc_column_text][\/vc_accordion_tab][vc_accordion_tab title=&#8221;18. Dezember: Lotto aktuell&#8221;][vc_column_text]Seit Dienstag berichtet die Zeitung &#8220;Lotto aktuell&#8221; von der Sanierung der Christus- und Garniosonkirche. Hintergrund: Die Zuwendung der DSD, die der Gemeinde \u00fcberreicht wurde, kommt aus Mitteln der Lotto Stiftung. Wer also nachlesen will: In jedem Kiosk mit Lotto Annahmestellen finden Sie in Niedersachsen das Bild und den Text in Lotto aktuell. (Unser Bild zeigt die Presseaktion anl\u00e4sslich der \u00dcbergabe der Spende von der DSD.)<\/p>\n<p>&nbsp;<\/p>\n<p><a href=\"http:\/\/christusnews.de\/site\/wp-content\/uploads\/Lottoartikel.jpg\"><img loading=\"lazy\" decoding=\"async\" class=\" size-full wp-image-1586 aligncenter\" src=\"http:\/\/christusnews.de\/site\/wp-content\/uploads\/Lottoartikel.jpg\" alt=\"Lottoartikel\" width=\"200\" height=\"200\" srcset=\"https:\/\/christusnews.de\/site\/wp-content\/uploads\/Lottoartikel.jpg 200w, https:\/\/christusnews.de\/site\/wp-content\/uploads\/Lottoartikel-150x150.jpg 150w, https:\/\/christusnews.de\/site\/wp-content\/uploads\/Lottoartikel-70x70.jpg 70w, https:\/\/christusnews.de\/site\/wp-content\/uploads\/Lottoartikel-180x180.jpg 180w, https:\/\/christusnews.de\/site\/wp-content\/uploads\/Lottoartikel-50x50.jpg 50w\" sizes=\"auto, (max-width: 200px) 100vw, 200px\" \/><\/a>[\/vc_column_text][\/vc_accordion_tab][vc_accordion_tab title=&#8221;17. Dezember: Krippenspiel ohne Kirche&#8221;][vc_column_text]Wohin geht man, wenn man das Krippenspiel nicht in der Kirche veranstalten kann? Die Kinder und Erzieherinnen aus dem Christus- Kindergarten entschieden sich f\u00fcr den Bewegungsraum im eigenen Haus. Heute morgen fand ein wundersch\u00f6nes Krippenspiel statt. Einige Eltern waren da. F\u00fcr die, die es zeitlich nicht schafften, wurde das ganze auf Film gebannt. Unser Bild zeigt die Engel des Krippenspieles.<\/p>\n<p>&nbsp;<\/p>\n<p><a href=\"http:\/\/christusnews.de\/site\/wp-content\/uploads\/Krippenspiel2010.jpg\"><img loading=\"lazy\" decoding=\"async\" class=\" size-full wp-image-1587 aligncenter\" src=\"http:\/\/christusnews.de\/site\/wp-content\/uploads\/Krippenspiel2010.jpg\" alt=\"Krippenspiel2010\" width=\"200\" height=\"200\" srcset=\"https:\/\/christusnews.de\/site\/wp-content\/uploads\/Krippenspiel2010.jpg 200w, https:\/\/christusnews.de\/site\/wp-content\/uploads\/Krippenspiel2010-150x150.jpg 150w, https:\/\/christusnews.de\/site\/wp-content\/uploads\/Krippenspiel2010-70x70.jpg 70w, https:\/\/christusnews.de\/site\/wp-content\/uploads\/Krippenspiel2010-180x180.jpg 180w, https:\/\/christusnews.de\/site\/wp-content\/uploads\/Krippenspiel2010-50x50.jpg 50w\" sizes=\"auto, (max-width: 200px) 100vw, 200px\" \/><\/a>[\/vc_column_text][\/vc_accordion_tab][vc_accordion_tab title=&#8221;15. Dezember: Interview mit K\u00fcsterin: Weihnachten ohne Kirche?&#8221;][vc_column_text]Die geschlossene Kirche animiert zu vielen Geschichten. Gestern interviewte WZ Redakteur Norbert Czyz unsere K\u00fcsterin Heike B\u00f6ncker zum Thma Weihnachten. Was macht eigentlich eine K\u00fcsterin, die an den Weihnachtstagen keine Kirche hat?? Das Interview ist zu lesen in der WZ Ausgabe am 24.12. . Soviel sei schon verraten: Heike B\u00f6ncker hat keine Langeweile. Die meisten Gottesdienste finden im Gemeindehaus statt, auch am 1. und 2. Weihnachtstag. Am Heiligabend gibt es Christvespern um 15 Uhr\/ 16 Uhr \/ 17 Uhr \/18 Uhr in Heppens sowie Christmetten um 22 Uhr und 23 Uhr. Die Krippenspiele finden im Pumpwerk statt. 14.30 Uhr und um 16 Uhr.<\/p>\n<p>&nbsp;<\/p>\n<p><a href=\"http:\/\/christusnews.de\/site\/wp-content\/uploads\/Innen1412.jpg\"><img loading=\"lazy\" decoding=\"async\" class=\" size-full wp-image-1588 aligncenter\" src=\"http:\/\/christusnews.de\/site\/wp-content\/uploads\/Innen1412.jpg\" alt=\"Innen1412\" width=\"200\" height=\"171\" \/><\/a>[\/vc_column_text][\/vc_accordion_tab][vc_accordion_tab title=&#8221;10. Dezember: Seis Akustik besichtigen Kirche&#8221;][vc_column_text]Wie wird die Kirche klingen? Wie werden wir in der Kirche den Umbauten akustisch Rechnung tragen? In einem Gespr\u00e4ch mit Seis Akustik wurden noch einmal die unterschiedliche Probleme theamtisiert.<\/p>\n<p>&nbsp;<\/p>\n<p><a href=\"http:\/\/christusnews.de\/site\/wp-content\/uploads\/Innen1012.jpg\"><img loading=\"lazy\" decoding=\"async\" class=\" size-full wp-image-1589 aligncenter\" src=\"http:\/\/christusnews.de\/site\/wp-content\/uploads\/Innen1012.jpg\" alt=\"Innen1012\" width=\"200\" height=\"200\" srcset=\"https:\/\/christusnews.de\/site\/wp-content\/uploads\/Innen1012.jpg 200w, https:\/\/christusnews.de\/site\/wp-content\/uploads\/Innen1012-150x150.jpg 150w, https:\/\/christusnews.de\/site\/wp-content\/uploads\/Innen1012-70x70.jpg 70w, https:\/\/christusnews.de\/site\/wp-content\/uploads\/Innen1012-180x180.jpg 180w, https:\/\/christusnews.de\/site\/wp-content\/uploads\/Innen1012-50x50.jpg 50w\" sizes=\"auto, (max-width: 200px) 100vw, 200px\" \/><\/a>[\/vc_column_text][\/vc_accordion_tab][vc_accordion_tab title=&#8221;9. Dezember: Au\u00dfenarbeiten stoppen!!&#8221;][vc_column_text]Schnee, N\u00e4sse und Nebel stoppen derzeitig die Au\u00dfenarbeiten an der Kirche. Hannah Bohrer nutze den Nebel der vergangenen Tage zu einem besonderen Foto &#8211; Stillleben. Kirche im Nebel mit Wilhelm!!<\/p>\n<p>&nbsp;<\/p>\n<p><a href=\"http:\/\/christusnews.de\/site\/wp-content\/uploads\/Innen0912.jpg\"><img loading=\"lazy\" decoding=\"async\" class=\" size-full wp-image-1590 aligncenter\" src=\"http:\/\/christusnews.de\/site\/wp-content\/uploads\/Innen0912.jpg\" alt=\"Innen0912\" width=\"200\" height=\"200\" srcset=\"https:\/\/christusnews.de\/site\/wp-content\/uploads\/Innen0912.jpg 200w, https:\/\/christusnews.de\/site\/wp-content\/uploads\/Innen0912-150x150.jpg 150w, https:\/\/christusnews.de\/site\/wp-content\/uploads\/Innen0912-70x70.jpg 70w, https:\/\/christusnews.de\/site\/wp-content\/uploads\/Innen0912-180x180.jpg 180w, https:\/\/christusnews.de\/site\/wp-content\/uploads\/Innen0912-50x50.jpg 50w\" sizes=\"auto, (max-width: 200px) 100vw, 200px\" \/><\/a>[\/vc_column_text][\/vc_accordion_tab][vc_accordion_tab title=&#8221;8. Dezember: Wie wird die Kirche klingen?&#8221;][vc_column_text]In den letzten Jahren gab es immer wieder Anfragen wegen der problematischen Akustik in bestimmten Bereichen der Kirche. Die Entscheidung ist nun gefallen. Es kommt eine komplette neue Anlage in die Kirche. Die Gebr\u00fcder Rauchfleisch vom Audio Studio Nord machten f\u00fcr die Kirche nun einen Kostenvoranschlag.<\/p>\n<p>Das Gemeindehaus haben sie gerade mit neuen Boxen ausgestattet. Dabei entstand das Bild.<\/p>\n<p>&nbsp;<\/p>\n<p><a href=\"http:\/\/christusnews.de\/site\/wp-content\/uploads\/Innen0812.jpg\"><img loading=\"lazy\" decoding=\"async\" class=\"alignnone size-full wp-image-1592 aligncenter\" src=\"http:\/\/christusnews.de\/site\/wp-content\/uploads\/Innen0812.jpg\" alt=\"Innen0812\" width=\"200\" height=\"200\" srcset=\"https:\/\/christusnews.de\/site\/wp-content\/uploads\/Innen0812.jpg 200w, https:\/\/christusnews.de\/site\/wp-content\/uploads\/Innen0812-150x150.jpg 150w, https:\/\/christusnews.de\/site\/wp-content\/uploads\/Innen0812-70x70.jpg 70w, https:\/\/christusnews.de\/site\/wp-content\/uploads\/Innen0812-180x180.jpg 180w, https:\/\/christusnews.de\/site\/wp-content\/uploads\/Innen0812-50x50.jpg 50w\" sizes=\"auto, (max-width: 200px) 100vw, 200px\" \/><\/a>[\/vc_column_text][\/vc_accordion_tab][vc_accordion_tab title=&#8221;7. Dezember: Architekt Tonndorf wartet auf Submission&#8221;][vc_column_text]Nachdem im Innenraum die letzten Proben und Messungen stattgefunden haben, sind mittlerweile die Ausschreibungen raus. Nun warten wir auf die R\u00fcckl\u00e4ufer. Die Gewerke sind ausgeschrieben.<\/p>\n<p>&nbsp;<\/p>\n<p><a href=\"http:\/\/christusnews.de\/site\/wp-content\/uploads\/Innen0712.jpg\"><img loading=\"lazy\" decoding=\"async\" class=\" size-full wp-image-1593 aligncenter\" src=\"http:\/\/christusnews.de\/site\/wp-content\/uploads\/Innen0712.jpg\" alt=\"Innen0712\" width=\"200\" height=\"200\" srcset=\"https:\/\/christusnews.de\/site\/wp-content\/uploads\/Innen0712.jpg 200w, https:\/\/christusnews.de\/site\/wp-content\/uploads\/Innen0712-150x150.jpg 150w, https:\/\/christusnews.de\/site\/wp-content\/uploads\/Innen0712-70x70.jpg 70w, https:\/\/christusnews.de\/site\/wp-content\/uploads\/Innen0712-180x180.jpg 180w, https:\/\/christusnews.de\/site\/wp-content\/uploads\/Innen0712-50x50.jpg 50w\" sizes=\"auto, (max-width: 200px) 100vw, 200px\" \/><\/a>[\/vc_column_text][\/vc_accordion_tab][vc_accordion_tab title=&#8221;2. Dezember: Gerd-M\u00f6ller-Stiftung und Brune-WZ-Stiftungen unterst\u00fctzen Kirchensanierung&#8221;][vc_column_text]Die Brune-WZ-Stiftung und die Gerd-M\u00f6ller-Stiftung unterst\u00fctzen die Kirchensanierung der Christus- und Garnisonkirche . Mit jeweils 10 000 Euro wird die aufwendige und n\u00f6tige Sanierung mitfinanziert. Dr. Stephan Kolschen und Dr. Hans-Joachim Gottschalk \u00fcbergaben in der in der leeren Kirche den Vertretern der Kirchengemeinde die betreffenenden Summen. Die Kirchengemeinde bedankt sich herzlich und freut sich \u00fcber diese lokale tolle Unterst\u00fctzung.<\/p>\n<p>&nbsp;<\/p>\n<p><a href=\"http:\/\/christusnews.de\/site\/wp-content\/uploads\/Spende20000.jpg\"><img loading=\"lazy\" decoding=\"async\" class=\" size-full wp-image-1594 aligncenter\" src=\"http:\/\/christusnews.de\/site\/wp-content\/uploads\/Spende20000.jpg\" alt=\"Spende20000\" width=\"200\" height=\"200\" srcset=\"https:\/\/christusnews.de\/site\/wp-content\/uploads\/Spende20000.jpg 200w, https:\/\/christusnews.de\/site\/wp-content\/uploads\/Spende20000-150x150.jpg 150w, https:\/\/christusnews.de\/site\/wp-content\/uploads\/Spende20000-70x70.jpg 70w, https:\/\/christusnews.de\/site\/wp-content\/uploads\/Spende20000-180x180.jpg 180w, https:\/\/christusnews.de\/site\/wp-content\/uploads\/Spende20000-50x50.jpg 50w\" sizes=\"auto, (max-width: 200px) 100vw, 200px\" \/><\/a>[\/vc_column_text][\/vc_accordion_tab][vc_accordion_tab title=&#8221;29. November: Wilhelmshavener Stiftungen unterst\u00fctzen Kirchensanierung&#8221;][vc_column_text]Die Brune-WZ-Stiftung und die Gerd-M\u00f6ller-Stiftung werden die Kirchensanierung der Christus- und Garnisonkirche unterst\u00fctzen. Mit jeweils 10 000 Euro wird die aufwendige und n\u00f6tige Sanierung mitfinanziert. Die Vertreter der beiden Stiftungen vereinbarten jetzt einen symbolischen \u00dcbergabetermin am Donnerstag, den 2.12. um 14 Uhr. Dr. Stephan Kolschen und Dr. Hans-Joachim Gottschalk werden in der leeren Kirche zu einem Fototermin anwesend sein. Zu diesem Foto- und Informationstermin laden wir Sie herzliche ein. Die Kirchengemeinde um die Christus&#8211; und Garnisonkirche hatte im August den Spendenaufruf HALT gestartet. Den Himmlischen Aufruf L\u00f6blicher Taten. Neben mittlerweile nun drei Stiftungen haben auch viele Gemeindeglieder sich an der Finanzierung der Sanierung beteiligt.<\/p>\n<p>&nbsp;<\/p>\n<p><a href=\"http:\/\/christusnews.de\/site\/wp-content\/uploads\/Logo_HimmlischeHelfer_285.jpg\"><img loading=\"lazy\" decoding=\"async\" class=\" size-full wp-image-1595 aligncenter\" src=\"http:\/\/christusnews.de\/site\/wp-content\/uploads\/Logo_HimmlischeHelfer_285.jpg\" alt=\"Logo_HimmlischeHelfer_285\" width=\"285\" height=\"122\" \/><\/a>[\/vc_column_text][\/vc_accordion_tab][vc_accordion_tab title=&#8221;28. November: ZWEITE Signierstunde&#8221;][vc_column_text]Heute direkt nach dem Gottesdienst gibt es die zweite M\u00f6glichkeit, Drucke zu erwerben. Hartmut Wiesner wird von 11.30 bis 12.30 Uhr noch einmal den limitierten Kunstdruck signieren und zugunsten der Sanierung verkaufen. Herzliche Einladung.<\/p>\n<p>Au\u00dferdem im Gemeindehaus:<\/p>\n<p>10 Uhr: Gottesdienst zum ersten Advent. (Musik: Aroutjunowa, Predigt: Morgenstern)<\/p>\n<p>ab 11 Uhr: Tisch mit Schindeln der Kirche f\u00fcr alle Unterst\u00fctzerInnen der Kirchensanierung<\/p>\n<p>ab 11 Uhr: Kirchencafe<\/p>\n<p>ab 11 Uhr: Kuchenbuffet der Flotten Nadeln zugunsten der Kindertagesst\u00e4tten<\/p>\n<p>ab 11 Uhr: die Flotten Nadeln bieten noch einmal einen begrenzten Teil des Basars an<\/p>\n<p>Wir freuen uns auf Ihr \/ Euer Kommen.<\/p>\n<p>&nbsp;<\/p>\n<p><a href=\"http:\/\/christusnews.de\/site\/wp-content\/uploads\/Signierstunde.jpg\"><img loading=\"lazy\" decoding=\"async\" class=\" size-full wp-image-1596 aligncenter\" src=\"http:\/\/christusnews.de\/site\/wp-content\/uploads\/Signierstunde.jpg\" alt=\"Signierstunde\" width=\"200\" height=\"200\" srcset=\"https:\/\/christusnews.de\/site\/wp-content\/uploads\/Signierstunde.jpg 200w, https:\/\/christusnews.de\/site\/wp-content\/uploads\/Signierstunde-150x150.jpg 150w, https:\/\/christusnews.de\/site\/wp-content\/uploads\/Signierstunde-70x70.jpg 70w, https:\/\/christusnews.de\/site\/wp-content\/uploads\/Signierstunde-180x180.jpg 180w, https:\/\/christusnews.de\/site\/wp-content\/uploads\/Signierstunde-50x50.jpg 50w\" sizes=\"auto, (max-width: 200px) 100vw, 200px\" \/><\/a>[\/vc_column_text][\/vc_accordion_tab][vc_accordion_tab title=&#8221;25. November: Kirchen\u00e4lteste Erika Schulz und 50 000 Euro&#8221;][vc_column_text]Micaela Schweers-Sander, Ortskuratorin Wilhelmshaven der Deutschen Stiftung Denkmalschutz (DSD), \u00fcbergab gestern in der Christus- und Garnisonkirche der Kirchen\u00e4ltesten Erika Schulz einen F\u00f6rdervertrag in H\u00f6he von 50.000 Euro. Die DSD unterst\u00fctzt damit die Kirchengemeinde bei den Sanierungsarbeiten.<\/p>\n<p>&nbsp;<\/p>\n<p><a href=\"http:\/\/christusnews.de\/site\/wp-content\/uploads\/innen2511.jpg\"><img loading=\"lazy\" decoding=\"async\" class=\" size-full wp-image-1597 aligncenter\" src=\"http:\/\/christusnews.de\/site\/wp-content\/uploads\/innen2511.jpg\" alt=\"innen2511\" width=\"200\" height=\"200\" srcset=\"https:\/\/christusnews.de\/site\/wp-content\/uploads\/innen2511.jpg 200w, https:\/\/christusnews.de\/site\/wp-content\/uploads\/innen2511-150x150.jpg 150w, https:\/\/christusnews.de\/site\/wp-content\/uploads\/innen2511-70x70.jpg 70w, https:\/\/christusnews.de\/site\/wp-content\/uploads\/innen2511-180x180.jpg 180w, https:\/\/christusnews.de\/site\/wp-content\/uploads\/innen2511-50x50.jpg 50w\" sizes=\"auto, (max-width: 200px) 100vw, 200px\" \/><\/a>[\/vc_column_text][\/vc_accordion_tab][vc_accordion_tab title=&#8221;24. November: Ortskuratorin der DSD \u00fcbergibt F\u00f6rdervertrag in Wilhelmshaven &#8220;][vc_column_text]Ortskuratorin der DSD \u00fcbergibt F\u00f6rdervertrag in Wilhelmshaven F\u00fcr die notwendigen Restaurierungsma\u00dfnahmen an der Christus- und Garnisonskirche in Wilhelmshaven \u00fcberbringt am 24. November 2010 um 17.00 Uhr Micaela Schweers-Sander, Ortsku-ratorin Wilhelmshaven der Deutschen Stiftung Denkmalschutz (DSD), einen Vertrag in H\u00f6he von 50.000 Euro an Pastor Frank Morgenstern von der evangelisch-lutherischen Kirchengemeinde Wilhelmshaven. Die Christus- und Garnisonkirche ist eines von 220 Projekten, die die private Denkmalschutz-Stiftung in Bonn seit ihrer Gr\u00fcndung 1985 allein in Niedersachsen dank privater Spenden und Mitteln der Lotterie Gl\u00fccksSpirale, der Rentenlotterie von Lotto, f\u00f6rdern konnte.<\/p>\n<p>&nbsp;<\/p>\n<p><a href=\"http:\/\/christusnews.de\/site\/wp-content\/uploads\/Logo_HALT_285.jpg\"><img loading=\"lazy\" decoding=\"async\" class=\" size-full wp-image-1598 aligncenter\" src=\"http:\/\/christusnews.de\/site\/wp-content\/uploads\/Logo_HALT_285.jpg\" alt=\"Logo_HALT_285\" width=\"285\" height=\"122\" \/><\/a>[\/vc_column_text][\/vc_accordion_tab][vc_accordion_tab title=&#8221;23. November: Drei Kunstdrucke zur Finanzierung der Sanierung. Limitierter Kunstdruck von Hartmut Wiesner f\u00fcr Christus- und Garnisonkirche.&#8221;][vc_column_text]Hartmut Wiesner, renommierter K\u00fcnstler aus Wilhelmshaven, mit seinen Arbeiten \u00fcberregional bekannt und in internationalen Sammlungen und Ausstellungen vertreten, hat drei China Tusche Arbeiten mit Motiven der Christus- und Garnisonkirche erstellt. Die Serie soll dazu dienen, die Sanierungsarbeiten an der Kirche mitzufinanzieren. Zugunsten der Sanierungsarbeiten verzichtet der K\u00fcnstler auf sein Honorar. Die Serie wird als hochwertiger, limitierter Kunstdruck bei der Brune-Mettcker Druck- und Verlags- GmbH hergestellt. Die Drucke haben ein Motivformat von 33 x33 cm, sie werden auf 250gr Papier gedruckt. Sie haben eine Auflage von 150 Exemplaren. Ein Blatt kostet 60 Euro, alle drei Motive sind f\u00fcr 150 Euro zu erstehen. Der K\u00fcnstler signiert am Samstag, den 27.11. und am Sonntag, den 28.11. jeweils von 11.30 \u2013 12.30 Uhr im Gemeindehaus am Kirchplatz.<\/p>\n<p>&nbsp;<\/p>\n<p><a href=\"http:\/\/christusnews.de\/site\/wp-content\/uploads\/Kirchensan_-_Wiesner.jpg\"><img loading=\"lazy\" decoding=\"async\" class=\" size-full wp-image-1599 aligncenter\" src=\"http:\/\/christusnews.de\/site\/wp-content\/uploads\/Kirchensan_-_Wiesner.jpg\" alt=\"Kirchensan_-_Wiesner\" width=\"200\" height=\"200\" srcset=\"https:\/\/christusnews.de\/site\/wp-content\/uploads\/Kirchensan_-_Wiesner.jpg 200w, https:\/\/christusnews.de\/site\/wp-content\/uploads\/Kirchensan_-_Wiesner-150x150.jpg 150w, https:\/\/christusnews.de\/site\/wp-content\/uploads\/Kirchensan_-_Wiesner-70x70.jpg 70w, https:\/\/christusnews.de\/site\/wp-content\/uploads\/Kirchensan_-_Wiesner-180x180.jpg 180w, https:\/\/christusnews.de\/site\/wp-content\/uploads\/Kirchensan_-_Wiesner-50x50.jpg 50w\" sizes=\"auto, (max-width: 200px) 100vw, 200px\" \/><\/a>[\/vc_column_text][\/vc_accordion_tab][vc_accordion_tab title=&#8221;22. November: Die DANK Schindeln sind fertig!!&#8221;][vc_column_text]\u201eJede Spende, egal in welcher H\u00f6he, wird bedacht mit einem Schieferst\u00fcck der alten Chorbedachung. Eine Schindel oder ein Schindelst\u00fcck mit dem Signet der Kirchensanierung.\u201c Das hatten wir versprochen. Jetzt sind die ersten Schindeln fertig. Abgeholt werden k\u00f6nnen sie im Gemeindehaus. Am Freitag, den 26.11. von 15-18 Uhr, am Samstag, den 27.12. von 10 \u2013 17 Uhr und am Sonntag nach dem Gottesdienst. An einem Extra Tisch wird ein Mitglied des Gemeindekirchenrats die Unterst\u00fctzerInnen empfangen und das Erinnerungsst\u00fcck aush\u00e4ndigen.<\/p>\n<p>&nbsp;<\/p>\n<p><a href=\"http:\/\/christusnews.de\/site\/wp-content\/uploads\/Kirchensan-Schindeln.jpg\"><img loading=\"lazy\" decoding=\"async\" class=\" size-full wp-image-1600 aligncenter\" src=\"http:\/\/christusnews.de\/site\/wp-content\/uploads\/Kirchensan-Schindeln.jpg\" alt=\"Kirchensan-Schindeln\" width=\"200\" height=\"200\" srcset=\"https:\/\/christusnews.de\/site\/wp-content\/uploads\/Kirchensan-Schindeln.jpg 200w, https:\/\/christusnews.de\/site\/wp-content\/uploads\/Kirchensan-Schindeln-150x150.jpg 150w, https:\/\/christusnews.de\/site\/wp-content\/uploads\/Kirchensan-Schindeln-70x70.jpg 70w, https:\/\/christusnews.de\/site\/wp-content\/uploads\/Kirchensan-Schindeln-180x180.jpg 180w, https:\/\/christusnews.de\/site\/wp-content\/uploads\/Kirchensan-Schindeln-50x50.jpg 50w\" sizes=\"auto, (max-width: 200px) 100vw, 200px\" \/><\/a>[\/vc_column_text][\/vc_accordion_tab][vc_accordion_tab title=&#8221;20. November: Altarbild gesichert.&#8221;][vc_column_text]Auch das Altarbild ist abgenommen worden. Baufirma Lubitz hob es von der Wand ab. Im Rahmen der Sanierung wird das Altarbild eine vorteilhafteren Rahmen bekommen, der die Grundaussage des Bildes st\u00e4rkt. Mit einem etwas g\u00f6\u00dferen Wandabstand wird es dann wieder an den alten Ort geh\u00e4ngt<\/p>\n<p>&nbsp;<\/p>\n<p><a href=\"http:\/\/christusnews.de\/site\/wp-content\/uploads\/innen2011.jpg\"><img loading=\"lazy\" decoding=\"async\" class=\" size-full wp-image-1601 aligncenter\" src=\"http:\/\/christusnews.de\/site\/wp-content\/uploads\/innen2011.jpg\" alt=\"innen2011\" width=\"200\" height=\"200\" srcset=\"https:\/\/christusnews.de\/site\/wp-content\/uploads\/innen2011.jpg 200w, https:\/\/christusnews.de\/site\/wp-content\/uploads\/innen2011-150x150.jpg 150w, https:\/\/christusnews.de\/site\/wp-content\/uploads\/innen2011-70x70.jpg 70w, https:\/\/christusnews.de\/site\/wp-content\/uploads\/innen2011-180x180.jpg 180w, https:\/\/christusnews.de\/site\/wp-content\/uploads\/innen2011-50x50.jpg 50w\" sizes=\"auto, (max-width: 200px) 100vw, 200px\" \/><\/a>[\/vc_column_text][\/vc_accordion_tab][vc_accordion_tab title=&#8221;18. November: Diebstahl auf Kirchenbaustelle&#8221;][vc_column_text]Die Christus-und Garnisonkirche wird saniert. In der Nacht zum Donnerstag ist eine weitere Schadensmeldung hinzu gekommen. Die Kupferfallrohre wurden von Dieben rund um die Kirche abgenommen. Ger\u00fcstbauer bemerkten den Diebstahl der Fallrohre am fr\u00fchen Morgen. Gesch\u00e4tzte 40 Meter Fallrohre fehlen nun. Die Polizei nahm den Schaden auf. Der Architekt sch\u00e4tzt den Schaden auf ca. 4000 Euro. In letzter Zeit h\u00e4ufen sich scheinbar derartige Diebst\u00e4hle in Wilhelmshaven. So wurden auch auf Friedh\u00f6fen an Gr\u00e4bern Kupferteile entfernt.<\/p>\n<p>&nbsp;<\/p>\n<p><a href=\"http:\/\/christusnews.de\/site\/wp-content\/uploads\/aussen1811.jpg\"><img loading=\"lazy\" decoding=\"async\" class=\" size-full wp-image-1602 aligncenter\" src=\"http:\/\/christusnews.de\/site\/wp-content\/uploads\/aussen1811.jpg\" alt=\"aussen1811\" width=\"200\" height=\"200\" srcset=\"https:\/\/christusnews.de\/site\/wp-content\/uploads\/aussen1811.jpg 200w, https:\/\/christusnews.de\/site\/wp-content\/uploads\/aussen1811-150x150.jpg 150w, https:\/\/christusnews.de\/site\/wp-content\/uploads\/aussen1811-70x70.jpg 70w, https:\/\/christusnews.de\/site\/wp-content\/uploads\/aussen1811-180x180.jpg 180w, https:\/\/christusnews.de\/site\/wp-content\/uploads\/aussen1811-50x50.jpg 50w\" sizes=\"auto, (max-width: 200px) 100vw, 200px\" \/><\/a>[\/vc_column_text][\/vc_accordion_tab][vc_accordion_tab title=&#8221;17. November: Pause beendet!!!&#8221;][vc_column_text]Fast zwei Monate wurde das Tagebuch nicht bearbeitet. Nun soll es wieder aktualisiert werden. Grund f\u00fcr den Stop waren nicht die Bauarbeiten, die schritten weiter voran. Grund waren andere gemeindliche Arbeiten, die den Berichterstatter banden.<\/p>\n<p>[\/vc_column_text][\/vc_accordion_tab][vc_accordion_tab title=&#8221;16. September: Steine sind da!&#8221;][vc_column_text]Es sind nur 864 Steine, die ausgewechselt werden m\u00fcssen, aber die sind alle handhergestellt. Jetzt sind sie da und die Firma Lubitz kann mit dem Einbau beginnen.<\/p>\n<p>&nbsp;<\/p>\n<p><a href=\"http:\/\/christusnews.de\/site\/wp-content\/uploads\/innen16091.jpg\"><img loading=\"lazy\" decoding=\"async\" class=\" size-full wp-image-1603 aligncenter\" src=\"http:\/\/christusnews.de\/site\/wp-content\/uploads\/innen16091.jpg\" alt=\"innen16091\" width=\"200\" height=\"200\" srcset=\"https:\/\/christusnews.de\/site\/wp-content\/uploads\/innen16091.jpg 200w, https:\/\/christusnews.de\/site\/wp-content\/uploads\/innen16091-150x150.jpg 150w, https:\/\/christusnews.de\/site\/wp-content\/uploads\/innen16091-70x70.jpg 70w, https:\/\/christusnews.de\/site\/wp-content\/uploads\/innen16091-180x180.jpg 180w, https:\/\/christusnews.de\/site\/wp-content\/uploads\/innen16091-50x50.jpg 50w\" sizes=\"auto, (max-width: 200px) 100vw, 200px\" \/><\/a>[\/vc_column_text][\/vc_accordion_tab][vc_accordion_tab title=&#8221;7. September: Entdeckung auf der Nordempore&#8221;][vc_column_text]Auf der Nordempore wurden jetzt bei der Begehung Heizluftsch\u00e4chte wiedergefunden, die schon seit Jahrzehnten nicht mehr benutzt werden. Bei einem Rauchversuch soll jetzt untersucht werden, wo die Heizung damals unterbrochen wurde und welche Sch\u00e4chte wieder benutzt werden k\u00f6nnten.<\/p>\n<p>&nbsp;<\/p>\n<p><a href=\"http:\/\/christusnews.de\/site\/wp-content\/uploads\/innen-0709.jpg\"><img loading=\"lazy\" decoding=\"async\" class=\" size-full wp-image-1604 aligncenter\" src=\"http:\/\/christusnews.de\/site\/wp-content\/uploads\/innen-0709.jpg\" alt=\"innen-0709\" width=\"200\" height=\"200\" srcset=\"https:\/\/christusnews.de\/site\/wp-content\/uploads\/innen-0709.jpg 200w, https:\/\/christusnews.de\/site\/wp-content\/uploads\/innen-0709-150x150.jpg 150w, https:\/\/christusnews.de\/site\/wp-content\/uploads\/innen-0709-70x70.jpg 70w, https:\/\/christusnews.de\/site\/wp-content\/uploads\/innen-0709-180x180.jpg 180w, https:\/\/christusnews.de\/site\/wp-content\/uploads\/innen-0709-50x50.jpg 50w\" sizes=\"auto, (max-width: 200px) 100vw, 200px\" \/><\/a>[\/vc_column_text][\/vc_accordion_tab][vc_accordion_tab title=&#8221;6. September: Fensterheizung&#8221;][vc_column_text]Architekt und Heizungsingenieur begutachten die Heizungsm\u00f6glichkeiten an den Fenstern. Damit \u00fcber die Fenster nicht K\u00e4lteeinbr\u00fcche kommen, werden u.U. kleine Heizk\u00f6rper unsichtbar an die Fenster gesetzt.<\/p>\n<p>&nbsp;<\/p>\n<p><a href=\"http:\/\/christusnews.de\/site\/wp-content\/uploads\/innen0609.jpg\"><img loading=\"lazy\" decoding=\"async\" class=\" size-full wp-image-1605 aligncenter\" src=\"http:\/\/christusnews.de\/site\/wp-content\/uploads\/innen0609.jpg\" alt=\"innen0609\" width=\"200\" height=\"200\" srcset=\"https:\/\/christusnews.de\/site\/wp-content\/uploads\/innen0609.jpg 200w, https:\/\/christusnews.de\/site\/wp-content\/uploads\/innen0609-150x150.jpg 150w, https:\/\/christusnews.de\/site\/wp-content\/uploads\/innen0609-70x70.jpg 70w, https:\/\/christusnews.de\/site\/wp-content\/uploads\/innen0609-180x180.jpg 180w, https:\/\/christusnews.de\/site\/wp-content\/uploads\/innen0609-50x50.jpg 50w\" sizes=\"auto, (max-width: 200px) 100vw, 200px\" \/><\/a>[\/vc_column_text][\/vc_accordion_tab][vc_accordion_tab title=&#8221;5. September: Erster Gottesdienst im Gemeindehaus&#8221;][vc_column_text]Volles Haus im ersten Gottesdienst im Gemeindesaal. Viele Leute waren gekommen, um den ersten Gottesdienst im Gemeindesaal mitzufeiern. Die Fl\u00f6ten &#8220;flauto del mare&#8221; spielten und jede\/r fand einen Platz. Erkenntnis des Sonntags: &#8221; &#8230; wir werden durchkommen und es wird gut. &#8221;<\/p>\n<p>&nbsp;<\/p>\n<p><a href=\"http:\/\/christusnews.de\/site\/wp-content\/uploads\/innen0509.jpg\"><img loading=\"lazy\" decoding=\"async\" class=\" size-full wp-image-1606 aligncenter\" src=\"http:\/\/christusnews.de\/site\/wp-content\/uploads\/innen0509.jpg\" alt=\"innen0509\" width=\"200\" height=\"200\" srcset=\"https:\/\/christusnews.de\/site\/wp-content\/uploads\/innen0509.jpg 200w, https:\/\/christusnews.de\/site\/wp-content\/uploads\/innen0509-150x150.jpg 150w, https:\/\/christusnews.de\/site\/wp-content\/uploads\/innen0509-70x70.jpg 70w, https:\/\/christusnews.de\/site\/wp-content\/uploads\/innen0509-180x180.jpg 180w, https:\/\/christusnews.de\/site\/wp-content\/uploads\/innen0509-50x50.jpg 50w\" sizes=\"auto, (max-width: 200px) 100vw, 200px\" \/><\/a>[\/vc_column_text][\/vc_accordion_tab][vc_accordion_tab title=&#8221;31. August: Leer&#8221;][vc_column_text]Noch ein neuer Blick. Die Kirche ist leer. Ein wieder besonderer Blick. Noch kann man in die Kirche hineinblicken. Es lohnt sich.<\/p>\n<p>&nbsp;<\/p>\n<p><a href=\"http:\/\/christusnews.de\/site\/wp-content\/uploads\/aussen3108.jpg\"><img loading=\"lazy\" decoding=\"async\" class=\" size-full wp-image-1607 aligncenter\" src=\"http:\/\/christusnews.de\/site\/wp-content\/uploads\/aussen3108.jpg\" alt=\"aussen3108\" width=\"200\" height=\"200\" srcset=\"https:\/\/christusnews.de\/site\/wp-content\/uploads\/aussen3108.jpg 200w, https:\/\/christusnews.de\/site\/wp-content\/uploads\/aussen3108-150x150.jpg 150w, https:\/\/christusnews.de\/site\/wp-content\/uploads\/aussen3108-70x70.jpg 70w, https:\/\/christusnews.de\/site\/wp-content\/uploads\/aussen3108-180x180.jpg 180w, https:\/\/christusnews.de\/site\/wp-content\/uploads\/aussen3108-50x50.jpg 50w\" sizes=\"auto, (max-width: 200px) 100vw, 200px\" \/><\/a>[\/vc_column_text][\/vc_accordion_tab][vc_accordion_tab title=&#8221;29. August: EXODUS &#8211; Letzter Gottesdienst&#8221;][vc_column_text]Auf St\u00fchlen feierten 150 Menschen den letzten Gottesdienst in der Christus- und Garnisonkirche f\u00fcr 11 Monate.<\/p>\n<p>Im Laufe des Gottesdienstes wurden Kreuz, Bibel, Kerzen, Taufschale von verschiedenen Mitarbeitenden eingesammelt und f\u00fcr den Auszug vorbereitet.<\/p>\n<p>Nachdem die Gemeinde per Abstimmung das letzte Lied festgelegt hatte, zog die Gottesdienstgemeinde in den neuen Saal im Gemeindehaus. Hier wird am 5. September zum ersten Mal gefeiert.<\/p>\n<p>&nbsp;<\/p>\n<p><a href=\"http:\/\/christusnews.de\/site\/wp-content\/uploads\/aussen2908g.jpg\"><img loading=\"lazy\" decoding=\"async\" class=\" size-full wp-image-1608 aligncenter\" src=\"http:\/\/christusnews.de\/site\/wp-content\/uploads\/aussen2908g.jpg\" alt=\"aussen2908g\" width=\"200\" height=\"200\" srcset=\"https:\/\/christusnews.de\/site\/wp-content\/uploads\/aussen2908g.jpg 200w, https:\/\/christusnews.de\/site\/wp-content\/uploads\/aussen2908g-150x150.jpg 150w, https:\/\/christusnews.de\/site\/wp-content\/uploads\/aussen2908g-70x70.jpg 70w, https:\/\/christusnews.de\/site\/wp-content\/uploads\/aussen2908g-180x180.jpg 180w, https:\/\/christusnews.de\/site\/wp-content\/uploads\/aussen2908g-50x50.jpg 50w\" sizes=\"auto, (max-width: 200px) 100vw, 200px\" \/><\/a>[\/vc_column_text][\/vc_accordion_tab][vc_accordion_tab title=&#8221;27. August: Treffen der Mitarbeitenden&#8221;][vc_column_text]Zu einem nachgeholten Neujahrsempfang der Ehren- und Hauptamtlichen hatte die Kirchengemeinde in die leere Kirche eingeladen. Besonderes Licht, Tische und gute Atmosph\u00e4re machten den Abend zu einem ganz besonderen.<\/p>\n<p>Der ehemalige Pastor der Kirchengemeinde Jan Janssen und der jetzige Bischof kam f\u00fcr eine Stunde vorbei und bedankte sich f\u00fcr das Engagement der vielen Mitarbeitenden. Hier zu sehen mit den beiden Pastoren Busemann und Morgenstern, die den Abend \u00fcber die G\u00e4ste bewirteten. Die Helme waren ihnen \u00fcberreicht worden mit dem Satz des Kinderstars Bob, der Baumeister: Joooooh, wir schaffen das!!! Die Sanierung wid eine gro\u00dfe Herausforderung, aber gemeinsam wird es geschafft.<\/p>\n<p>&nbsp;<\/p>\n<p><a href=\"http:\/\/christusnews.de\/site\/wp-content\/uploads\/aussen2708nj.jpg\"><img loading=\"lazy\" decoding=\"async\" class=\" size-full wp-image-1609 aligncenter\" src=\"http:\/\/christusnews.de\/site\/wp-content\/uploads\/aussen2708nj.jpg\" alt=\"aussen2708nj\" width=\"200\" height=\"200\" srcset=\"https:\/\/christusnews.de\/site\/wp-content\/uploads\/aussen2708nj.jpg 200w, https:\/\/christusnews.de\/site\/wp-content\/uploads\/aussen2708nj-150x150.jpg 150w, https:\/\/christusnews.de\/site\/wp-content\/uploads\/aussen2708nj-70x70.jpg 70w, https:\/\/christusnews.de\/site\/wp-content\/uploads\/aussen2708nj-180x180.jpg 180w, https:\/\/christusnews.de\/site\/wp-content\/uploads\/aussen2708nj-50x50.jpg 50w\" sizes=\"auto, (max-width: 200px) 100vw, 200px\" \/><\/a>[\/vc_column_text][\/vc_accordion_tab][vc_accordion_tab title=&#8221;29. August: Gottesdienstgemeinde zieht um. &#8211; Letzter Gottesdienst in der Christus-und Garnisonkirche vor Innensanierung&#8221;][vc_column_text]Am Sonntag um 10 Uhr findet der letzte Gottesdienst in der Christus- und Garnisonkirche satt. Danach wird die Kirche f\u00fcr 11 Monate geschlossen und saniert. Seit Montag sind die B\u00e4nke aus der Kirche entfernt. Die Gemeinde wird im letzten Gottesdienst auf St\u00fchlen sitzen k\u00f6nnen. Im Verlauf des Gottesdienstes zieht die Gemeinde um und nimmt den neuen Raum im Gemeindehaus in Besitz. Hier wird der Gottesdienst beendet. Damit endet dann auch die EXODUS Woche. So hat die Gemeinde diesen Auszugswoche genannt. Bis jetzt ist der Gemeindekirchenrat mit dem Verlauf der Woche zufrieden. Viele Menschen haben noch einmal diese Woche zu einem Besuch genutzt. Auch am Sonntag werden viele erwartet, die noch einmal in der Stadtkirche feiern wollen und diesen Gottesdienst in Bewegung erleben wollen. Herzliche Einladung an alle, die mitfeiern wollen.<\/p>\n<p>&nbsp;<\/p>\n<p><a href=\"http:\/\/christusnews.de\/site\/wp-content\/uploads\/aussen2908-1.jpg\"><img loading=\"lazy\" decoding=\"async\" class=\" size-full wp-image-1610 aligncenter\" src=\"http:\/\/christusnews.de\/site\/wp-content\/uploads\/aussen2908-1.jpg\" alt=\"aussen2908-1\" width=\"200\" height=\"200\" srcset=\"https:\/\/christusnews.de\/site\/wp-content\/uploads\/aussen2908-1.jpg 200w, https:\/\/christusnews.de\/site\/wp-content\/uploads\/aussen2908-1-150x150.jpg 150w, https:\/\/christusnews.de\/site\/wp-content\/uploads\/aussen2908-1-70x70.jpg 70w, https:\/\/christusnews.de\/site\/wp-content\/uploads\/aussen2908-1-180x180.jpg 180w, https:\/\/christusnews.de\/site\/wp-content\/uploads\/aussen2908-1-50x50.jpg 50w\" sizes=\"auto, (max-width: 200px) 100vw, 200px\" \/><\/a>[\/vc_column_text][\/vc_accordion_tab][vc_accordion_tab title=&#8221;24. August: Neuer Blick&#8221;][vc_column_text]Ganz anders sieht es jetzt logischerweise in der Kirche aus. Die B\u00e4nke sind raus. St\u00fchle f\u00fcr die letzten Aktionen aufgebaut. Heute Abend in der Gemeindeversammlung und dann beim morgigen Konzert und beim Sonntagsgottesddienst kann der Raum im Vollzug erlebt werden.<\/p>\n<p>&nbsp;<\/p>\n<p><a href=\"http:\/\/christusnews.de\/site\/wp-content\/uploads\/aussen2408v.jpg\"><img loading=\"lazy\" decoding=\"async\" class=\" size-full wp-image-1611 aligncenter\" src=\"http:\/\/christusnews.de\/site\/wp-content\/uploads\/aussen2408v.jpg\" alt=\"aussen2408v\" width=\"200\" height=\"200\" srcset=\"https:\/\/christusnews.de\/site\/wp-content\/uploads\/aussen2408v.jpg 200w, https:\/\/christusnews.de\/site\/wp-content\/uploads\/aussen2408v-150x150.jpg 150w, https:\/\/christusnews.de\/site\/wp-content\/uploads\/aussen2408v-70x70.jpg 70w, https:\/\/christusnews.de\/site\/wp-content\/uploads\/aussen2408v-180x180.jpg 180w, https:\/\/christusnews.de\/site\/wp-content\/uploads\/aussen2408v-50x50.jpg 50w\" sizes=\"auto, (max-width: 200px) 100vw, 200px\" \/><\/a>[\/vc_column_text][\/vc_accordion_tab][vc_accordion_tab title=&#8221;23. August: Die B\u00e4nke kommen raus!&#8221;][vc_column_text]Heute am Montag wandern die B\u00e4nke aus der kirche. Harte Arbeit f\u00fcr die Mitarbeiter der Spedition Willms, die alle B\u00e4nke aus der Kirche tragen und in einer Halle lagern. Am Abend werden die St\u00fchle f\u00fcr die Gemeindeversammlung gestellt.<\/p>\n<p>&nbsp;<\/p>\n<p><a href=\"http:\/\/christusnews.de\/site\/wp-content\/uploads\/aussen2308.jpg\"><img loading=\"lazy\" decoding=\"async\" class=\" size-full wp-image-1612 aligncenter\" src=\"http:\/\/christusnews.de\/site\/wp-content\/uploads\/aussen2308.jpg\" alt=\"aussen2308\" width=\"200\" height=\"200\" srcset=\"https:\/\/christusnews.de\/site\/wp-content\/uploads\/aussen2308.jpg 200w, https:\/\/christusnews.de\/site\/wp-content\/uploads\/aussen2308-150x150.jpg 150w, https:\/\/christusnews.de\/site\/wp-content\/uploads\/aussen2308-70x70.jpg 70w, https:\/\/christusnews.de\/site\/wp-content\/uploads\/aussen2308-180x180.jpg 180w, https:\/\/christusnews.de\/site\/wp-content\/uploads\/aussen2308-50x50.jpg 50w\" sizes=\"auto, (max-width: 200px) 100vw, 200px\" \/><\/a>[\/vc_column_text][\/vc_accordion_tab][vc_accordion_tab title=&#8221;22. August: Exodus Tag 1: &#8220;Kinder wie die Zeit vergeht&#8220; und Schrauben locker&#8221;][vc_column_text]Kinder, wie die Zeit vergeht. So war der letzte Gottesdienst \u00fcberschrieben, der in der Kirche auf B\u00e4nken stattfand. Am n\u00e4chsten Sonntag wird die Gemeinde in der fast leeren Kirche St\u00fchle benutzen. Als weiteren Punkt wurde an die Jubil\u00e4umskonfirmationen gedacht. Am Abend versammelten sich die Jubilare vor dem Altarbild.<\/p>\n<p>Eine Mitarbeitergruppe von 15 Leuten l\u00f6ste am Abend alle Schrauben der B\u00e4nke und trug St\u00fchle und Tische in die Kirche. Hier pr\u00e4sentiert sich ein Teil der Schrauber.<\/p>\n<p>&nbsp;<\/p>\n<p><a href=\"http:\/\/christusnews.de\/site\/wp-content\/uploads\/aussen2208m.jpg\"><img loading=\"lazy\" decoding=\"async\" class=\" size-full wp-image-1613 aligncenter\" src=\"http:\/\/christusnews.de\/site\/wp-content\/uploads\/aussen2208m.jpg\" alt=\"aussen2208m\" width=\"200\" height=\"200\" srcset=\"https:\/\/christusnews.de\/site\/wp-content\/uploads\/aussen2208m.jpg 200w, https:\/\/christusnews.de\/site\/wp-content\/uploads\/aussen2208m-150x150.jpg 150w, https:\/\/christusnews.de\/site\/wp-content\/uploads\/aussen2208m-70x70.jpg 70w, https:\/\/christusnews.de\/site\/wp-content\/uploads\/aussen2208m-180x180.jpg 180w, https:\/\/christusnews.de\/site\/wp-content\/uploads\/aussen2208m-50x50.jpg 50w\" sizes=\"auto, (max-width: 200px) 100vw, 200px\" \/><\/a><\/p>\n<p><a href=\"http:\/\/christusnews.de\/site\/wp-content\/uploads\/aussen2208a.jpg\"><img loading=\"lazy\" decoding=\"async\" class=\" size-medium wp-image-1614 aligncenter\" src=\"http:\/\/christusnews.de\/site\/wp-content\/uploads\/aussen2208a.jpg\" alt=\"aussen2208a\" width=\"200\" height=\"200\" srcset=\"https:\/\/christusnews.de\/site\/wp-content\/uploads\/aussen2208a.jpg 200w, https:\/\/christusnews.de\/site\/wp-content\/uploads\/aussen2208a-150x150.jpg 150w, https:\/\/christusnews.de\/site\/wp-content\/uploads\/aussen2208a-70x70.jpg 70w, https:\/\/christusnews.de\/site\/wp-content\/uploads\/aussen2208a-180x180.jpg 180w, https:\/\/christusnews.de\/site\/wp-content\/uploads\/aussen2208a-50x50.jpg 50w\" sizes=\"auto, (max-width: 200px) 100vw, 200px\" \/><\/a>[\/vc_column_text][\/vc_accordion_tab][vc_accordion_tab title=&#8221;21. August: Einblick in die Fugen&#8221;][vc_column_text]Einblick in die Fugen. Weite Teile der Mauer liegen offen und geben einen Einblick zwischen die Steine. In der n\u00e4chsten Woche m\u00fcssen wohl doch noch Restarbeiten getan werden. Der n\u00e4chste Bauausschuss tagt am Montag. Dann werden auch Innen die ersten Ver\u00e4nderungen stattfinden: Die B\u00e4nke kommen raus. Die letzten Veranstaltungen finden auf St\u00fchlen, Bierb\u00e4nken und Kissen statt.<\/p>\n<p>&nbsp;<\/p>\n<p><a href=\"http:\/\/christusnews.de\/site\/wp-content\/uploads\/aussen2108.jpg\"><img loading=\"lazy\" decoding=\"async\" class=\" size-full wp-image-1615 aligncenter\" src=\"http:\/\/christusnews.de\/site\/wp-content\/uploads\/aussen2108.jpg\" alt=\"aussen2108\" width=\"200\" height=\"200\" srcset=\"https:\/\/christusnews.de\/site\/wp-content\/uploads\/aussen2108.jpg 200w, https:\/\/christusnews.de\/site\/wp-content\/uploads\/aussen2108-150x150.jpg 150w, https:\/\/christusnews.de\/site\/wp-content\/uploads\/aussen2108-70x70.jpg 70w, https:\/\/christusnews.de\/site\/wp-content\/uploads\/aussen2108-180x180.jpg 180w, https:\/\/christusnews.de\/site\/wp-content\/uploads\/aussen2108-50x50.jpg 50w\" sizes=\"auto, (max-width: 200px) 100vw, 200px\" \/><\/a>[\/vc_column_text][\/vc_accordion_tab][vc_accordion_tab title=&#8221;18. August: Die Fuger sind mit dem S\u00fcdschiff fast fertig.&#8221;][vc_column_text]Die Mauer des S\u00fcdschiffs ist von den Fugern fast fertig bearbeitet. Die freigelegten Stellen sind deutlich zu erkennen. Wer tags\u00fcber an der Kirche vorbeigeht, erlebt gro\u00dfe Staubwolken, die \u00fcber das Gel\u00e4nde ziehen. Noch zwei Tage, dann wechseln die Arbeiter an eine neue Wand.<\/p>\n<p>&nbsp;<\/p>\n<p><a href=\"http:\/\/christusnews.de\/site\/wp-content\/uploads\/aussen1808.jpg\"><img loading=\"lazy\" decoding=\"async\" class=\" size-full wp-image-1616 aligncenter\" src=\"http:\/\/christusnews.de\/site\/wp-content\/uploads\/aussen1808.jpg\" alt=\"aussen1808\" width=\"200\" height=\"200\" srcset=\"https:\/\/christusnews.de\/site\/wp-content\/uploads\/aussen1808.jpg 200w, https:\/\/christusnews.de\/site\/wp-content\/uploads\/aussen1808-150x150.jpg 150w, https:\/\/christusnews.de\/site\/wp-content\/uploads\/aussen1808-70x70.jpg 70w, https:\/\/christusnews.de\/site\/wp-content\/uploads\/aussen1808-180x180.jpg 180w, https:\/\/christusnews.de\/site\/wp-content\/uploads\/aussen1808-50x50.jpg 50w\" sizes=\"auto, (max-width: 200px) 100vw, 200px\" \/><\/a>[\/vc_column_text][\/vc_accordion_tab][vc_accordion_tab title=&#8221;17. August: HALT mit Friederike und gro\u00dfer Spende&#8221;][vc_column_text]Ein runder Geburtstag und die Jubilarin sagt: &#8220;Ich bin gl\u00fccklich und dankbar \u00fcber mein Leben. Daher sollen alle Geschenke f\u00fcr die Kirchensanierung sein.&#8221; Heute wurde eine gro\u00dfe Spende \u00fcbergeben. Die Kirchengemeinde dankt und w\u00fcnscht Gottes Segen f\u00fcr die weiteren Jahre und Jahrzehnte.<\/p>\n<p>&nbsp;<\/p>\n<p><a href=\"http:\/\/christusnews.de\/site\/wp-content\/uploads\/aussen1708.jpg\"><img loading=\"lazy\" decoding=\"async\" class=\" size-full wp-image-1617 aligncenter\" src=\"http:\/\/christusnews.de\/site\/wp-content\/uploads\/aussen1708.jpg\" alt=\"aussen1708\" width=\"200\" height=\"200\" srcset=\"https:\/\/christusnews.de\/site\/wp-content\/uploads\/aussen1708.jpg 200w, https:\/\/christusnews.de\/site\/wp-content\/uploads\/aussen1708-150x150.jpg 150w, https:\/\/christusnews.de\/site\/wp-content\/uploads\/aussen1708-70x70.jpg 70w, https:\/\/christusnews.de\/site\/wp-content\/uploads\/aussen1708-180x180.jpg 180w, https:\/\/christusnews.de\/site\/wp-content\/uploads\/aussen1708-50x50.jpg 50w\" sizes=\"auto, (max-width: 200px) 100vw, 200px\" \/><\/a>[\/vc_column_text][\/vc_accordion_tab][vc_accordion_tab title=&#8221;16. August: EXODUS und HALT&#8221;][vc_column_text]Kirchengemeinde Christus- und Garnison pr\u00e4sentiert begleitende Aktionen zur Kirchensanierung.<\/p>\n<p>11 Monate wird voraussichtlich die Innensanierung der Stadtkirche in Wilhelmshaven dauern. Am 29.August wird die Kirche ein letztes Mal f\u00fcr den Gottesdienst benutzt, bevor dann alle Gottesdienste, Veranstaltungen und Feiern im Gemeindehaus stattfinden. Zur Vorbereitung dieser Sanierung stellte die Kirchengemeinde jetzt das begleitende Programm f\u00fcr die Schlie\u00dfungswoche EXODUS und f\u00fcr den Spendenaufruf HALT dar. Entworfen wurde das Konzept von der Werbeagentur SCHWEERPUNKT, deren Mitarbeiter das Konzept mit vorstellten. Zwei Gottesdienste rahmen die Woche vom 22. \u2013 29. August. Am 22. 8. Hei\u00dft es um 10 Uhr \u201eKinder, wie die Zeit vergeht\u201c und am 29. 8. wird die Gemeinde letztmalig in der fast leerger\u00e4umten Kirche feiern (St\u00fchle und Bierb\u00e4nke werden bereitgehalten). Im Laufe des Gottesdienstes tritt die Gottesdienstgemeinde den neuen Weg an und zieht gemeinsam aus der Kirche in den Gemeindesaal \u2013 den neuen Gottesdienstraum. Zwei Konzerte akzentuieren die Woche musikalisch. Die Harfenistin Hilary O\u2019Neill am 22. 8. um 19 Uhr und die Konzertorganistin Milena Aroutjunowa am 24. 8. um 18.30 Uhr. Besonders am Herz liegt der Gemeinde der Dienstag, der 24. 8.. In einer Gemeindeversammlung wird unter dem Titel \u201eWAS PASSIERT HIER EIGENTLICH\u201c alles Wissenswerte zur Sanierung dargestellt und auf Fragen geantwortet. Mit einem HALT Flugblatt starten die Kirchengemeinde mit einem Augenzwinkern den HIMMLISCHEN AUFRUF L\u00d6BLICHER TATEN. 100.000 Euro fehlen noch bei der Sanierung. 730 000 Euro sind bereits vorhanden. Die Christus- und Garnisonkirche sucht f\u00fcr den Bau HIMMLISCHE HELFER, die die Sanierung finanziell unterst\u00fctzen. Jede Spende, egal in welcher H\u00f6he, wird bedacht mit einem Schieferst\u00fcck der alten Chorbedachung. Eine Schindel oder ein Schindelst\u00fcck mit dem Signet der Kirchensanierung. Alle Himmlischen Helfer werden in einer Dokumentation zur Kirchensanierung verewigt. Diese wird in der Kirche ausliegen. Gleichzeitig werden in der Woche des Auszugs Spendendosen mit dem HALT Aufruf in Umlauf geschickt. 141 St\u00fcck. Eine f\u00fcr jedes Jahr seit der Grundsteinlegung. Die Pastoren Busemann und Morgenstern zeigten sich \u00fcberzeugt, dass 100 000 Euro in diesem Jahr erreichbar seien.<\/p>\n<p>&nbsp;<\/p>\n<p>&nbsp;<\/p>\n<p><a href=\"http:\/\/christusnews.de\/site\/wp-content\/uploads\/Pressevorstellung2.jpg\"><img loading=\"lazy\" decoding=\"async\" class=\" size-full wp-image-1618 aligncenter\" src=\"http:\/\/christusnews.de\/site\/wp-content\/uploads\/Pressevorstellung2.jpg\" alt=\"Pressevorstellung2\" width=\"200\" height=\"200\" srcset=\"https:\/\/christusnews.de\/site\/wp-content\/uploads\/Pressevorstellung2.jpg 200w, https:\/\/christusnews.de\/site\/wp-content\/uploads\/Pressevorstellung2-150x150.jpg 150w, https:\/\/christusnews.de\/site\/wp-content\/uploads\/Pressevorstellung2-70x70.jpg 70w, https:\/\/christusnews.de\/site\/wp-content\/uploads\/Pressevorstellung2-180x180.jpg 180w, https:\/\/christusnews.de\/site\/wp-content\/uploads\/Pressevorstellung2-50x50.jpg 50w\" sizes=\"auto, (max-width: 200px) 100vw, 200px\" \/><\/a>[\/vc_column_text][\/vc_accordion_tab][vc_accordion_tab title=&#8221;14. August: Vorerst die letzten Taufen in der Kirche!&#8221;][vc_column_text]Ein letztes Mal wurde am Samstag in der Kirche getauft. Wenn die Kirche geschlossen wird, dann werden Taufen im Gemeindehaus stattfinden. Am Samstag wurden Ben Luca und Celine Marina getauft.<br \/>\nHier werden sie von Ihren Paten gehalten.<\/p>\n<p>&nbsp;<\/p>\n<p><a href=\"http:\/\/christusnews.de\/site\/wp-content\/uploads\/aussen1408.jpg\"><img loading=\"lazy\" decoding=\"async\" class=\" size-full wp-image-1619 aligncenter\" src=\"http:\/\/christusnews.de\/site\/wp-content\/uploads\/aussen1408.jpg\" alt=\"aussen1408\" width=\"200\" height=\"200\" srcset=\"https:\/\/christusnews.de\/site\/wp-content\/uploads\/aussen1408.jpg 200w, https:\/\/christusnews.de\/site\/wp-content\/uploads\/aussen1408-150x150.jpg 150w, https:\/\/christusnews.de\/site\/wp-content\/uploads\/aussen1408-70x70.jpg 70w, https:\/\/christusnews.de\/site\/wp-content\/uploads\/aussen1408-180x180.jpg 180w, https:\/\/christusnews.de\/site\/wp-content\/uploads\/aussen1408-50x50.jpg 50w\" sizes=\"auto, (max-width: 200px) 100vw, 200px\" \/><\/a>[\/vc_column_text][\/vc_accordion_tab][vc_accordion_tab title=&#8221;13. August: Werbebanner werden angebracht!&#8221;][vc_column_text]Der Aktionen zur Kirchensanierung werden am Montag der \u00d6ffentlichkeit vorgestellt. Aber schon heute kommen die gro\u00dfen Banner an die Kirche. Der eine Banner erz\u00e4hlt von der Kirchenschlie\u00dfung und den Orten, wo die Arbeit weitergeht.<\/p>\n<p>Der andere Banner stellt die Spendensammlung vor. Am Montag werden Sie dazu auch mehr hier auf der Homepage finden.<\/p>\n<p>Steht man vor der Kirche, dann hat man beide Banner im Blick. Nur unser Homepage Programm bekommt heute nicht beide auf das Vorschau Bild. Vielleicht \u00fcberzeugen Sie sich selber vor Ort von der guten Arbeit. Zum Beispiel am Sonntag. Um 12 Uhr, denn noch feiern wir in der Kirche.<\/p>\n<p>&nbsp;<\/p>\n<p><a href=\"http:\/\/christusnews.de\/site\/wp-content\/uploads\/aussen13081.jpg\"><img loading=\"lazy\" decoding=\"async\" class=\"alignnone size-full wp-image-1620 aligncenter\" src=\"http:\/\/christusnews.de\/site\/wp-content\/uploads\/aussen13081.jpg\" alt=\"aussen13081\" width=\"200\" height=\"200\" srcset=\"https:\/\/christusnews.de\/site\/wp-content\/uploads\/aussen13081.jpg 200w, https:\/\/christusnews.de\/site\/wp-content\/uploads\/aussen13081-150x150.jpg 150w, https:\/\/christusnews.de\/site\/wp-content\/uploads\/aussen13081-70x70.jpg 70w, https:\/\/christusnews.de\/site\/wp-content\/uploads\/aussen13081-180x180.jpg 180w, https:\/\/christusnews.de\/site\/wp-content\/uploads\/aussen13081-50x50.jpg 50w\" sizes=\"auto, (max-width: 200px) 100vw, 200px\" \/><\/a><\/p>\n<p><a href=\"http:\/\/christusnews.de\/site\/wp-content\/uploads\/aussen13082.jpg\"><img loading=\"lazy\" decoding=\"async\" class=\" size-medium wp-image-1621 aligncenter\" src=\"http:\/\/christusnews.de\/site\/wp-content\/uploads\/aussen13082.jpg\" alt=\"aussen13082\" width=\"200\" height=\"200\" srcset=\"https:\/\/christusnews.de\/site\/wp-content\/uploads\/aussen13082.jpg 200w, https:\/\/christusnews.de\/site\/wp-content\/uploads\/aussen13082-150x150.jpg 150w, https:\/\/christusnews.de\/site\/wp-content\/uploads\/aussen13082-70x70.jpg 70w, https:\/\/christusnews.de\/site\/wp-content\/uploads\/aussen13082-180x180.jpg 180w, https:\/\/christusnews.de\/site\/wp-content\/uploads\/aussen13082-50x50.jpg 50w\" sizes=\"auto, (max-width: 200px) 100vw, 200px\" \/><\/a><\/p>\n<p><a href=\"http:\/\/christusnews.de\/site\/wp-content\/uploads\/aussen13083.jpg\"><img loading=\"lazy\" decoding=\"async\" class=\"alignnone size-medium wp-image-1622 aligncenter\" src=\"http:\/\/christusnews.de\/site\/wp-content\/uploads\/aussen13083.jpg\" alt=\"aussen13083\" width=\"200\" height=\"200\" srcset=\"https:\/\/christusnews.de\/site\/wp-content\/uploads\/aussen13083.jpg 200w, https:\/\/christusnews.de\/site\/wp-content\/uploads\/aussen13083-150x150.jpg 150w, https:\/\/christusnews.de\/site\/wp-content\/uploads\/aussen13083-70x70.jpg 70w, https:\/\/christusnews.de\/site\/wp-content\/uploads\/aussen13083-180x180.jpg 180w, https:\/\/christusnews.de\/site\/wp-content\/uploads\/aussen13083-50x50.jpg 50w\" sizes=\"auto, (max-width: 200px) 100vw, 200px\" \/><\/a>[\/vc_column_text][\/vc_accordion_tab][vc_accordion_tab title=&#8221;10. August: Welche Heizung??&#8221;][vc_column_text]Welche Heizung und wie soll sie laufen? Das war Thema auf der letzten Bausitzung. Die Fachleute diskutierten \u00fcber die m\u00f6glichen neuen Sch\u00e4chte und wie denn die B\u00e4nke w\u00e4rmer gemacht werden k\u00f6nnten. Der Gemeindekirchenrat entschied dazu am Abend des Tages, dass nach M\u00f6glichkeit alle B\u00e4nke bleiben sollen und jede eine eigene Heizung bekommt. Also f\u00fcr Besucher, die oft sagen: Mir ist die Temperatur zu niedrig! Denen sei gesagt, die Chancen stehen gut, dass es w\u00e4rmer wird.<\/p>\n<p>&nbsp;<\/p>\n<p><a href=\"http:\/\/christusnews.de\/site\/wp-content\/uploads\/aussen0808.jpg\"><img loading=\"lazy\" decoding=\"async\" class=\" size-full wp-image-1623 aligncenter\" src=\"http:\/\/christusnews.de\/site\/wp-content\/uploads\/aussen0808.jpg\" alt=\"aussen0808\" width=\"200\" height=\"200\" srcset=\"https:\/\/christusnews.de\/site\/wp-content\/uploads\/aussen0808.jpg 200w, https:\/\/christusnews.de\/site\/wp-content\/uploads\/aussen0808-150x150.jpg 150w, https:\/\/christusnews.de\/site\/wp-content\/uploads\/aussen0808-70x70.jpg 70w, https:\/\/christusnews.de\/site\/wp-content\/uploads\/aussen0808-180x180.jpg 180w, https:\/\/christusnews.de\/site\/wp-content\/uploads\/aussen0808-50x50.jpg 50w\" sizes=\"auto, (max-width: 200px) 100vw, 200px\" \/><\/a>[\/vc_column_text][\/vc_accordion_tab][vc_accordion_tab title=&#8221;6. August: Mauersch\u00e4den&#8221;][vc_column_text]Ganz oben arbeiten derzeitig die Handwerker an der Mauer des S\u00fcdschiffes. Es wird geflext und ges\u00e4ubert. An einigen Stellen sind faustgro\u00dfe L\u00f6cher in der Mauer. Das alles und noch viel mehr wird jetzt saniert.<\/p>\n<p>&nbsp;<\/p>\n<p><a href=\"http:\/\/christusnews.de\/site\/wp-content\/uploads\/aussen0608.jpg\"><img loading=\"lazy\" decoding=\"async\" class=\" size-full wp-image-1624 aligncenter\" src=\"http:\/\/christusnews.de\/site\/wp-content\/uploads\/aussen0608.jpg\" alt=\"aussen0608\" width=\"200\" height=\"200\" srcset=\"https:\/\/christusnews.de\/site\/wp-content\/uploads\/aussen0608.jpg 200w, https:\/\/christusnews.de\/site\/wp-content\/uploads\/aussen0608-150x150.jpg 150w, https:\/\/christusnews.de\/site\/wp-content\/uploads\/aussen0608-70x70.jpg 70w, https:\/\/christusnews.de\/site\/wp-content\/uploads\/aussen0608-180x180.jpg 180w, https:\/\/christusnews.de\/site\/wp-content\/uploads\/aussen0608-50x50.jpg 50w\" sizes=\"auto, (max-width: 200px) 100vw, 200px\" \/><\/a>[\/vc_column_text][\/vc_accordion_tab][vc_accordion_tab title=&#8221;29. Juli: Nicht leicht&#8221;][vc_column_text]Die gerade wieder gesundete K\u00fcsterin Heike B\u00f6ncker stellt fest, dass die Ger\u00fcsteteile nicht von Pappe sind. Der Ger\u00fcstaufbau ist nicht nur eine wahre Kunst, sondern es ist auch harte Knochenarbeit.<\/p>\n<p>&nbsp;<\/p>\n<p><a href=\"http:\/\/christusnews.de\/site\/wp-content\/uploads\/Aussen-4.jpg\"><img loading=\"lazy\" decoding=\"async\" class=\" size-full wp-image-1625 aligncenter\" src=\"http:\/\/christusnews.de\/site\/wp-content\/uploads\/Aussen-4.jpg\" alt=\"Aussen-4\" width=\"200\" height=\"200\" srcset=\"https:\/\/christusnews.de\/site\/wp-content\/uploads\/Aussen-4.jpg 200w, https:\/\/christusnews.de\/site\/wp-content\/uploads\/Aussen-4-150x150.jpg 150w, https:\/\/christusnews.de\/site\/wp-content\/uploads\/Aussen-4-70x70.jpg 70w, https:\/\/christusnews.de\/site\/wp-content\/uploads\/Aussen-4-180x180.jpg 180w, https:\/\/christusnews.de\/site\/wp-content\/uploads\/Aussen-4-50x50.jpg 50w\" sizes=\"auto, (max-width: 200px) 100vw, 200px\" \/><\/a>[\/vc_column_text][\/vc_accordion_tab][vc_accordion_tab title=&#8221;27. Juli: Das Ger\u00fcst w\u00e4chst. &#8220;][vc_column_text]Auch das Nordschiff ist nun fast einger\u00fcstet.<\/p>\n<p>&nbsp;<\/p>\n<p><a href=\"http:\/\/christusnews.de\/site\/wp-content\/uploads\/Aussen-3.jpg\"><img loading=\"lazy\" decoding=\"async\" class=\" size-full wp-image-1626 aligncenter\" src=\"http:\/\/christusnews.de\/site\/wp-content\/uploads\/Aussen-3.jpg\" alt=\"Aussen-3\" width=\"200\" height=\"200\" srcset=\"https:\/\/christusnews.de\/site\/wp-content\/uploads\/Aussen-3.jpg 200w, https:\/\/christusnews.de\/site\/wp-content\/uploads\/Aussen-3-150x150.jpg 150w, https:\/\/christusnews.de\/site\/wp-content\/uploads\/Aussen-3-70x70.jpg 70w, https:\/\/christusnews.de\/site\/wp-content\/uploads\/Aussen-3-180x180.jpg 180w, https:\/\/christusnews.de\/site\/wp-content\/uploads\/Aussen-3-50x50.jpg 50w\" sizes=\"auto, (max-width: 200px) 100vw, 200px\" \/><\/a>[\/vc_column_text][\/vc_accordion_tab][vc_accordion_tab title=&#8221;7. Juli: S\u00fcdschiff einger\u00fcstet.&#8221;][vc_column_text]Das S\u00fcdschiff ist der erste Geb\u00e4udeteil, der einger\u00fcstet ist.<\/p>\n<p>&nbsp;<\/p>\n<p><a href=\"http:\/\/christusnews.de\/site\/wp-content\/uploads\/Aussen-01.jpg\"><img loading=\"lazy\" decoding=\"async\" class=\" size-full wp-image-1627 aligncenter\" src=\"http:\/\/christusnews.de\/site\/wp-content\/uploads\/Aussen-01.jpg\" alt=\"Aussen-01\" width=\"200\" height=\"200\" srcset=\"https:\/\/christusnews.de\/site\/wp-content\/uploads\/Aussen-01.jpg 200w, https:\/\/christusnews.de\/site\/wp-content\/uploads\/Aussen-01-150x150.jpg 150w, https:\/\/christusnews.de\/site\/wp-content\/uploads\/Aussen-01-70x70.jpg 70w, https:\/\/christusnews.de\/site\/wp-content\/uploads\/Aussen-01-180x180.jpg 180w, https:\/\/christusnews.de\/site\/wp-content\/uploads\/Aussen-01-50x50.jpg 50w\" sizes=\"auto, (max-width: 200px) 100vw, 200px\" \/><\/a>[\/vc_column_text][\/vc_accordion_tab][vc_accordion_tab title=&#8221;5. Juli: Es beginnt!&#8221;][vc_column_text]Nun geht es los. Der entscheiden Brief aus Berlin ist da. Die Au\u00dfensanierung kann beginnen. Im Lauf der n\u00e4chsten Tage und Wochen wird das Ger\u00fcst wachsen. Firma Bratzke beginnt mit dem Abladen und Aufbauen der Ger\u00fcstteile.<\/p>\n<p>&nbsp;<\/p>\n<p><a href=\"http:\/\/christusnews.de\/site\/wp-content\/uploads\/Aussen-2.jpg\"><img loading=\"lazy\" decoding=\"async\" class=\" size-full wp-image-1628 aligncenter\" src=\"http:\/\/christusnews.de\/site\/wp-content\/uploads\/Aussen-2.jpg\" alt=\"Aussen-2\" width=\"200\" height=\"200\" srcset=\"https:\/\/christusnews.de\/site\/wp-content\/uploads\/Aussen-2.jpg 200w, https:\/\/christusnews.de\/site\/wp-content\/uploads\/Aussen-2-150x150.jpg 150w, https:\/\/christusnews.de\/site\/wp-content\/uploads\/Aussen-2-70x70.jpg 70w, https:\/\/christusnews.de\/site\/wp-content\/uploads\/Aussen-2-180x180.jpg 180w, https:\/\/christusnews.de\/site\/wp-content\/uploads\/Aussen-2-50x50.jpg 50w\" sizes=\"auto, (max-width: 200px) 100vw, 200px\" \/><\/a>[\/vc_column_text][\/vc_accordion_tab][\/vc_accordion][\/vc_column][\/vc_row]<\/p>\n<\/div>","protected":false},"excerpt":{"rendered":"<p>[vc_row][vc_column width=&#8221;1\/1&#8243;][vc_single_image image=&#8221;1454&#8243; alignment=&#8221;center&#8221; border_color=&#8221;grey&#8221; img_link_large=&#8221;&#8221; img_link_target=&#8221;_self&#8221; img_size=&#8221;800&#8243;][\/vc_column][\/vc_row][vc_row][vc_column width=&#8221;1\/1&#8243;][vc_progress_bar values=&#8221;100 | Bauarbeiten abgeschlossen am 11. Dezember 2011&#8243; bgcolor=&#8221;bar_green&#8221; options=&#8221;&#8221; units=&#8221;%&#8221;][\/vc_column][\/vc_row][vc_row][vc_column width=&#8221;1\/1&#8243;][vc_custom_heading text=&#8221;Unser Bautagebuch&#8221; font_container=&#8221;tag:h2|text_align:left&#8221; google_fonts=&#8221;font_family:Abril%20Fatface%3Aregular|font_style:400%20regular%3A400%3Anormal&#8221;][\/vc_column][\/vc_row][vc_row][vc_column width=&#8221;1\/1&#8243;][vc_accordion collapsible=&#8221;&#8221; disable_keyboard=&#8221;&#8221;][vc_accordion_tab title=&#8221;20. Dezember: Verschlossen&#8221;][vc_column_text]Gestern hat der Mitarbeiter der Firma Wandscher nun die Zeitkapseln verschlossen. F\u00fcr alle Ewigkeit oder zumindest bis zur n\u00e4chsten Sanierung. ;-))) Die Zeitkapseln waren bei der Sanierung im Altarraum versenkt worden. &nbsp; [\/vc_column_text][\/vc_accordion_tab][vc_accordion_tab title=&#8221;9. Dezember: Endspurt f\u00fcr ALLE&#8221;][vc_column_text]Noch einmal Endspurt f\u00fcr alle. Die letzten Arbeiten werden gemacht. Und unsere K\u00fcster Heike B\u00f6ncker und Andreas Ansorge transportieren die letzten Kisten aus dem Gemeindehaus in die Kirche zur\u00fcck. &nbsp; [\/vc_column_text][\/vc_accordion_tab][vc_accordion_tab title=&#8221;8. Dezember:&#8230;<\/p>\n","protected":false},"author":1,"featured_media":0,"parent":80,"menu_order":1,"comment_status":"closed","ping_status":"open","template":"","meta":{"footnotes":""},"class_list":["post-1450","page","type-page","status-publish","hentry"],"_links":{"self":[{"href":"https:\/\/christusnews.de\/site\/wp-json\/wp\/v2\/pages\/1450","targetHints":{"allow":["GET"]}}],"collection":[{"href":"https:\/\/christusnews.de\/site\/wp-json\/wp\/v2\/pages"}],"about":[{"href":"https:\/\/christusnews.de\/site\/wp-json\/wp\/v2\/types\/page"}],"author":[{"embeddable":true,"href":"https:\/\/christusnews.de\/site\/wp-json\/wp\/v2\/users\/1"}],"replies":[{"embeddable":true,"href":"https:\/\/christusnews.de\/site\/wp-json\/wp\/v2\/comments?post=1450"}],"version-history":[{"count":11,"href":"https:\/\/christusnews.de\/site\/wp-json\/wp\/v2\/pages\/1450\/revisions"}],"predecessor-version":[{"id":1629,"href":"https:\/\/christusnews.de\/site\/wp-json\/wp\/v2\/pages\/1450\/revisions\/1629"}],"up":[{"embeddable":true,"href":"https:\/\/christusnews.de\/site\/wp-json\/wp\/v2\/pages\/80"}],"wp:attachment":[{"href":"https:\/\/christusnews.de\/site\/wp-json\/wp\/v2\/media?parent=1450"}],"curies":[{"name":"wp","href":"https:\/\/api.w.org\/{rel}","templated":true}]}}