{"id":19457,"date":"2021-11-26T09:07:00","date_gmt":"2021-11-26T08:07:00","guid":{"rendered":"https:\/\/christusnews.de\/site\/?post_type=tribe_events&#038;p=19457"},"modified":"2022-01-27T22:03:36","modified_gmt":"2022-01-27T21:03:36","slug":"luechterkark-folk-meets-classic","status":"publish","type":"tribe_events","link":"https:\/\/christusnews.de\/site\/event\/luechterkark-folk-meets-classic\/","title":{"rendered":"F\u00e4llt aus &#8212; L\u00fcchterkark &#8211; FOLK MEETS CLASSIC &#8212; f\u00e4llt aus"},"content":{"rendered":"<p><b>Aufgrund der aktuellen\u00a0Corona Lage und der weiterhin geltenden Warnstufe III im Land Niedersachsen, <\/b><\/p>\n<p><b>m\u00fcssen wir das Konzert von Laway schweren Herzens absagen. Daf\u00fcr bitten wir um Verst\u00e4ndnis.<\/b><\/p>\n<p>Wir bem\u00fchen uns darum, zeitnah einen Ausweichtermin zu planen.<\/p>\n<p>Bitte beachten Sie daf\u00fcr die \u00f6ffentlichen Bekanntmachungen und Hinweise.<\/p>\n<p>&nbsp;<\/p>\n<p><em>N\u00e4here Infos unter <a href=\"http:\/\/www.laway.de\/\">www.laway.de<\/a>\u00a0oder per email an\u00a0<\/em><a href=\"mailto:info@laway.de\"><em>info@laway.de<\/em><\/a><\/p>\n<p>&nbsp;<\/p>\n","protected":false},"excerpt":{"rendered":"<p>Aufgrund der aktuellen\u00a0Corona Lage und der weiterhin geltenden Warnstufe III im Land Niedersachsen, m\u00fcssen wir das Konzert von Laway schweren Herzens absagen. Daf\u00fcr bitten wir um Verst\u00e4ndnis. Wir bem\u00fchen uns darum, zeitnah einen Ausweichtermin zu planen. Bitte beachten Sie daf\u00fcr die \u00f6ffentlichen Bekanntmachungen und Hinweise. &nbsp; N\u00e4here Infos unter www.laway.de\u00a0oder per email an\u00a0info@laway.de &nbsp;<\/p>\n","protected":false},"author":2,"featured_media":19413,"template":"","meta":{"_tribe_events_status":"","_tribe_events_status_reason":"","footnotes":""},"tags":[],"tribe_events_cat":[30,41,29],"class_list":["post-19457","tribe_events","type-tribe_events","status-publish","has-post-thumbnail","hentry","tribe_events_cat-citykirche","tribe_events_cat-konzert","tribe_events_cat-veranstaltung","cat_citykirche","cat_konzert","cat_veranstaltung"],"_links":{"self":[{"href":"https:\/\/christusnews.de\/site\/wp-json\/wp\/v2\/tribe_events\/19457","targetHints":{"allow":["GET"]}}],"collection":[{"href":"https:\/\/christusnews.de\/site\/wp-json\/wp\/v2\/tribe_events"}],"about":[{"href":"https:\/\/christusnews.de\/site\/wp-json\/wp\/v2\/types\/tribe_events"}],"author":[{"embeddable":true,"href":"https:\/\/christusnews.de\/site\/wp-json\/wp\/v2\/users\/2"}],"version-history":[{"count":4,"href":"https:\/\/christusnews.de\/site\/wp-json\/wp\/v2\/tribe_events\/19457\/revisions"}],"predecessor-version":[{"id":19981,"href":"https:\/\/christusnews.de\/site\/wp-json\/wp\/v2\/tribe_events\/19457\/revisions\/19981"}],"wp:featuredmedia":[{"embeddable":true,"href":"https:\/\/christusnews.de\/site\/wp-json\/wp\/v2\/media\/19413"}],"wp:attachment":[{"href":"https:\/\/christusnews.de\/site\/wp-json\/wp\/v2\/media?parent=19457"}],"wp:term":[{"taxonomy":"post_tag","embeddable":true,"href":"https:\/\/christusnews.de\/site\/wp-json\/wp\/v2\/tags?post=19457"},{"taxonomy":"tribe_events_cat","embeddable":true,"href":"https:\/\/christusnews.de\/site\/wp-json\/wp\/v2\/tribe_events_cat?post=19457"}],"curies":[{"name":"wp","href":"https:\/\/api.w.org\/{rel}","templated":true}]}}