{"id":25573,"date":"2023-11-07T17:13:30","date_gmt":"2023-11-07T16:13:30","guid":{"rendered":"https:\/\/christusnews.de\/site\/?post_type=tribe_events&#038;p=25573"},"modified":"2023-11-07T17:13:45","modified_gmt":"2023-11-07T16:13:45","slug":"ausstellungseroeffnung","status":"publish","type":"tribe_events","link":"https:\/\/christusnews.de\/site\/event\/ausstellungseroeffnung\/","title":{"rendered":"Ausstellungser\u00f6ffnung"},"content":{"rendered":"<p>Ausstellungser\u00f6ffnung &#8211; \u201eSag mir, wo die Blumen sind\u201c<\/p>\n<p>Gem\u00e4lde von Bernd N\u00f6hre h\u00e4ngen in der Kirche. Nach dem Gottesdienst( 12 Uhr) wird die Ausstellung mit gro\u00dfformatigen Bildern mit einer Vernissage um 13.15 Uhr er\u00f6ffnet. Die Ausstellung hat den Titel \u201eHommage an Anselm Kiefer\u201c und ist bis zum 30. November zu sehen.<\/p>\n","protected":false},"excerpt":{"rendered":"<p>Ausstellungser\u00f6ffnung &#8211; \u201eSag mir, wo die Blumen sind\u201c Gem\u00e4lde von Bernd N\u00f6hre h\u00e4ngen in der Kirche. Nach dem Gottesdienst( 12 Uhr) wird die Ausstellung mit gro\u00dfformatigen Bildern mit einer Vernissage um 13.15 Uhr er\u00f6ffnet. Die Ausstellung hat den Titel \u201eHommage an Anselm Kiefer\u201c und ist bis zum 30. November zu sehen.<\/p>\n","protected":false},"author":2,"featured_media":25569,"template":"","meta":{"_tribe_events_status":"","_tribe_events_status_reason":"","footnotes":""},"tags":[],"tribe_events_cat":[30,29],"class_list":["post-25573","tribe_events","type-tribe_events","status-publish","has-post-thumbnail","hentry","tribe_events_cat-citykirche","tribe_events_cat-veranstaltung","cat_citykirche","cat_veranstaltung"],"_links":{"self":[{"href":"https:\/\/christusnews.de\/site\/wp-json\/wp\/v2\/tribe_events\/25573","targetHints":{"allow":["GET"]}}],"collection":[{"href":"https:\/\/christusnews.de\/site\/wp-json\/wp\/v2\/tribe_events"}],"about":[{"href":"https:\/\/christusnews.de\/site\/wp-json\/wp\/v2\/types\/tribe_events"}],"author":[{"embeddable":true,"href":"https:\/\/christusnews.de\/site\/wp-json\/wp\/v2\/users\/2"}],"version-history":[{"count":1,"href":"https:\/\/christusnews.de\/site\/wp-json\/wp\/v2\/tribe_events\/25573\/revisions"}],"predecessor-version":[{"id":25574,"href":"https:\/\/christusnews.de\/site\/wp-json\/wp\/v2\/tribe_events\/25573\/revisions\/25574"}],"wp:featuredmedia":[{"embeddable":true,"href":"https:\/\/christusnews.de\/site\/wp-json\/wp\/v2\/media\/25569"}],"wp:attachment":[{"href":"https:\/\/christusnews.de\/site\/wp-json\/wp\/v2\/media?parent=25573"}],"wp:term":[{"taxonomy":"post_tag","embeddable":true,"href":"https:\/\/christusnews.de\/site\/wp-json\/wp\/v2\/tags?post=25573"},{"taxonomy":"tribe_events_cat","embeddable":true,"href":"https:\/\/christusnews.de\/site\/wp-json\/wp\/v2\/tribe_events_cat?post=25573"}],"curies":[{"name":"wp","href":"https:\/\/api.w.org\/{rel}","templated":true}]}}