{"id":25577,"date":"2023-11-07T17:17:10","date_gmt":"2023-11-07T16:17:10","guid":{"rendered":"https:\/\/christusnews.de\/site\/?post_type=tribe_events&#038;p=25577"},"modified":"2023-11-07T17:17:10","modified_gmt":"2023-11-07T16:17:10","slug":"fuehrung-durch-die-ausstellung-hommage-an-anselm-kiefer","status":"publish","type":"tribe_events","link":"https:\/\/christusnews.de\/site\/event\/fuehrung-durch-die-ausstellung-hommage-an-anselm-kiefer\/","title":{"rendered":"F\u00fchrung durch die Ausstellung \u201eHommage an Anselm Kiefer\u201c"},"content":{"rendered":"<p>F\u00fchrung durch die Ausstellung \u201eHommage an Anselm Kiefer\u201c<\/p>\n<p>Der Wilhelmshavener K\u00fcnstler Bernd N\u00f6hre hat sich anregen lassen von dem gro\u00dfen K\u00fcnstler Anselm Kiefer. Er hat f\u00fcnf gro\u00dfformatige Gem\u00e4lde entwickelt, die den Altarraum vom 19. \u2013 30 November bestimmen. In einem Gespr\u00e4ch und einer F\u00fchrung kommt Bernd N\u00f6hre mit den Besuchenden ins Gespr\u00e4ch. Im Anschluss gibt es die M\u00f6glichkeit im UCI einen Film \u00fcber Anselm Kiefer zu sehen.<\/p>\n","protected":false},"excerpt":{"rendered":"<p>F\u00fchrung durch die Ausstellung \u201eHommage an Anselm Kiefer\u201c Der Wilhelmshavener K\u00fcnstler Bernd N\u00f6hre hat sich anregen lassen von dem gro\u00dfen K\u00fcnstler Anselm Kiefer. Er hat f\u00fcnf gro\u00dfformatige Gem\u00e4lde entwickelt, die den Altarraum vom 19. \u2013 30 November bestimmen. In einem Gespr\u00e4ch und einer F\u00fchrung kommt Bernd N\u00f6hre mit den Besuchenden ins Gespr\u00e4ch. Im Anschluss gibt es die M\u00f6glichkeit im UCI einen Film \u00fcber Anselm Kiefer zu sehen.<\/p>\n","protected":false},"author":2,"featured_media":25566,"template":"","meta":{"_tribe_events_status":"","_tribe_events_status_reason":"","footnotes":""},"tags":[],"tribe_events_cat":[30,29],"class_list":["post-25577","tribe_events","type-tribe_events","status-publish","has-post-thumbnail","hentry","tribe_events_cat-citykirche","tribe_events_cat-veranstaltung","cat_citykirche","cat_veranstaltung"],"_links":{"self":[{"href":"https:\/\/christusnews.de\/site\/wp-json\/wp\/v2\/tribe_events\/25577","targetHints":{"allow":["GET"]}}],"collection":[{"href":"https:\/\/christusnews.de\/site\/wp-json\/wp\/v2\/tribe_events"}],"about":[{"href":"https:\/\/christusnews.de\/site\/wp-json\/wp\/v2\/types\/tribe_events"}],"author":[{"embeddable":true,"href":"https:\/\/christusnews.de\/site\/wp-json\/wp\/v2\/users\/2"}],"version-history":[{"count":1,"href":"https:\/\/christusnews.de\/site\/wp-json\/wp\/v2\/tribe_events\/25577\/revisions"}],"predecessor-version":[{"id":25578,"href":"https:\/\/christusnews.de\/site\/wp-json\/wp\/v2\/tribe_events\/25577\/revisions\/25578"}],"wp:featuredmedia":[{"embeddable":true,"href":"https:\/\/christusnews.de\/site\/wp-json\/wp\/v2\/media\/25566"}],"wp:attachment":[{"href":"https:\/\/christusnews.de\/site\/wp-json\/wp\/v2\/media?parent=25577"}],"wp:term":[{"taxonomy":"post_tag","embeddable":true,"href":"https:\/\/christusnews.de\/site\/wp-json\/wp\/v2\/tags?post=25577"},{"taxonomy":"tribe_events_cat","embeddable":true,"href":"https:\/\/christusnews.de\/site\/wp-json\/wp\/v2\/tribe_events_cat?post=25577"}],"curies":[{"name":"wp","href":"https:\/\/api.w.org\/{rel}","templated":true}]}}