{"id":27225,"date":"2024-07-23T19:46:49","date_gmt":"2024-07-23T17:46:49","guid":{"rendered":"https:\/\/christusnews.de\/site\/?post_type=tribe_events&#038;p=27225"},"modified":"2024-07-23T19:46:49","modified_gmt":"2024-07-23T17:46:49","slug":"barockmusik-zum-ausklang-der-ferien-fiori-concertati-mit-hochkaraetigen-solisten-in-der-christus-und-garnisonkirche","status":"publish","type":"tribe_events","link":"https:\/\/christusnews.de\/site\/event\/barockmusik-zum-ausklang-der-ferien-fiori-concertati-mit-hochkaraetigen-solisten-in-der-christus-und-garnisonkirche\/","title":{"rendered":"Barockmusik zum Ausklang der Ferien &#8212; Fiori Concertati mit hochkar\u00e4tigen Solisten in der Christus- und Garnisonkirche"},"content":{"rendered":"<p>Barockmusik zum Ausklang der Ferien<br \/>\nFiori Concertati mit hochkar\u00e4tigen Solisten in der Christus- und Garnisonkirche<br \/>\nGleich zwei Solisten von au\u00dfergew\u00f6hnlichem Format hat das Ensemble Fiori Concertati in diesem<br \/>\nJahr f\u00fcr sein traditionelles Sommerkonzert gewonnen, das am 3. August um 18.00 Uhr in der<br \/>\nWilhelmshavener Christus- und Garnisonkirche stattfindet: Die geb\u00fcrtige Australierin Emma Black ist<br \/>\nProfessorin f\u00fcr Oboe an der Wiener Universit\u00e4t f\u00fcr Musik und darstellende Kunst sowie Solooboistin<br \/>\nmehrerer namhafter europ\u00e4ischer Barockensembles. Zusammen mit dem Geiger Daniel Sepec, seines<br \/>\nZeichens Professor am Brahms-Institut der Musikhochschule L\u00fcbeck und Konzertmeister der<br \/>\nDeutschen Kammerphilharmonie Bremen, wird sie Bachs ber\u00fchmtes Doppelkonzert BWV 1060<br \/>\nspielen. Au\u00dferdem auf dem Programm stehen eine Orchestersuite mit Solovioline von Telemann<br \/>\n(TWV 55:G6), Albinonis Oboenkonzert op. 9 Nr. 2 und Vivaldis Violinkonzert op. 4 Nr. 9. Die Leitung<br \/>\nhat Matthias Hengelbrock, der Eintritt zu dieser etwa einst\u00fcndigen Veranstaltung ist wie immer frei.<br \/>\nDaniel Sepec ist bereits zum dritten Mal Gast des Ensembles Fiori Concertati. Legend\u00e4r ist erster<br \/>\nAuftritt 2014 mit Vivaldis \u201eVier Jahreszeiten\u201c, und noch in guter Erinnerung ist, wie er sich 2021 nicht<br \/>\nzu schade war, unter Pandemiebedingungen gleich zweimal am selben Tag in nur halbvoller Kirche zu<br \/>\nspielen. Weil ihm als Vollprofi die Arbeit mit den engagierten Amateurmusikern von Fiori Concertati<br \/>\nso gut gefiel, kam nun von ihm aus der Vorschlag, ein weiteres Projekt in Angriff zu nehmen und dazu<br \/>\nEmma Black einzuladen, mit der ihn eine enge musikalische Freundschaft verbindet.<br \/>\nF\u00fcr Matthias Hengelbrock und seine Freunde, deren musikalische Leidenschaft vor \u00fcber 40 Jahren im<br \/>\nWilhelmshavener Jugendorchester entfacht wurde, ist es ein unsch\u00e4tzbares Geschenk und zugleich<br \/>\nein immenser Ansporn, mit solch hochkar\u00e4tigen Solisten auf der B\u00fchne zu stehen. Seit nunmehr 24<br \/>\nJahren geben sie zum Ende der Sommerferien in der Christus- und Garnisonkirche ein Konzert mit<br \/>\nheiterer Barockmusik, auf stetig steigendem Niveau und immer kostenlos. Damit wollen die<br \/>\nEnthusiasten etwas von dem zur\u00fcckgeben, was sie einst als Sch\u00fcler in der Jadestadt erhalten haben,<br \/>\nund zwar mit Zinsen. Ihr treues Publikum wei\u00df dies sehr zu sch\u00e4tzen; wegen des zu erwartenden<br \/>\nAndrangs wird empfohlen, sich rechtzeitig die besten Pl\u00e4tze zu sichern (Einlass ab 17.00 Uhr).<\/p>\n","protected":false},"excerpt":{"rendered":"<p>Barockmusik zum Ausklang der Ferien Fiori Concertati mit hochkar\u00e4tigen Solisten in der Christus- und Garnisonkirche Gleich zwei Solisten von au\u00dfergew\u00f6hnlichem Format hat das Ensemble Fiori Concertati in diesem Jahr f\u00fcr sein traditionelles Sommerkonzert gewonnen, das am 3. August um 18.00 Uhr in der Wilhelmshavener Christus- und Garnisonkirche stattfindet: Die geb\u00fcrtige Australierin Emma Black ist Professorin f\u00fcr Oboe an der Wiener Universit\u00e4t f\u00fcr Musik und darstellende Kunst sowie Solooboistin mehrerer namhafter europ\u00e4ischer Barockensembles. Zusammen mit dem Geiger Daniel Sepec, seines Zeichens Professor am Brahms-Institut der Musikhochschule L\u00fcbeck und Konzertmeister der Deutschen Kammerphilharmonie Bremen, wird sie Bachs ber\u00fchmtes Doppelkonzert BWV 1060 spielen&#8230;.<\/p>\n","protected":false},"author":2,"featured_media":27109,"template":"","meta":{"_tribe_events_status":"","_tribe_events_status_reason":"","footnotes":""},"tags":[],"tribe_events_cat":[30,41,29],"class_list":["post-27225","tribe_events","type-tribe_events","status-publish","has-post-thumbnail","hentry","tribe_events_cat-citykirche","tribe_events_cat-konzert","tribe_events_cat-veranstaltung","cat_citykirche","cat_konzert","cat_veranstaltung"],"_links":{"self":[{"href":"https:\/\/christusnews.de\/site\/wp-json\/wp\/v2\/tribe_events\/27225","targetHints":{"allow":["GET"]}}],"collection":[{"href":"https:\/\/christusnews.de\/site\/wp-json\/wp\/v2\/tribe_events"}],"about":[{"href":"https:\/\/christusnews.de\/site\/wp-json\/wp\/v2\/types\/tribe_events"}],"author":[{"embeddable":true,"href":"https:\/\/christusnews.de\/site\/wp-json\/wp\/v2\/users\/2"}],"version-history":[{"count":1,"href":"https:\/\/christusnews.de\/site\/wp-json\/wp\/v2\/tribe_events\/27225\/revisions"}],"predecessor-version":[{"id":27226,"href":"https:\/\/christusnews.de\/site\/wp-json\/wp\/v2\/tribe_events\/27225\/revisions\/27226"}],"wp:featuredmedia":[{"embeddable":true,"href":"https:\/\/christusnews.de\/site\/wp-json\/wp\/v2\/media\/27109"}],"wp:attachment":[{"href":"https:\/\/christusnews.de\/site\/wp-json\/wp\/v2\/media?parent=27225"}],"wp:term":[{"taxonomy":"post_tag","embeddable":true,"href":"https:\/\/christusnews.de\/site\/wp-json\/wp\/v2\/tags?post=27225"},{"taxonomy":"tribe_events_cat","embeddable":true,"href":"https:\/\/christusnews.de\/site\/wp-json\/wp\/v2\/tribe_events_cat?post=27225"}],"curies":[{"name":"wp","href":"https:\/\/api.w.org\/{rel}","templated":true}]}}