{"id":27380,"date":"2024-10-04T19:07:37","date_gmt":"2024-10-04T17:07:37","guid":{"rendered":"https:\/\/christusnews.de\/site\/?post_type=tribe_events&#038;p=27380"},"modified":"2024-10-04T19:07:37","modified_gmt":"2024-10-04T17:07:37","slug":"abendklang-faellt-krankheitsbedingt-aus","status":"publish","type":"tribe_events","link":"https:\/\/christusnews.de\/site\/event\/abendklang-faellt-krankheitsbedingt-aus\/","title":{"rendered":"ABENDKLANG f\u00e4llt krankheitsbedingt aus"},"content":{"rendered":"<p><strong>ABENDKLANG f\u00e4llt krankheitsbedingt aus &#8211; wird 2025 nachgeholt<\/strong><\/p>\n<p><strong>18 Uhr Christus- und Garnisonkirche<br \/>\nHopfen &amp; Schmelz<\/strong>&#8211; das sind erdige und gef\u00fchlvolle Interpretationen handverlesener Pop-Songs. Das Vollblut-Musikerduo und Ehepaar Christian H\u00f6pfner und Karola Schmelz-H\u00f6pfner ist immer auf der Suche nach guten Songs mit aussagekr\u00e4ftigen Texten, mal deutsch und mal englisch, mal Mut machend, mal zum Nachdenken anregend, immer das Leben feiernd. Aktuelle und vergangene Hits sind ebenso im Repertoire wie unbekanntere Singer\/Songwriter-Perlen. Wie immer: Ein Abendklang zum Genie\u00dfen. Der Eintritt ist frei, um eine Kollekte wird gebeten.<\/p>\n","protected":false},"excerpt":{"rendered":"<p>ABENDKLANG f\u00e4llt krankheitsbedingt aus &#8211; wird 2025 nachgeholt 18 Uhr Christus- und Garnisonkirche Hopfen &amp; Schmelz&#8211; das sind erdige und gef\u00fchlvolle Interpretationen handverlesener Pop-Songs. Das Vollblut-Musikerduo und Ehepaar Christian H\u00f6pfner und Karola Schmelz-H\u00f6pfner ist immer auf der Suche nach guten Songs mit aussagekr\u00e4ftigen Texten, mal deutsch und mal englisch, mal Mut machend, mal zum Nachdenken anregend, immer das Leben feiernd. Aktuelle und vergangene Hits sind ebenso im Repertoire wie unbekanntere Singer\/Songwriter-Perlen. Wie immer: Ein Abendklang zum Genie\u00dfen. Der Eintritt ist frei, um eine Kollekte wird gebeten.<\/p>\n","protected":false},"author":2,"featured_media":27297,"template":"","meta":{"_tribe_events_status":"","_tribe_events_status_reason":"","footnotes":""},"tags":[],"tribe_events_cat":[30,39,41,29],"class_list":["post-27380","tribe_events","type-tribe_events","status-publish","has-post-thumbnail","hentry","tribe_events_cat-citykirche","tribe_events_cat-gottesdienst","tribe_events_cat-konzert","tribe_events_cat-veranstaltung","cat_citykirche","cat_gottesdienst","cat_konzert","cat_veranstaltung"],"_links":{"self":[{"href":"https:\/\/christusnews.de\/site\/wp-json\/wp\/v2\/tribe_events\/27380","targetHints":{"allow":["GET"]}}],"collection":[{"href":"https:\/\/christusnews.de\/site\/wp-json\/wp\/v2\/tribe_events"}],"about":[{"href":"https:\/\/christusnews.de\/site\/wp-json\/wp\/v2\/types\/tribe_events"}],"author":[{"embeddable":true,"href":"https:\/\/christusnews.de\/site\/wp-json\/wp\/v2\/users\/2"}],"version-history":[{"count":1,"href":"https:\/\/christusnews.de\/site\/wp-json\/wp\/v2\/tribe_events\/27380\/revisions"}],"predecessor-version":[{"id":27381,"href":"https:\/\/christusnews.de\/site\/wp-json\/wp\/v2\/tribe_events\/27380\/revisions\/27381"}],"wp:featuredmedia":[{"embeddable":true,"href":"https:\/\/christusnews.de\/site\/wp-json\/wp\/v2\/media\/27297"}],"wp:attachment":[{"href":"https:\/\/christusnews.de\/site\/wp-json\/wp\/v2\/media?parent=27380"}],"wp:term":[{"taxonomy":"post_tag","embeddable":true,"href":"https:\/\/christusnews.de\/site\/wp-json\/wp\/v2\/tags?post=27380"},{"taxonomy":"tribe_events_cat","embeddable":true,"href":"https:\/\/christusnews.de\/site\/wp-json\/wp\/v2\/tribe_events_cat?post=27380"}],"curies":[{"name":"wp","href":"https:\/\/api.w.org\/{rel}","templated":true}]}}