{"id":6390,"date":"2017-04-10T20:31:34","date_gmt":"2017-04-10T18:31:34","guid":{"rendered":"http:\/\/christusnews.de\/site\/?post_type=tribe_events&#038;p=6390"},"modified":"2017-04-10T20:54:32","modified_gmt":"2017-04-10T18:54:32","slug":"passionspunkt-auf-dem-scheitelpunkt","status":"publish","type":"tribe_events","link":"https:\/\/christusnews.de\/site\/event\/passionspunkt-auf-dem-scheitelpunkt\/","title":{"rendered":"Passionspunkt: &#8220;Auf dem Scheitelpunkt&#8221;"},"content":{"rendered":"<p><em>Mittwoch, 12. April: &#8220;Auf dem Scheitelpunkt&#8221;<\/em><\/p>\n<p>Auf dem Scheitelpunkttrifft sich die Gemeinde der Passionspunkte am Mittwoch. Auf dem Scheitelpunkt der sogenannten Karwoche aber auch auf dem Scheitelpunkt der Stadt zwischen Wohnen und Industrie, zwischen Kultur und Stadt. Stadtbaurat Oliver Leinert blickt auf die bauliche Entwicklung der Stadt und des gro\u00dfen Hafens, Frank Morgenstern greift in diesem besonderen Passionspunkt mit weitem Blick die Passionsgeschichte auf. F\u00fcr musikalische Akzente sorgt das Trio Simon Kasper, J\u00f6rdis W\u00f6lk und Emanuel Jessel.<\/p>\n<p><a href=\"http:\/\/christusnews.de\/site\/wp-content\/uploads\/Bildschirmfoto-2017-03-01-um-10.37.43.png\"><img loading=\"lazy\" decoding=\"async\" class=\"alignright size-medium wp-image-6089\" src=\"http:\/\/christusnews.de\/site\/wp-content\/uploads\/Bildschirmfoto-2017-03-01-um-10.37.43-180x300.png\" alt=\"\" width=\"180\" height=\"300\" srcset=\"https:\/\/christusnews.de\/site\/wp-content\/uploads\/Bildschirmfoto-2017-03-01-um-10.37.43-180x300.png 180w, https:\/\/christusnews.de\/site\/wp-content\/uploads\/Bildschirmfoto-2017-03-01-um-10.37.43-616x1024.png 616w, https:\/\/christusnews.de\/site\/wp-content\/uploads\/Bildschirmfoto-2017-03-01-um-10.37.43.png 662w\" sizes=\"auto, (max-width: 180px) 100vw, 180px\" \/><\/a>Vom 9. bis 15. April finden wieder die Passionspunkte statt. Jeweils um 18 Uhr verl\u00e4sst die Gemeinde der Christus- und Garnisonkirche die Kirche und feiert sogenannte Passionspunkte an wunden Punkten in der S\u00fcd- und Innenstadt.<\/p>\n<p>35 Minuten lang werden Fachleute, MusikerInnen, LektorInnen und TheologInnen den Ort im Kontext der Passionsgeschichte Jesu beleuchten. F\u00fcr dieses Jahr sind wieder eindr\u00fcckliche Orte gefunden worden, die sowohl die Stadtgeschichte als auch die Geschichte Jesu in neuem und anderem Licht erscheinen lassen. Folgende Orte sind f\u00fcr die Karwoche geplant: Theos am Bontekai, Parkstra\u00dfe 16, Marinemuseum, Kaiser Wilhelm Br\u00fccke, Kirche, Kunsthalle und die alten Minenlagerh\u00e4user. Im letzten Jahr z\u00e4hlten die Organisatoren um die beiden Pastoren Busemann und Morgenstern noch einmal mehr Besuchende. 1298 Besuchende verteilten sich auf die sieben Orte der Passionspunkte. Auch in diesem Jahr hat jeder Passionspunkt seinen ganz besonderen Charme. Viele Geschichten warten darauf, erz\u00e4hlt zu werden.<\/p>\n<p>Zum ersten Mal werden in diesem Jahr kurzfristig Stra\u00dfen gesperrt, weil Passionspunkte dort viele Menschen zusammenf\u00fchren werden (KW Br\u00fccke und Passionspunkte). \u00dcberhaupt hat in diesem Jahr die Zusammenarbeit auch mit st\u00e4dtischen Vertretern eine neue Dimension bekommen. So treten Ulrich R\u00e4cker-Wellnitz und Oliver Leinert als Fachleute auf und an drei Stellen w\u00e4re ohne die Unterst\u00fctzung der Stadt der Passionspunkt nicht m\u00f6glich. Ebenfalls zum ersten Mal werden Schauspieler einen Passionspunkt theatral bereichern.<\/p>\n<p>Eine feste musikalische und inhaltliche Ordnung f\u00fcr die Passionspunkte f\u00fchrt Fans oder Neuinteressierte durch die kurze Andacht.<\/p>\n<p>Alle Interessierten sind herzlich eingeladen, sich auf diesen Weg durch die Geschichte der Stadt und die Geschichte Jesu einzulassen.<\/p>\n","protected":false},"excerpt":{"rendered":"<p>Mittwoch, 12. April: &#8220;Auf dem Scheitelpunkt&#8221; Auf dem Scheitelpunkttrifft sich die Gemeinde der Passionspunkte am Mittwoch. Auf dem Scheitelpunkt der sogenannten Karwoche aber auch auf dem Scheitelpunkt der Stadt zwischen Wohnen und Industrie, zwischen Kultur und Stadt. Stadtbaurat Oliver Leinert blickt auf die bauliche Entwicklung der Stadt und des gro\u00dfen Hafens, Frank Morgenstern greift in diesem besonderen Passionspunkt mit weitem Blick die Passionsgeschichte auf. F\u00fcr musikalische Akzente sorgt das Trio Simon Kasper, J\u00f6rdis W\u00f6lk und Emanuel Jessel. Vom 9. bis 15. April finden wieder die Passionspunkte statt. Jeweils um 18 Uhr verl\u00e4sst die Gemeinde der Christus- und Garnisonkirche die Kirche&#8230;<\/p>\n","protected":false},"author":1,"featured_media":6081,"template":"","meta":{"_tribe_events_status":"","_tribe_events_status_reason":"","footnotes":""},"tags":[],"tribe_events_cat":[39,29],"class_list":["post-6390","tribe_events","type-tribe_events","status-publish","has-post-thumbnail","hentry","tribe_events_cat-gottesdienst","tribe_events_cat-veranstaltung","cat_gottesdienst","cat_veranstaltung"],"_links":{"self":[{"href":"https:\/\/christusnews.de\/site\/wp-json\/wp\/v2\/tribe_events\/6390","targetHints":{"allow":["GET"]}}],"collection":[{"href":"https:\/\/christusnews.de\/site\/wp-json\/wp\/v2\/tribe_events"}],"about":[{"href":"https:\/\/christusnews.de\/site\/wp-json\/wp\/v2\/types\/tribe_events"}],"author":[{"embeddable":true,"href":"https:\/\/christusnews.de\/site\/wp-json\/wp\/v2\/users\/1"}],"version-history":[{"count":1,"href":"https:\/\/christusnews.de\/site\/wp-json\/wp\/v2\/tribe_events\/6390\/revisions"}],"predecessor-version":[{"id":6391,"href":"https:\/\/christusnews.de\/site\/wp-json\/wp\/v2\/tribe_events\/6390\/revisions\/6391"}],"wp:featuredmedia":[{"embeddable":true,"href":"https:\/\/christusnews.de\/site\/wp-json\/wp\/v2\/media\/6081"}],"wp:attachment":[{"href":"https:\/\/christusnews.de\/site\/wp-json\/wp\/v2\/media?parent=6390"}],"wp:term":[{"taxonomy":"post_tag","embeddable":true,"href":"https:\/\/christusnews.de\/site\/wp-json\/wp\/v2\/tags?post=6390"},{"taxonomy":"tribe_events_cat","embeddable":true,"href":"https:\/\/christusnews.de\/site\/wp-json\/wp\/v2\/tribe_events_cat?post=6390"}],"curies":[{"name":"wp","href":"https:\/\/api.w.org\/{rel}","templated":true}]}}