{"id":6396,"date":"2017-04-10T21:11:14","date_gmt":"2017-04-10T19:11:14","guid":{"rendered":"http:\/\/christusnews.de\/site\/?post_type=tribe_events&#038;p=6396"},"modified":"2017-04-10T21:16:55","modified_gmt":"2017-04-10T19:16:55","slug":"passionspunkt-am-karsamstag-anfang-oder-ende","status":"publish","type":"tribe_events","link":"https:\/\/christusnews.de\/site\/event\/passionspunkt-am-karsamstag-anfang-oder-ende\/","title":{"rendered":"Passionspunkt am Karsamstag: \u201eAnfang oder Ende?\u201c"},"content":{"rendered":"<p>Die Passionspunkte 2017 enden in den ehemaligen Minenlagerh\u00e4usern. Vor einiger Zeit hat die Stadt die Geb\u00e4ude erworben und ist nun offen und bereit f\u00fcr neue Wege. Wie wird es weitergeht? Eine der letzten Bestimmungen des Hauses war die Nutzung als Kleiderkammer, auch dies eine sch\u00f6ne Verbindung f\u00fcr m\u00f6gliche Interpretationen. Ralph Ehlers (Baukultur WHV) wird die Geschichte des Hauses in den Blick nehmen und Bernhard Busemann wird zwischen Ende und Anfang, an der Schaltstelle zwischen Passion und Ostern die Passionspunkte beschlie\u00dfen. Musikalisch wird der Vibraphonist Hauke Renken den Ort interpretieren.<\/p>\n<p>Vom 9. bis 15. April finden wieder die Passionspunkte statt. Jeweils um 18 Uhr verl\u00e4sst die Gemeinde der Christus- und Garnisonkirche die Kirche und feiert sogenannte Passionspunkte an wunden Punkten in der S\u00fcd- und Innenstadt.<\/p>\n<p><a href=\"http:\/\/christusnews.de\/site\/wp-content\/uploads\/Bildschirmfoto-2017-03-01-um-10.38.35-1.png\"><img loading=\"lazy\" decoding=\"async\" class=\"alignright size-medium wp-image-6093\" src=\"http:\/\/christusnews.de\/site\/wp-content\/uploads\/Bildschirmfoto-2017-03-01-um-10.38.35-1-300x145.png\" alt=\"\" width=\"300\" height=\"145\" srcset=\"https:\/\/christusnews.de\/site\/wp-content\/uploads\/Bildschirmfoto-2017-03-01-um-10.38.35-1-300x145.png 300w, https:\/\/christusnews.de\/site\/wp-content\/uploads\/Bildschirmfoto-2017-03-01-um-10.38.35-1-768x371.png 768w, https:\/\/christusnews.de\/site\/wp-content\/uploads\/Bildschirmfoto-2017-03-01-um-10.38.35-1-1024x495.png 1024w, https:\/\/christusnews.de\/site\/wp-content\/uploads\/Bildschirmfoto-2017-03-01-um-10.38.35-1.png 1065w\" sizes=\"auto, (max-width: 300px) 100vw, 300px\" \/><\/a>35 Minuten lang werden Fachleute, MusikerInnen, LektorInnen und TheologInnen den Ort im Kontext der Passionsgeschichte Jesu beleuchten. F\u00fcr dieses Jahr sind wieder eindr\u00fcckliche Orte gefunden worden, die sowohl die Stadtgeschichte als auch die Geschichte Jesu in neuem und anderem Licht erscheinen lassen. Folgende Orte sind f\u00fcr die Karwoche geplant: Theos am Bontekai, Parkstra\u00dfe 16, Marinemuseum, Kaiser Wilhelm Br\u00fccke, Kirche, Kunsthalle und die alten Minenlagerh\u00e4user. Im letzten Jahr z\u00e4hlten die Organisatoren um die beiden Pastoren Busemann und Morgenstern noch einmal mehr Besuchende. 1298 Besuchende verteilten sich auf die sieben Orte der Passionspunkte. Auch in diesem Jahr hat jeder Passionspunkt seinen ganz besonderen Charme. Viele Geschichten warten darauf, erz\u00e4hlt zu werden.<\/p>\n<p>Zum ersten Mal werden in diesem Jahr kurzfristig Stra\u00dfen gesperrt, weil Passionspunkte dort viele Menschen zusammenf\u00fchren werden (KW Br\u00fccke und Passionspunkte). \u00dcberhaupt hat in diesem Jahr die Zusammenarbeit auch mit st\u00e4dtischen Vertretern eine neue Dimension bekommen. So treten Ulrich R\u00e4cker-Wellnitz und Oliver Leinert als Fachleute auf und an drei Stellen w\u00e4re ohne die Unterst\u00fctzung der Stadt der Passionspunkt nicht m\u00f6glich. Ebenfalls zum ersten Mal werden Schauspieler einen Passionspunkt theatral bereichern.<\/p>\n<p>Eine feste musikalische und inhaltliche Ordnung f\u00fcr die Passionspunkte f\u00fchrt Fans oder Neuinteressierte durch die kurze Andacht.<\/p>\n<p>Alle Interessierten sind herzlich eingeladen, sich auf diesen Weg durch die Geschichte der Stadt und die Geschichte Jesu einzulassen.<\/p>\n<p>&nbsp;<\/p>\n","protected":false},"excerpt":{"rendered":"<p>Die Passionspunkte 2017 enden in den ehemaligen Minenlagerh\u00e4usern. Vor einiger Zeit hat die Stadt die Geb\u00e4ude erworben und ist nun offen und bereit f\u00fcr neue Wege. Wie wird es weitergeht? Eine der letzten Bestimmungen des Hauses war die Nutzung als Kleiderkammer, auch dies eine sch\u00f6ne Verbindung f\u00fcr m\u00f6gliche Interpretationen. Ralph Ehlers (Baukultur WHV) wird die Geschichte des Hauses in den Blick nehmen und Bernhard Busemann wird zwischen Ende und Anfang, an der Schaltstelle zwischen Passion und Ostern die Passionspunkte beschlie\u00dfen. Musikalisch wird der Vibraphonist Hauke Renken den Ort interpretieren. Vom 9. bis 15. April finden wieder die Passionspunkte statt. Jeweils&#8230;<\/p>\n","protected":false},"author":1,"featured_media":6081,"template":"","meta":{"_tribe_events_status":"","_tribe_events_status_reason":"","footnotes":""},"tags":[],"tribe_events_cat":[30,39,29],"class_list":["post-6396","tribe_events","type-tribe_events","status-publish","has-post-thumbnail","hentry","tribe_events_cat-citykirche","tribe_events_cat-gottesdienst","tribe_events_cat-veranstaltung","cat_citykirche","cat_gottesdienst","cat_veranstaltung"],"_links":{"self":[{"href":"https:\/\/christusnews.de\/site\/wp-json\/wp\/v2\/tribe_events\/6396","targetHints":{"allow":["GET"]}}],"collection":[{"href":"https:\/\/christusnews.de\/site\/wp-json\/wp\/v2\/tribe_events"}],"about":[{"href":"https:\/\/christusnews.de\/site\/wp-json\/wp\/v2\/types\/tribe_events"}],"author":[{"embeddable":true,"href":"https:\/\/christusnews.de\/site\/wp-json\/wp\/v2\/users\/1"}],"version-history":[{"count":1,"href":"https:\/\/christusnews.de\/site\/wp-json\/wp\/v2\/tribe_events\/6396\/revisions"}],"predecessor-version":[{"id":6397,"href":"https:\/\/christusnews.de\/site\/wp-json\/wp\/v2\/tribe_events\/6396\/revisions\/6397"}],"wp:featuredmedia":[{"embeddable":true,"href":"https:\/\/christusnews.de\/site\/wp-json\/wp\/v2\/media\/6081"}],"wp:attachment":[{"href":"https:\/\/christusnews.de\/site\/wp-json\/wp\/v2\/media?parent=6396"}],"wp:term":[{"taxonomy":"post_tag","embeddable":true,"href":"https:\/\/christusnews.de\/site\/wp-json\/wp\/v2\/tags?post=6396"},{"taxonomy":"tribe_events_cat","embeddable":true,"href":"https:\/\/christusnews.de\/site\/wp-json\/wp\/v2\/tribe_events_cat?post=6396"}],"curies":[{"name":"wp","href":"https:\/\/api.w.org\/{rel}","templated":true}]}}